{"id":545,"date":"2021-11-04T11:48:15","date_gmt":"2021-11-04T10:48:15","guid":{"rendered":"https:\/\/icon.kiobus.org\/edu\/edicion2023\/?page_id=545"},"modified":"2023-03-29T19:39:30","modified_gmt":"2023-03-29T17:39:30","slug":"tematicas","status":"publish","type":"page","link":"https:\/\/icon.kiobus.org\/edu\/edicion2023\/tematicas\/","title":{"rendered":"Tem\u00e1ticas"},"content":{"rendered":"<p>[et_pb_section fb_built=\u00bb1&#8243; fullwidth=\u00bbon\u00bb _builder_version=\u00bb4.14.6&#8243; sticky_position=\u00bbtop\u00bb collapsed=\u00bboff\u00bb global_colors_info=\u00bb{}\u00bb][et_pb_fullwidth_menu active_link_color=\u00bb#e02b20&#8243; dropdown_menu_line_color=\u00bb#e02b20&#8243; disabled_on=\u00bbon|on|off\u00bb _builder_version=\u00bb4.14.6&#8243; menu_font=\u00bb||||||||\u00bb menu_text_color=\u00bb#000000&#8243; menu_font_size=\u00bb17px\u00bb global_colors_info=\u00bb{}\u00bb][\/et_pb_fullwidth_menu][\/et_pb_section][et_pb_section fb_built=\u00bb1&#8243; admin_label=\u00bbSecci\u00f3n TEM\u00c1TICAS\u00bb _builder_version=\u00bb4.14.6&#8243; background_color=\u00bb#ED5550&#8243; custom_padding=\u00bb0|0px|0|0px|false|false\u00bb collapsed=\u00bbon\u00bb global_colors_info=\u00bb{}\u00bb][et_pb_row _builder_version=\u00bb3.25&#8243; global_colors_info=\u00bb{}\u00bb][et_pb_column type=\u00bb4_4&#8243; _builder_version=\u00bb3.25&#8243; custom_padding=\u00bb|||\u00bb global_colors_info=\u00bb{}\u00bb custom_padding__hover=\u00bb|||\u00bb][et_pb_text _builder_version=\u00bb4.0.11&#8243; text_font=\u00bb||||||||\u00bb header_font=\u00bb||||||||\u00bb header_text_align=\u00bbcenter\u00bb header_text_color=\u00bb#FFFFFF\u00bb global_colors_info=\u00bb{}\u00bb]<\/p>\n<h1 style=\"text-align: center;\">TEM\u00c1TICAS<\/h1>\n<p>[\/et_pb_text][\/et_pb_column][\/et_pb_row][\/et_pb_section][et_pb_section fb_built=\u00bb1&#8243; fullwidth=\u00bbon\u00bb _builder_version=\u00bb4.14.6&#8243; custom_margin=\u00bb1px||||false|false\u00bb global_colors_info=\u00bb{}\u00bb][et_pb_fullwidth_header title=\u00bbCONSIDERACIONES GENERALES\u00bb _builder_version=\u00bb4.14.6&#8243; background_color=\u00bbrgba(0,153,167,0.17)\u00bb background_layout=\u00bblight\u00bb custom_padding=\u00bb33px||33px||false|false\u00bb border_width_top=\u00bb7px\u00bb border_color_top=\u00bb#ed5550&#8243; border_width_bottom=\u00bb2px\u00bb border_color_bottom=\u00bb#ed5550&#8243; global_colors_info=\u00bb{}\u00bb]<\/p>\n<p>Las aportaciones a ICON-EDU 2023 versar\u00e1n sobre cualquier tema educativo que aborde alguno de los siguientes aspectos generales:<\/p>\n<ul>\n<li><strong>Experiencias<\/strong> educativas innovadoras y buenas pr\u00e1cticas.<\/li>\n<li><strong>Investigaciones<\/strong>\u00a0aplicadas en contextos educativos.<\/li>\n<li><strong>Revisiones<\/strong> bibliogr\u00e1ficas en sus diversas variantes sobre temas educativos.<\/li>\n<li><strong>Textos te\u00f3ricos <\/strong>referidos al\u00a0estado del arte fundamentado\u00a0y actualizado<strong>\u00a0<\/strong>cient\u00edficamente.<\/li>\n<\/ul>\n<p>Podr\u00e1n versar sobre cualquier nivel educativo (Educaci\u00f3n Infantil, Primaria, Secundaria, Educaci\u00f3n de personas Adultas, Formaci\u00f3n Profesional, Ense\u00f1anza Superior, etc.).<\/p>\n<p><span style=\"font-size: 15px;\">Podr\u00e1n versar sobre cualquiera\u00a0<\/span><span style=\"font-size: 15px;\">de las \u00e1reas de conocimiento aplicadas a Educaci\u00f3n: Artes y Humanidades, Ciencias, Ciencias de la Salud, Ciencias Sociales y Jur\u00eddicas, e Ingenier\u00eda y Arquitectura.<\/span><\/p>\n<p><span style=\"font-size: 15px;\"><\/span><\/p>\n<p>A continuaci\u00f3n se exponen las diversas tem\u00e1ticas a abordar (si tiene dudas acerca de alg\u00fan tema, p\u00f3ngase en contacto con el Comit\u00e9 Organizador).<\/p>\n<p>[\/et_pb_fullwidth_header][\/et_pb_section][et_pb_section fb_built=\u00bb1&#8243; _builder_version=\u00bb4.14.6&#8243; custom_margin=\u00bb0px||||false|false\u00bb custom_padding=\u00bb0px||||false|false\u00bb collapsed=\u00bbon\u00bb global_colors_info=\u00bb{}\u00bb][et_pb_row column_structure=\u00bb1_3,1_3,1_3&#8243; _builder_version=\u00bb4.14.6&#8243; _module_preset=\u00bbdefault\u00bb global_colors_info=\u00bb{}\u00bb][et_pb_column type=\u00bb1_3&#8243; _builder_version=\u00bb4.14.6&#8243; _module_preset=\u00bbdefault\u00bb global_colors_info=\u00bb{}\u00bb][et_pb_text _builder_version=\u00bb4.14.6&#8243; _module_preset=\u00bbdefault\u00bb background_color=\u00bbrgba(0,153,167,0.17)\u00bb custom_padding=\u00bb17px|17px|17px|17px|false|false\u00bb border_width_top=\u00bb7px\u00bb border_color_top=\u00bb#ed5550&#8243; border_width_bottom=\u00bb3px\u00bb border_color_bottom=\u00bb#ed5550&#8243; global_colors_info=\u00bb{}\u00bb]<\/p>\n<h3 style=\"text-align: center;\">Educaci\u00f3n y Tecnolog\u00eda Digital<\/h3>\n<ul>\n<li>Alfabetizaci\u00f3n audiovisual<\/li>\n<li>Aplicaciones 3D<\/li>\n<li>Apps educativas<\/li>\n<li>Aprendizaje\u00a0m\u00f3vil<\/li>\n<li>Blockchain<\/li>\n<li>Computaci\u00f3n en la nube<\/li>\n<li>Cursos Masivos en L\u00ednea Abiertos (MOOC)<\/li>\n<li>Chatboots<\/li>\n<li>E-learning, blended-learning<\/li>\n<li>Ense\u00f1anzas no presenciales e h\u00edbridas<\/li>\n<li>Entornos virtuales<\/li>\n<li>ePortfolios<\/li>\n<li>Gamificaci\u00f3n<\/li>\n<li>Inteligencia Artificial<\/li>\n<li>Laboratorios virtuales \/ en l\u00ednea<\/li>\n<li>Los medios y la comunicaci\u00f3n<\/li>\n<li>Nanocursos online<\/li>\n<li>Pensamiento computacional<\/li>\n<li>Plataformas educativas<\/li>\n<li>Realidad aumentada<\/li>\n<li>Redes sociales<\/li>\n<li>Repositorios y bibliotecas digitales<\/li>\n<li>Sistemas de gesti\u00f3n de aprendizaje (LMS)<\/li>\n<li>Software educativo<\/li>\n<li>Tecnolog\u00eda y metodolog\u00eda<\/li>\n<li>Videojuegos<\/li>\n<\/ul>\n<p>[\/et_pb_text][et_pb_text _builder_version=\u00bb4.14.6&#8243; _module_preset=\u00bbdefault\u00bb background_color=\u00bbrgba(0,153,167,0.17)\u00bb custom_padding=\u00bb17px|17px|17px|17px|false|false\u00bb border_width_top=\u00bb7px\u00bb border_color_top=\u00bb#ed5550&#8243; border_width_bottom=\u00bb3px\u00bb border_color_bottom=\u00bb#ed5550&#8243; global_colors_info=\u00bb{}\u00bb]<\/p>\n<h3 style=\"text-align: center;\"><strong>Educaci\u00f3n inclusiva<\/strong><\/h3>\n<ul>\n<li>Atenci\u00f3n a las personas con discapacidad<\/li>\n<li>Justicia social y educaci\u00f3n intercultural<\/li>\n<li>Ni\u00f1os y j\u00f3venes en riesgo de exclusi\u00f3n<\/li>\n<li>Perspectiva de g\u00e9nero<\/li>\n<li>Tecnolog\u00eda educativa y educaci\u00f3n inclusiva<\/li>\n<\/ul>\n<p>[\/et_pb_text][et_pb_text _builder_version=\u00bb4.14.6&#8243; _module_preset=\u00bbdefault\u00bb background_color=\u00bbrgba(0,153,167,0.17)\u00bb custom_padding=\u00bb17px|17px|17px|17px|false|false\u00bb border_width_top=\u00bb7px\u00bb border_color_top=\u00bb#ed5550&#8243; border_width_bottom=\u00bb3px\u00bb border_color_bottom=\u00bb#ed5550&#8243; global_colors_info=\u00bb{}\u00bb]<\/p>\n<h3 style=\"text-align: center;\"><strong>Experiencias educativas innovadoras<\/strong><\/h3>\n<ul>\n<li>Competencias curriculares y competencias transversales<\/li>\n<li>Educaci\u00f3n y STEM<\/li>\n<li>El rol del docente<\/li>\n<li>Entornos innovadores de aprendizaje<\/li>\n<li>Evaluaci\u00f3n<\/li>\n<li>Experiencias en torno a colectivos y comunidades<\/li>\n<li>Mejora del aprendizaje<\/li>\n<li>Metodolog\u00edas activas en el aula<\/li>\n<li>Recursos TIC innovadores<\/li>\n<li>Tutorizaci\u00f3n, etc.<\/li>\n<\/ul>\n<p>[\/et_pb_text][et_pb_text _builder_version=\u00bb4.14.6&#8243; _module_preset=\u00bbdefault\u00bb background_color=\u00bbrgba(0,153,167,0.17)\u00bb custom_padding=\u00bb17px|17px|17px|17px|false|false\u00bb border_width_top=\u00bb7px\u00bb border_color_top=\u00bb#ed5550&#8243; border_width_bottom=\u00bb3px\u00bb border_color_bottom=\u00bb#ed5550&#8243; global_colors_info=\u00bb{}\u00bb]<\/p>\n<h3 style=\"text-align: center;\"><strong>Educaci\u00f3n y Ciencias del Comportamiento<\/strong><\/h3>\n<ul>\n<li><span>Mejora del aprendizaje<\/span><\/li>\n<li>Personalidad, Evaluaci\u00f3n y Tratamiento\u00a0<span style=\"font-size: 15px;\">Psicol\u00f3gico<\/span><\/li>\n<li><span style=\"font-size: 15px;\">Psicobiolog\u00eda<\/span><\/li>\n<li><span style=\"font-size: 15px;\"><\/span><span style=\"font-size: 15px;\">Psicolog\u00eda B\u00e1sica<\/span><\/li>\n<li><span style=\"font-size: 15px;\"><\/span><span style=\"font-size: 15px;\">Psicolog\u00eda Evolutiva y de la Educaci\u00f3n<\/span><\/li>\n<li><span style=\"font-size: 15px;\"><\/span><span style=\"font-size: 15px;\">Psicolog\u00eda Social\u200b, etc.<\/span><\/li>\n<\/ul>\n<p>[\/et_pb_text][et_pb_text _builder_version=\u00bb4.14.6&#8243; _module_preset=\u00bbdefault\u00bb background_color=\u00bbrgba(0,153,167,0.17)\u00bb custom_padding=\u00bb17px|17px|17px|17px|false|false\u00bb border_width_top=\u00bb7px\u00bb border_color_top=\u00bb#ed5550&#8243; border_width_bottom=\u00bb3px\u00bb border_color_bottom=\u00bb#ed5550&#8243; global_colors_info=\u00bb{}\u00bb]<\/p>\n<h3 style=\"text-align: center;\">Educaci\u00f3n y Humanidades<\/h3>\n<ul>\n<li>\u200bArte<\/li>\n<li>Filolog\u00eda\u200b\u200b<\/li>\n<li>Filosof\u00eda\u200b<\/li>\n<li>Geograf\u00eda<\/li>\n<li>Historia\u200b<\/li>\n<li>Ling\u00fc\u00edstica<\/li>\n<li>Literatura<\/li>\n<\/ul>\n<p>[\/et_pb_text][et_pb_text _builder_version=\u00bb4.14.6&#8243; _module_preset=\u00bbdefault\u00bb background_color=\u00bbrgba(0,153,167,0.17)\u00bb custom_padding=\u00bb17px|17px|17px|17px|false|false\u00bb hover_enabled=\u00bb0&#8243; border_width_top=\u00bb7px\u00bb border_color_top=\u00bb#ed5550&#8243; border_width_bottom=\u00bb3px\u00bb border_color_bottom=\u00bb#ed5550&#8243; global_colors_info=\u00bb{}\u00bb sticky_enabled=\u00bb0&#8243;]<\/p>\n<h3 style=\"text-align: center;\">Educaci\u00f3n y Ciencias de la Actividad F\u00edsica y el Deporte<\/h3>\n<ul>\n<li><span>Conocimiento y cuerpo<\/span><\/li>\n<li><span>Fundamentos y funciones de la motricidad humana<\/span><\/li>\n<li><span>Entrenamiento deportivo<\/span><\/li>\n<li><span>Aspectos psicol\u00f3gicos, sociales y mec\u00e1nicos del ejercicio f\u00edsico<\/span><\/li>\n<li><span>Aplicaci\u00f3n de las tecnolog\u00edas digitales en el deporte<\/span><\/li>\n<\/ul>\n<p>[\/et_pb_text][\/et_pb_column][et_pb_column type=\u00bb1_3&#8243; _builder_version=\u00bb4.14.6&#8243; _module_preset=\u00bbdefault\u00bb global_colors_info=\u00bb{}\u00bb][et_pb_text _builder_version=\u00bb4.14.6&#8243; _module_preset=\u00bbdefault\u00bb background_color=\u00bbrgba(0,153,167,0.17)\u00bb custom_padding=\u00bb17px|17px|17px|17px|false|false\u00bb border_width_top=\u00bb7px\u00bb border_color_top=\u00bb#ed5550&#8243; border_width_bottom=\u00bb3px\u00bb border_color_bottom=\u00bb#ed5550&#8243; global_colors_info=\u00bb{}\u00bb]<\/p>\n<h3 style=\"text-align: center;\"><strong>Educaci\u00f3n Superior<\/strong><\/h3>\n<ul>\n<li>Acreditaciones<o:p><\/o:p><\/li>\n<li><span style=\"font-size: 11.5pt;\">Recursos educativos en la Ense\u00f1anza Superior<\/span><o:p><\/o:p><\/li>\n<li><span style=\"font-size: 11.5pt;\">Colaboraci\u00f3n en investigaci\u00f3n<\/span><o:p><\/o:p><\/li>\n<li>Coordinaci\u00f3n en Ense\u00f1anza Superior<o:p><\/o:p><\/li>\n<li>ERASMUS y educaci\u00f3n<o:p><\/o:p><\/li>\n<li>Ense\u00f1anza y aprendizaje en el aula universitaria<o:p><\/o:p><\/li>\n<li><span style=\"font-size: 11.5pt;\">Mejora de la calidad docente en asignaturas o cursos espec\u00edficos<\/span><o:p><\/o:p><\/li>\n<li>Mejora de la calidad en titulaciones<o:p><\/o:p><\/li>\n<li><span style=\"font-size: 11.5pt;\">Orientaci\u00f3n, inclusi\u00f3n y acceso a la Universidad<\/span><o:p><\/o:p><\/li>\n<li>Universidades virtuales<o:p><\/o:p><\/li>\n<li>Formaci\u00f3n en Conservatorios y otros Centros Art\u00edsticos, etc.<\/li>\n<\/ul>\n<p>[\/et_pb_text][et_pb_text _builder_version=\u00bb4.14.6&#8243; _module_preset=\u00bbdefault\u00bb background_color=\u00bbrgba(0,153,167,0.17)\u00bb custom_padding=\u00bb17px|17px|17px|17px|false|false\u00bb border_width_top=\u00bb7px\u00bb border_color_top=\u00bb#ed5550&#8243; border_width_bottom=\u00bb3px\u00bb border_color_bottom=\u00bb#ed5550&#8243; global_colors_info=\u00bb{}\u00bb]<\/p>\n<h3 style=\"text-align: center;\"><strong>Formaci\u00f3n del Profesorado<\/strong><\/h3>\n<ul>\n<li>Aprendizaje y desarrollo profesional<o:p><\/o:p><\/li>\n<li>Competencias docentes y formaci\u00f3n del profesorado.<o:p><\/o:p><\/li>\n<li>Formaci\u00f3n inicial del profesorado<o:p><\/o:p><\/li>\n<li>Investigaci\u00f3n sobre la formaci\u00f3n del profesorado<o:p><\/o:p><\/li>\n<li>Liderazgo educativo.<o:p><\/o:p><\/li>\n<li>Plan de estudios, etc.<o:p><\/o:p><\/li>\n<\/ul>\n<p>[\/et_pb_text][et_pb_text _builder_version=\u00bb4.14.6&#8243; _module_preset=\u00bbdefault\u00bb background_color=\u00bbrgba(0,153,167,0.17)\u00bb custom_padding=\u00bb17px|17px|17px|17px|false|false\u00bb border_width_top=\u00bb7px\u00bb border_color_top=\u00bb#ed5550&#8243; border_width_bottom=\u00bb3px\u00bb border_color_bottom=\u00bb#ed5550&#8243; global_colors_info=\u00bb{}\u00bb]<\/p>\n<h3 style=\"text-align: center;\"><strong>Proyectos nacionales e internacionales<\/strong><\/h3>\n<ul>\n<li><span>Cooperaci\u00f3n internacional<\/span><\/li>\n<li><span>Proyectos<span>\u00a0<\/span>dise\u00f1ados para la investigaci\u00f3n<\/span><\/li>\n<li><span>Proyectos y experiencias para la mejora de la educaci\u00f3n<\/span><\/li>\n<li><span style=\"font-size: 15px;\">Resultados y conclusiones de proyectos<\/span><\/li>\n<\/ul>\n<p>[\/et_pb_text][et_pb_text _builder_version=\u00bb4.14.6&#8243; _module_preset=\u00bbdefault\u00bb background_color=\u00bbrgba(0,153,167,0.17)\u00bb custom_padding=\u00bb17px|17px|17px|17px|false|false\u00bb border_width_top=\u00bb7px\u00bb border_color_top=\u00bb#ed5550&#8243; border_width_bottom=\u00bb3px\u00bb border_color_bottom=\u00bb#ed5550&#8243; global_colors_info=\u00bb{}\u00bb]<\/p>\n<h3 style=\"text-align: center;\"><strong>Did\u00e1cticas Espec\u00edficas<\/strong><\/h3>\n<ul>\n<li>Did\u00e1ctica de la Expresi\u00f3n Corporal<\/li>\n<li>Did\u00e1ctica de la Expresi\u00f3n Musical<\/li>\n<li>Did\u00e1ctica de la Expresi\u00f3n Pl\u00e1stica<\/li>\n<li>Did\u00e1ctica de la Lengua y la Literatura<\/li>\n<li>Did\u00e1ctica de las Ciencias Experimentales<\/li>\n<li>Did\u00e1ctica de las Ciencias Sociales<\/li>\n<li>Did\u00e1ctica de las Matem\u00e1ticas<\/li>\n<li>Did\u00e1ctica y Organizaci\u00f3n Escolar<\/li>\n<li>Educaci\u00f3n F\u00edsica y Deportiva,<span style=\"font-size: 15px;\">\u00a0etc.<\/span><\/li>\n<\/ul>\n<p>[\/et_pb_text][et_pb_text _builder_version=\u00bb4.14.6&#8243; _module_preset=\u00bbdefault\u00bb background_color=\u00bbrgba(0,153,167,0.17)\u00bb custom_padding=\u00bb17px|17px|17px|17px|false|false\u00bb border_width_top=\u00bb7px\u00bb border_color_top=\u00bb#ed5550&#8243; border_width_bottom=\u00bb3px\u00bb border_color_bottom=\u00bb#ed5550&#8243; global_colors_info=\u00bb{}\u00bb]<\/p>\n<h3 style=\"text-align: center;\">Educaci\u00f3n y otras Ciencias Sociales<\/h3>\n<p>Ense\u00f1anza y aprendizaje en:<\/p>\n<ul>\n<li>Antropolog\u00eda Social<o:p><\/o:p><\/li>\n<li>Biblioteconom\u00eda y Documentaci\u00f3n<o:p><\/o:p><\/li>\n<li>Ciencia Pol\u00edtica y de la Administraci\u00f3n<o:p><\/o:p><\/li>\n<li>Comunicaci\u00f3n Audiovisual y Publicidad<o:p><\/o:p><\/li>\n<li><span style=\"font-size: 11.5pt;\">Cooperaci\u00f3n internacional<\/span><o:p><\/o:p><\/li>\n<li>Filosof\u00eda Moral<o:p><\/o:p><\/li>\n<li>Historia del Pensamiento y de los Movimientos<o:p><\/o:p><\/li>\n<li>Periodismo<o:p><\/o:p><\/li>\n<li>Sociales y Pol\u00edticos<o:p><\/o:p><\/li>\n<li>Sociolog\u00eda<o:p><\/o:p><\/li>\n<li>Trabajo Social y Servicios Sociales, etc.<\/li>\n<\/ul>\n<p>[\/et_pb_text][et_pb_text _builder_version=\u00bb4.14.6&#8243; _module_preset=\u00bbdefault\u00bb background_color=\u00bbrgba(0,153,167,0.17)\u00bb custom_padding=\u00bb17px|17px|17px|17px|false|false\u00bb border_width_top=\u00bb7px\u00bb border_color_top=\u00bb#ed5550&#8243; border_width_bottom=\u00bb3px\u00bb border_color_bottom=\u00bb#ed5550&#8243; global_colors_info=\u00bb{}\u00bb]<\/p>\n<h3 style=\"text-align: center;\">Investigaci\u00f3n educativa novel<\/h3>\n<p>Esta tem\u00e1tica est\u00e1 dirigida expresamente a participantes noveles tales como alumnado de Grado, de M\u00e1ster y doctorandos que deseen participar aportando una investigaci\u00f3n finalizada o en progreso.<\/p>\n<p>El tema de esta aportaci\u00f3n podr\u00e1 ser cualquiera de los que aparecen en el resto de tem\u00e1ticas.[\/et_pb_text][\/et_pb_column][et_pb_column type=\u00bb1_3&#8243; _builder_version=\u00bb4.14.6&#8243; _module_preset=\u00bbdefault\u00bb global_colors_info=\u00bb{}\u00bb][et_pb_text _builder_version=\u00bb4.14.6&#8243; _module_preset=\u00bbdefault\u00bb background_color=\u00bbrgba(0,153,167,0.17)\u00bb custom_padding=\u00bb17px|17px|17px|17px|false|false\u00bb border_width_top=\u00bb7px\u00bb border_color_top=\u00bb#ed5550&#8243; border_width_bottom=\u00bb3px\u00bb border_color_bottom=\u00bb#ed5550&#8243; global_colors_info=\u00bb{}\u00bb]<\/p>\n<h3 style=\"text-align: center;\"><strong>Educaci\u00f3n no universitaria<\/strong><\/h3>\n<ul>\n<li>Educaci\u00f3n Infantil<\/li>\n<li>Educaci\u00f3n Primaria<\/li>\n<li>Educaci\u00f3n Secundaria<\/li>\n<li>Bachiller<\/li>\n<li>Educaci\u00f3n y formaci\u00f3n profesional (VETNET), Ciclos Formativos, etc.<\/li>\n<\/ul>\n<p>[\/et_pb_text][et_pb_text _builder_version=\u00bb4.14.6&#8243; _module_preset=\u00bbdefault\u00bb background_color=\u00bbrgba(0,153,167,0.17)\u00bb custom_padding=\u00bb17px|17px|17px|17px|false|false\u00bb border_width_top=\u00bb7px\u00bb border_color_top=\u00bb#ed5550&#8243; border_width_bottom=\u00bb3px\u00bb border_color_bottom=\u00bb#ed5550&#8243; global_colors_info=\u00bb{}\u00bb]<\/p>\n<h3 style=\"text-align: center;\"><strong>Educaci\u00f3n y sociedad<\/strong><\/h3>\n<ul>\n<li>\u00a0Asociaciones educativas<\/li>\n<li>Barreras para el aprendizaje<\/li>\n<li>Brecha digital<\/li>\n<li>Calidad y educaci\u00f3n<\/li>\n<li>Ciencia, tecnolog\u00eda y educaci\u00f3n<\/li>\n<li>Comunidades, familias y escolarizaci\u00f3n<\/li>\n<li>Derechos de propiedad intelectual<\/li>\n<li>Econom\u00eda y educaci\u00f3n<\/li>\n<li>Educaci\u00f3n y desarrollo regional<\/li>\n<li>Educaci\u00f3n y globalizaci\u00f3n<\/li>\n<li>Educaci\u00f3n y pol\u00edticas educativas<\/li>\n<li>Entornos no formales e informales de Educaci\u00f3n.<\/li>\n<li>Estudios de Pol\u00edtica y Pol\u00edticas de la Educaci\u00f3n.<\/li>\n<li>\u00c9tica y educaci\u00f3n<\/li>\n<li>Etnograf\u00eda<\/li>\n<li>Impacto del COVID-19 en la Educaci\u00f3n.<\/li>\n<li>Interculturalidad<\/li>\n<li>Los derechos de los ni\u00f1os en la educaci\u00f3n.<\/li>\n<li>Mejora de la educaci\u00f3n y garant\u00eda de calidad<\/li>\n<li>Objetivos de Desarrollo Sostenible<\/li>\n<li>Sociolog\u00edas de la Educaci\u00f3n, etc.<\/li>\n<\/ul>\n<p>[\/et_pb_text][et_pb_text _builder_version=\u00bb4.14.6&#8243; _module_preset=\u00bbdefault\u00bb background_color=\u00bbrgba(0,153,167,0.17)\u00bb custom_padding=\u00bb17px|17px|17px|17px|false|false\u00bb border_width_top=\u00bb7px\u00bb border_color_top=\u00bb#ed5550&#8243; border_width_bottom=\u00bb3px\u00bb border_color_bottom=\u00bb#ed5550&#8243; global_colors_info=\u00bb{}\u00bb]<\/p>\n<h3 style=\"text-align: center;\"><strong>Educaci\u00f3n y \u00c1reas espec\u00edficas<\/strong><\/h3>\n<ul>\n<li>Ense\u00f1anza y aprendizaje en: Artes y Humanidades, Ciencias, Ciencias de la Salud, Ciencias Sociales y Jur\u00eddicas, e Ingenier\u00eda y Arquitectura<\/li>\n<li>Audici\u00f3n y lenguaje<\/li>\n<li>M\u00e9todos de Investigaci\u00f3n y Diagn\u00f3stico en Educaci\u00f3n<\/li>\n<li>Logopedia<\/li>\n<li>Educaci\u00f3n y movimiento<\/li>\n<li>Educaci\u00f3n y Ciencias<\/li>\n<li>Educaci\u00f3n y Ciencias Sociales<\/li>\n<li>Educaci\u00f3n musical<\/li>\n<li>Ense\u00f1anza y aprendizaje de idiomas<\/li>\n<li>Educaci\u00f3n biling\u00fce<\/li>\n<li>Filosof\u00eda de la educaci\u00f3n,<\/li>\n<li>Teor\u00eda e Historia de la Educaci\u00f3n, etc.<\/li>\n<\/ul>\n<p>[\/et_pb_text][et_pb_text _builder_version=\u00bb4.14.6&#8243; _module_preset=\u00bbdefault\u00bb background_color=\u00bbrgba(0,153,167,0.17)\u00bb custom_padding=\u00bb17px|17px|17px|17px|false|false\u00bb hover_enabled=\u00bb0&#8243; border_width_top=\u00bb7px\u00bb border_color_top=\u00bb#ed5550&#8243; border_width_bottom=\u00bb3px\u00bb border_color_bottom=\u00bb#ed5550&#8243; global_colors_info=\u00bb{}\u00bb sticky_enabled=\u00bb0&#8243;]<\/p>\n<h3 style=\"text-align: center;\"><strong>Educaci\u00f3n y Ciencias de la Salud\u00a0<\/strong><\/h3>\n<p>Ense\u00f1anza y aprendizaje en:<\/p>\n<ul>\n<li>Enfermer\u00eda<\/li>\n<li>Farmacia y Tecnolog\u00eda Farmac\u00e9utica<\/li>\n<li>Farmacolog\u00eda<\/li>\n<li>Fisioterapia<\/li>\n<li>Medicina Preventiva y Salud P\u00fablica<\/li>\n<li>Medicina y Cirug\u00eda Animal<\/li>\n<li>Nutrici\u00f3n y Bromatolog\u00eda<\/li>\n<li>Sanidad Animal<\/li>\n<li><span style=\"font-size: 15px;\">\u00d3ptica-optometr\u00eda<\/span><\/li>\n<li><span style=\"font-size: 15px;\"><\/span>Terapia Ocupacional<span style=\"font-size: 15px;\">, etc.<\/span><span style=\"font-size: 15px;\">\u00a0<\/span><\/li>\n<\/ul>\n<p>[\/et_pb_text][et_pb_text _builder_version=\u00bb4.14.6&#8243; _module_preset=\u00bbdefault\u00bb background_color=\u00bbrgba(0,153,167,0.17)\u00bb custom_padding=\u00bb17px|17px|17px|17px|false|false\u00bb border_width_top=\u00bb7px\u00bb border_color_top=\u00bb#ed5550&#8243; border_width_bottom=\u00bb3px\u00bb border_color_bottom=\u00bb#ed5550&#8243; global_colors_info=\u00bb{}\u00bb]<\/p>\n<h3 style=\"text-align: center;\"><strong>\u00a0Temas educativos en general<\/strong><\/h3>\n<ul>\n<li><span style=\"font-size: 15px;\">Bibliotecas y Ciencias de la Informaci\u00f3n<\/span><\/li>\n<li>Did\u00e1ctica y metodolog\u00edas<\/li>\n<li>Dise\u00f1o e innovaci\u00f3n curricular<\/li>\n<li><span style=\"font-size: 15px;\">Educaci\u00f3n en contextos no formales<\/span><\/li>\n<li><span style=\"font-size: 15px;\">Educaci\u00f3n para la salud y el bienestar<\/span><\/li>\n<li>Ense\u00f1anza y aprendizaje en cualquiera de las \u00e1reas del conocimiento: Artes y Humanidades, Ciencias, Ciencias de la Salud, Ciencias Sociales y Jur\u00eddicas, e Ingenier\u00eda y Arquitectura.<\/li>\n<li>Evaluaci\u00f3n, an\u00e1lisis y medici\u00f3n<\/li>\n<li style=\"font-size: 15px;\">Metodolog\u00edas activas<\/li>\n<li>M\u00e9todos de Investigaci\u00f3n y Diagn\u00f3stico en Educaci\u00f3n<\/li>\n<li>ODS<\/li>\n<li>Organizaci\u00f3n y gesti\u00f3n en instituciones educativas<\/li>\n<li>Pedagog\u00eda terap\u00e9utica<\/li>\n<li><span style=\"font-size: 15px;\">Psicopedagog\u00eda<\/span>, etc.<\/li>\n<\/ul>\n<p>[\/et_pb_text][\/et_pb_column][\/et_pb_row][\/et_pb_section][et_pb_section fb_built=\u00bb1&#8243; admin_label=\u00bbSecci\u00f3n DESTINATARIOS\u00bb _builder_version=\u00bb4.14.6&#8243; background_color=\u00bb#ED5550&#8243; custom_margin=\u00bb-54px||-54px\u00bb custom_padding=\u00bb0|0px|50px|0px|false|false\u00bb collapsed=\u00bbon\u00bb global_colors_info=\u00bb{}\u00bb][et_pb_row _builder_version=\u00bb3.25&#8243; global_colors_info=\u00bb{}\u00bb][et_pb_column type=\u00bb4_4&#8243; _builder_version=\u00bb3.25&#8243; custom_padding=\u00bb|||\u00bb global_colors_info=\u00bb{}\u00bb custom_padding__hover=\u00bb|||\u00bb][et_pb_text _builder_version=\u00bb4.0.11&#8243; text_font=\u00bb||||||||\u00bb header_font=\u00bb||||||||\u00bb header_text_align=\u00bbcenter\u00bb header_text_color=\u00bb#FFFFFF\u00bb global_colors_info=\u00bb{}\u00bb]<\/p>\n<h1 style=\"text-align: center;\">DESTINATARIOS<\/h1>\n<p>[\/et_pb_text][\/et_pb_column][\/et_pb_row][\/et_pb_section][et_pb_section fb_built=\u00bb1&#8243; _builder_version=\u00bb4.0.11&#8243; collapsed=\u00bbon\u00bb global_colors_info=\u00bb{}\u00bb][et_pb_row _builder_version=\u00bb3.25&#8243; custom_padding=\u00bb24px|0px|25.4667px|0px|false|false\u00bb global_colors_info=\u00bb{}\u00bb][et_pb_column type=\u00bb4_4&#8243; _builder_version=\u00bb3.25&#8243; custom_padding=\u00bb|||\u00bb global_colors_info=\u00bb{}\u00bb custom_padding__hover=\u00bb|||\u00bb][et_pb_text _builder_version=\u00bb4.0.11&#8243; global_colors_info=\u00bb{}\u00bb]<\/p>\n<ul>\n<li><span>Personal acad\u00e9mico de cualquiera de las \u00e1reas de conocimiento: Artes y Humanidades, Ciencias, Ciencias de la Salud, Ciencias Sociales y Jur\u00eddicas, e Ingenier\u00eda y Arquitectura.<\/span><\/li>\n<li>Profesionales de cualquier nivel educativo:\n<ul>\n<li>Ense\u00f1anza Superior<\/li>\n<li>Ciclos formativos<\/li>\n<li>Educaci\u00f3n Secundaria y Bachiller<\/li>\n<li>Educaci\u00f3n Primaria<\/li>\n<li>Educaci\u00f3n Infantil, etc.<\/li>\n<\/ul>\n<\/li>\n<li>Otros profesionales interesados en alguna de las l\u00edneas tem\u00e1ticas.<\/li>\n<li>Estudiantes universitarios, tanto de grado como de posgrado.<\/li>\n<li>P\u00fablico en general.<\/li>\n<\/ul>\n<p>[\/et_pb_text][\/et_pb_column][\/et_pb_row][\/et_pb_section]<\/p>\n","protected":false},"excerpt":{"rendered":"<p>TEM\u00c1TICASLas aportaciones a ICON-EDU 2023 versar\u00e1n sobre cualquier tema educativo que aborde alguno de los siguientes aspectos generales: Experiencias educativas innovadoras y buenas pr\u00e1cticas. Investigaciones\u00a0aplicadas en contextos educativos. Revisiones bibliogr\u00e1ficas en sus diversas variantes sobre temas educativos. Textos te\u00f3ricos referidos al\u00a0estado del arte fundamentado\u00a0y actualizado\u00a0cient\u00edficamente. Podr\u00e1n versar sobre cualquier nivel educativo (Educaci\u00f3n Infantil, Primaria, Secundaria, [&hellip;]<\/p>\n","protected":false},"author":1,"featured_media":0,"parent":0,"menu_order":0,"comment_status":"closed","ping_status":"closed","template":"","meta":{"_et_pb_use_builder":"on","_et_pb_old_content":"","_et_gb_content_width":"","_mc_calendar":[]},"_links":{"self":[{"href":"https:\/\/icon.kiobus.org\/edu\/edicion2023\/wp-json\/wp\/v2\/pages\/545"}],"collection":[{"href":"https:\/\/icon.kiobus.org\/edu\/edicion2023\/wp-json\/wp\/v2\/pages"}],"about":[{"href":"https:\/\/icon.kiobus.org\/edu\/edicion2023\/wp-json\/wp\/v2\/types\/page"}],"author":[{"embeddable":true,"href":"https:\/\/icon.kiobus.org\/edu\/edicion2023\/wp-json\/wp\/v2\/users\/1"}],"replies":[{"embeddable":true,"href":"https:\/\/icon.kiobus.org\/edu\/edicion2023\/wp-json\/wp\/v2\/comments?post=545"}],"version-history":[{"count":73,"href":"https:\/\/icon.kiobus.org\/edu\/edicion2023\/wp-json\/wp\/v2\/pages\/545\/revisions"}],"predecessor-version":[{"id":4887,"href":"https:\/\/icon.kiobus.org\/edu\/edicion2023\/wp-json\/wp\/v2\/pages\/545\/revisions\/4887"}],"wp:attachment":[{"href":"https:\/\/icon.kiobus.org\/edu\/edicion2023\/wp-json\/wp\/v2\/media?parent=545"}],"curies":[{"name":"wp","href":"https:\/\/api.w.org\/{rel}","templated":true}]}}