{"id":6144,"date":"2023-06-04T07:34:01","date_gmt":"2023-06-04T05:34:01","guid":{"rendered":"https:\/\/icon.kiobus.org\/edu\/edicion2023\/?page_id=6144"},"modified":"2023-06-14T19:45:59","modified_gmt":"2023-06-14T17:45:59","slug":"postcongreso","status":"publish","type":"page","link":"https:\/\/icon.kiobus.org\/edu\/edicion2023\/postcongreso\/","title":{"rendered":"Postcongreso"},"content":{"rendered":"<p>[et_pb_section fb_built=\u00bb1&#8243; fullwidth=\u00bbon\u00bb _builder_version=\u00bb3.22&#8243; custom_margin=\u00bb-81px||\u00bb collapsed=\u00bboff\u00bb global_colors_info=\u00bb{}\u00bb][et_pb_fullwidth_menu active_link_color=\u00bb#a30000&#8243; dropdown_menu_line_color=\u00bb#e02b20&#8243; _builder_version=\u00bb4.14.6&#8243; menu_font=\u00bb||||||||\u00bb menu_text_color=\u00bb#000000&#8243; menu_font_size=\u00bb17px\u00bb global_colors_info=\u00bb{}\u00bb][\/et_pb_fullwidth_menu][\/et_pb_section][et_pb_section fb_built=\u00bb1&#8243; _builder_version=\u00bb4.14.6&#8243; background_color=\u00bb#ED5550&#8243; custom_margin=\u00bb||27px||false|false\u00bb custom_padding=\u00bb0px||0px||false|false\u00bb global_colors_info=\u00bb{}\u00bb][et_pb_row _builder_version=\u00bb3.25&#8243; global_colors_info=\u00bb{}\u00bb][et_pb_column type=\u00bb4_4&#8243; _builder_version=\u00bb3.25&#8243; custom_padding=\u00bb|||\u00bb global_colors_info=\u00bb{}\u00bb custom_padding__hover=\u00bb|||\u00bb][et_pb_text _builder_version=\u00bb4.14.6&#8243; text_font=\u00bb||||||||\u00bb header_font=\u00bb||||||||\u00bb header_text_align=\u00bbcenter\u00bb header_text_color=\u00bb#FFFFFF\u00bb global_colors_info=\u00bb{}\u00bb]<\/p>\n<h1 style=\"text-align: center;\">POSTCONGRESO<\/h1>\n<p>[\/et_pb_text][\/et_pb_column][\/et_pb_row][\/et_pb_section][et_pb_section fb_built=\u00bb1&#8243; _builder_version=\u00bb4.14.6&#8243; _module_preset=\u00bbdefault\u00bb custom_margin=\u00bb0px||0px||false|false\u00bb custom_padding=\u00bb0px||0px||false|false\u00bb global_colors_info=\u00bb{}\u00bb][et_pb_row column_structure=\u00bb1_4,1_4,1_4,1_4&#8243; _builder_version=\u00bb4.14.6&#8243; _module_preset=\u00bbdefault\u00bb custom_margin=\u00bb0px||0px||false|false\u00bb custom_padding=\u00bb0px||0px||false|false\u00bb global_colors_info=\u00bb{}\u00bb][et_pb_column type=\u00bb1_4&#8243; _builder_version=\u00bb4.14.6&#8243; _module_preset=\u00bbdefault\u00bb global_colors_info=\u00bb{}\u00bb][et_pb_button button_url=\u00bb#dossier\u00bb button_text=\u00bbDOSSIER CIENT\u00cdFICO\u00bb button_alignment=\u00bbcenter\u00bb _builder_version=\u00bb4.14.6&#8243; _module_preset=\u00bbdefault\u00bb custom_button=\u00bbon\u00bb button_text_size=\u00bb15px\u00bb button_text_color=\u00bb#FFFFFF\u00bb button_bg_color=\u00bb#ED5550&#8243; button_border_color=\u00bb#ED5550&#8243; button_border_radius=\u00bb10px\u00bb button_font=\u00bb|700|||||||\u00bb global_colors_info=\u00bb{}\u00bb][\/et_pb_button][\/et_pb_column][et_pb_column type=\u00bb1_4&#8243; _builder_version=\u00bb4.14.6&#8243; _module_preset=\u00bbdefault\u00bb global_colors_info=\u00bb{}\u00bb][et_pb_button button_url=\u00bb#actas\u00bb button_text=\u00bbLIBRO DE ACTAS\u00bb button_alignment=\u00bbcenter\u00bb _builder_version=\u00bb4.14.6&#8243; _module_preset=\u00bbdefault\u00bb custom_button=\u00bbon\u00bb button_text_size=\u00bb15px\u00bb button_text_color=\u00bb#FFFFFF\u00bb button_bg_color=\u00bb#ED5550&#8243; button_border_color=\u00bb#ED5550&#8243; button_border_radius=\u00bb10px\u00bb button_font=\u00bb|700|||||||\u00bb global_colors_info=\u00bb{}\u00bb][\/et_pb_button][\/et_pb_column][et_pb_column type=\u00bb1_4&#8243; _builder_version=\u00bb4.14.6&#8243; _module_preset=\u00bbdefault\u00bb global_colors_info=\u00bb{}\u00bb][et_pb_button button_url=\u00bb#fotos\u00bb button_text=\u00bbGALER\u00cdA DE FOTOGRAF\u00cdAS\u00bb button_alignment=\u00bbcenter\u00bb _builder_version=\u00bb4.14.6&#8243; _module_preset=\u00bbdefault\u00bb custom_button=\u00bbon\u00bb button_text_size=\u00bb15px\u00bb button_text_color=\u00bb#FFFFFF\u00bb button_bg_color=\u00bb#ED5550&#8243; button_border_color=\u00bb#ED5550&#8243; button_border_radius=\u00bb10px\u00bb button_font=\u00bb|700|||||||\u00bb global_colors_info=\u00bb{}\u00bb][\/et_pb_button][\/et_pb_column][et_pb_column type=\u00bb1_4&#8243; _builder_version=\u00bb4.14.6&#8243; _module_preset=\u00bbdefault\u00bb global_colors_info=\u00bb{}\u00bb][et_pb_button button_url=\u00bb#prensa\u00bb button_text=\u00bbPRENSA Y COMUNICACI\u00d3N\u00bb button_alignment=\u00bbcenter\u00bb _builder_version=\u00bb4.14.6&#8243; _module_preset=\u00bbdefault\u00bb custom_button=\u00bbon\u00bb button_text_size=\u00bb15px\u00bb button_text_color=\u00bb#FFFFFF\u00bb button_bg_color=\u00bb#ED5550&#8243; button_border_color=\u00bb#ED5550&#8243; button_border_radius=\u00bb10px\u00bb button_font=\u00bb|700|||||||\u00bb global_colors_info=\u00bb{}\u00bb][\/et_pb_button][\/et_pb_column][\/et_pb_row][\/et_pb_section][et_pb_section fb_built=\u00bb1&#8243; _builder_version=\u00bb4.14.6&#8243; _module_preset=\u00bbdefault\u00bb collapsed=\u00bboff\u00bb global_colors_info=\u00bb{}\u00bb][et_pb_row admin_label=\u00bbenlace DOSSIER\u00bb _builder_version=\u00bb4.14.6&#8243; _module_preset=\u00bbdefault\u00bb custom_margin=\u00bb0px||||false|false\u00bb custom_padding=\u00bb0px||||false|false\u00bb global_colors_info=\u00bb{}\u00bb][et_pb_column type=\u00bb4_4&#8243; _builder_version=\u00bb4.14.6&#8243; _module_preset=\u00bbdefault\u00bb global_colors_info=\u00bb{}\u00bb][et_pb_text _builder_version=\u00bb4.14.6&#8243; _module_preset=\u00bbdefault\u00bb global_colors_info=\u00bb{}\u00bb]<a name=\"dossier\"><\/a>[\/et_pb_text][\/et_pb_column][\/et_pb_row][et_pb_row _builder_version=\u00bb4.14.6&#8243; _module_preset=\u00bbdefault\u00bb custom_margin=\u00bb0px||||false|false\u00bb custom_padding=\u00bb0px||||false|false\u00bb global_colors_info=\u00bb{}\u00bb][et_pb_column type=\u00bb4_4&#8243; _builder_version=\u00bb4.14.6&#8243; _module_preset=\u00bbdefault\u00bb global_colors_info=\u00bb{}\u00bb][et_pb_text _builder_version=\u00bb4.14.6&#8243; _module_preset=\u00bbdefault\u00bb background_color=\u00bb#ED5550&#8243; global_colors_info=\u00bb{}\u00bb]<\/p>\n<h3 style=\"text-align: center;\"><span style=\"color: #ffffff;\"><strong>DOSSIER CIENT\u00cdFICO (PROGRAMA COMPLETO)<\/strong><\/span><\/h3>\n<p><strong><\/strong><\/p>\n<p>[\/et_pb_text][\/et_pb_column][\/et_pb_row][et_pb_row column_structure=\u00bb1_2,1_2&#8243; _builder_version=\u00bb4.14.6&#8243; _module_preset=\u00bbdefault\u00bb global_colors_info=\u00bb{}\u00bb][et_pb_column type=\u00bb1_2&#8243; _builder_version=\u00bb4.14.6&#8243; _module_preset=\u00bbdefault\u00bb global_colors_info=\u00bb{}\u00bb][et_pb_image src=\u00bbhttps:\/\/icon.kiobus.org\/edu\/edicion2023\/wp-content\/uploads\/2023\/06\/PC-1.jpg\u00bb title_text=\u00bbPC\u00bb url=\u00bbhttps:\/\/icon.kiobus.org\/edu\/edicion2023\/wp-content\/uploads\/2023\/06\/PROGRAMA_WEB_CONGRES_ICON-edu_2023.pdf\u00bb url_new_window=\u00bbon\u00bb _builder_version=\u00bb4.14.6&#8243; _module_preset=\u00bbdefault\u00bb global_colors_info=\u00bb{}\u00bb][\/et_pb_image][\/et_pb_column][et_pb_column type=\u00bb1_2&#8243; _builder_version=\u00bb4.14.6&#8243; _module_preset=\u00bbdefault\u00bb global_colors_info=\u00bb{}\u00bb][et_pb_text _builder_version=\u00bb4.14.6&#8243; _module_preset=\u00bbdefault\u00bb global_colors_info=\u00bb{}\u00bb]<\/p>\n<p><a href=\"https:\/\/icon.kiobus.org\/edu\/edicion2023\/wp-content\/uploads\/2023\/06\/PROGRAMA_WEB_CONGRES_ICON-edu_2023.pdf\" target=\"_blank\" rel=\"noopener\">PROGRAMA COMPLETO<\/a><\/p>\n<p><span class=\"TextRun SCXW159823258 BCX4\" lang=\"ES-ES\" xml:lang=\"ES-ES\" data-contrast=\"auto\"><span class=\"NormalTextRun SCXW159823258 BCX4\"><span>\u00a0<\/span>En este dossier se recogen los aspectos cient\u00edficos de ICON-edu 2023: <\/span><\/span><\/p>\n<ul>\n<li><span class=\"TextRun SCXW159823258 BCX4\" lang=\"ES-ES\" xml:lang=\"ES-ES\" data-contrast=\"auto\"><span class=\"NormalTextRun SCXW159823258 BCX4\">Comit\u00e9s<\/span><\/span><\/li>\n<li><span class=\"TextRun SCXW159823258 BCX4\" lang=\"ES-ES\" xml:lang=\"ES-ES\" data-contrast=\"auto\"><span class=\"NormalTextRun SCXW159823258 BCX4\">Conferenciantes<\/span><\/span><\/li>\n<li><span class=\"TextRun SCXW159823258 BCX4\" lang=\"ES-ES\" xml:lang=\"ES-ES\" data-contrast=\"auto\"><span class=\"NormalTextRun SCXW159823258 BCX4\">Programa de sesiones<\/span><\/span><\/li>\n<li><span class=\"TextRun SCXW159823258 BCX4\" lang=\"ES-ES\" xml:lang=\"ES-ES\" data-contrast=\"auto\"><span class=\"NormalTextRun SCXW159823258 BCX4\">Listado de ponencias invitadas I+D+i, simposios invitados, comunicaciones y p\u00f3steres presentados.<\/span><\/span><\/li>\n<\/ul>\n<p>&nbsp;<\/p>\n<p>[\/et_pb_text][\/et_pb_column][\/et_pb_row][et_pb_row admin_label=\u00bbenlace ACTAS\u00bb _builder_version=\u00bb4.14.6&#8243; _module_preset=\u00bbdefault\u00bb custom_margin=\u00bb0px||||false|false\u00bb custom_padding=\u00bb0px||||false|false\u00bb global_colors_info=\u00bb{}\u00bb][et_pb_column type=\u00bb4_4&#8243; _builder_version=\u00bb4.14.6&#8243; _module_preset=\u00bbdefault\u00bb global_colors_info=\u00bb{}\u00bb][et_pb_text _builder_version=\u00bb4.14.6&#8243; _module_preset=\u00bbdefault\u00bb global_colors_info=\u00bb{}\u00bb]<a name=\"actas\"><\/a>[\/et_pb_text][\/et_pb_column][\/et_pb_row][et_pb_row _builder_version=\u00bb4.14.6&#8243; _module_preset=\u00bbdefault\u00bb global_colors_info=\u00bb{}\u00bb][et_pb_column type=\u00bb4_4&#8243; _builder_version=\u00bb4.14.6&#8243; _module_preset=\u00bbdefault\u00bb global_colors_info=\u00bb{}\u00bb][et_pb_text _builder_version=\u00bb4.14.6&#8243; _module_preset=\u00bbdefault\u00bb background_color=\u00bb#ED5550&#8243; global_colors_info=\u00bb{}\u00bb]<\/p>\n<h3 style=\"text-align: center;\"><span style=\"color: #ffffff;\"><strong>LIBRO DE ACTAS<\/strong><\/span><\/h3>\n<p><strong><\/strong><\/p>\n<p>[\/et_pb_text][\/et_pb_column][\/et_pb_row][et_pb_row column_structure=\u00bb1_2,1_2&#8243; _builder_version=\u00bb4.14.6&#8243; _module_preset=\u00bbdefault\u00bb global_colors_info=\u00bb{}\u00bb][et_pb_column type=\u00bb1_2&#8243; _builder_version=\u00bb4.14.6&#8243; _module_preset=\u00bbdefault\u00bb global_colors_info=\u00bb{}\u00bb][et_pb_image src=\u00bbhttps:\/\/icon.kiobus.org\/edu\/edicion2023\/wp-content\/uploads\/2023\/06\/octaedro.jpg\u00bb title_text=\u00bboctaedro\u00bb url=\u00bbhttps:\/\/octaedro.com\/producto\/actas-proceedings-actes-2nd-international-congress-education-and-knowledge\/\u00bb url_new_window=\u00bbon\u00bb _builder_version=\u00bb4.14.6&#8243; _module_preset=\u00bbdefault\u00bb global_colors_info=\u00bb{}\u00bb][\/et_pb_image][\/et_pb_column][et_pb_column type=\u00bb1_2&#8243; _builder_version=\u00bb4.14.6&#8243; _module_preset=\u00bbdefault\u00bb global_colors_info=\u00bb{}\u00bb][et_pb_text _builder_version=\u00bb4.14.6&#8243; _module_preset=\u00bbdefault\u00bb global_colors_info=\u00bb{}\u00bb]<\/p>\n<p><a href=\"https:\/\/octaedro.com\/producto\/actas-proceedings-actes-2nd-international-congress-education-and-knowledge\/\" target=\"_blank\" rel=\"noopener\">LIBRO DE ACTAS, Editorial Octaedro<\/a><\/p>\n<p><span class=\"TextRun SCXW159823258 BCX4\" lang=\"ES-ES\" xml:lang=\"ES-ES\" data-contrast=\"auto\"><span class=\"NormalTextRun SCXW159823258 BCX4\"><span>\u00a0<\/span>En este libro se recogen las aportaciones de ICON-<\/span><span class=\"NormalTextRun SCXW159823258 BCX4\">edu<\/span><span class=\"NormalTextRun SCXW159823258 BCX4\"><span>\u00a0<\/span>en su edici\u00f3n de 2023 que han sido finalmente aceptadas despu\u00e9s de un riguroso proceso de evaluaci\u00f3n<span>\u00a0<\/span><\/span><\/span><span class=\"TextRun SCXW159823258 BCX4\" lang=\"ES-ES\" xml:lang=\"ES-ES\" data-contrast=\"auto\"><span class=\"NormalTextRun SpellingErrorV2Themed SCXW159823258 BCX4\">double<\/span><span>\u00a0<\/span><span class=\"NormalTextRun SpellingErrorV2Themed SCXW159823258 BCX4\">blind<\/span><span class=\"NormalTextRun SCXW159823258 BCX4\"><span>\u00a0<\/span>peer<span>\u00a0<\/span><\/span><span class=\"NormalTextRun SpellingErrorV2Themed SCXW159823258 BCX4\">review<\/span><\/span><span class=\"TextRun SCXW159823258 BCX4\" lang=\"ES-ES\" xml:lang=\"ES-ES\" data-contrast=\"auto\"><span class=\"NormalTextRun SCXW159823258 BCX4\"><span>\u00a0<\/span>por parte del Comit\u00e9 Cient\u00edfico a partir de los correspondientes criterios de evaluaci\u00f3n. <\/span><\/span><\/p>\n<p><span class=\"TextRun SCXW159823258 BCX4\" lang=\"ES-ES\" xml:lang=\"ES-ES\" data-contrast=\"auto\"><span class=\"NormalTextRun SCXW159823258 BCX4\">Dichas aportaciones, clasificadas por l\u00edneas tem\u00e1ticas, versan sobre temas educativos en el seno de las diversas \u00e1reas de conocimiento existentes: Artes y Humanidades, Ciencias, Ciencias de la Salud, Ciencias Sociales y Jur\u00eddicas, e Ingenier\u00eda y Arquitectura.<span>\u00a0<\/span><\/span><\/span><\/p>\n<p>[\/et_pb_text][\/et_pb_column][\/et_pb_row][et_pb_row admin_label=\u00bbenlace FOTOS\u00bb _builder_version=\u00bb4.14.6&#8243; _module_preset=\u00bbdefault\u00bb custom_margin=\u00bb0px||||false|false\u00bb custom_padding=\u00bb0px||||false|false\u00bb global_colors_info=\u00bb{}\u00bb][et_pb_column type=\u00bb4_4&#8243; _builder_version=\u00bb4.14.6&#8243; _module_preset=\u00bbdefault\u00bb global_colors_info=\u00bb{}\u00bb][et_pb_text _builder_version=\u00bb4.14.6&#8243; _module_preset=\u00bbdefault\u00bb global_colors_info=\u00bb{}\u00bb]<a name=\"fotos\"><\/a>[\/et_pb_text][\/et_pb_column][\/et_pb_row][et_pb_row _builder_version=\u00bb4.14.6&#8243; _module_preset=\u00bbdefault\u00bb global_colors_info=\u00bb{}\u00bb][et_pb_column type=\u00bb4_4&#8243; _builder_version=\u00bb4.14.6&#8243; _module_preset=\u00bbdefault\u00bb global_colors_info=\u00bb{}\u00bb][et_pb_text _builder_version=\u00bb4.14.6&#8243; _module_preset=\u00bbdefault\u00bb background_color=\u00bb#ED5550&#8243; global_colors_info=\u00bb{}\u00bb]<\/p>\n<h3 style=\"text-align: center;\"><span style=\"color: #ffffff;\"><strong>GALER\u00cdA DE FOTOGRAF\u00cdAS<\/strong><\/span><\/h3>\n<p>[\/et_pb_text][\/et_pb_column][\/et_pb_row][et_pb_row _builder_version=\u00bb4.14.6&#8243; _module_preset=\u00bbdefault\u00bb global_colors_info=\u00bb{}\u00bb][et_pb_column type=\u00bb4_4&#8243; _builder_version=\u00bb4.14.6&#8243; _module_preset=\u00bbdefault\u00bb global_colors_info=\u00bb{}\u00bb][et_pb_text _builder_version=\u00bb4.14.6&#8243; _module_preset=\u00bbdefault\u00bb global_colors_info=\u00bb{}\u00bb]<\/p>\n<p style=\"text-align: center;\"><a href=\"https:\/\/photos.app.goo.gl\/y95YmvpZzQxLARpc8\" target=\"_blank\" rel=\"noopener\"><img loading=\"lazy\" src=\"https:\/\/icon.kiobus.org\/edu\/edicion2023\/wp-content\/uploads\/2023\/06\/IMG-20230601-WA0037-1-300x190.jpg\" width=\"300\" height=\"190\" alt=\"\" class=\"wp-image-6167 alignnone size-medium\" \/><img loading=\"lazy\" src=\"https:\/\/icon.kiobus.org\/edu\/edicion2023\/wp-content\/uploads\/2023\/06\/fotos-300x170.jpg\" width=\"334\" height=\"189\" alt=\"\" class=\"wp-image-6164 alignnone size-medium\" \/><img loading=\"lazy\" src=\"https:\/\/icon.kiobus.org\/edu\/edicion2023\/wp-content\/uploads\/2023\/06\/IMG-20230601-WA0111-300x225.jpg\" width=\"300\" height=\"225\" alt=\"\" class=\"wp-image-6168 alignnone size-medium\" \/><\/a><\/p>\n<p style=\"text-align: center;\">Enlace: <a href=\"https:\/\/photos.app.goo.gl\/y95YmvpZzQxLARpc8\" target=\"_blank\" rel=\"noopener\">https:\/\/photos.app.goo.gl\/y95YmvpZzQxLARpc8<\/a><\/p>\n<p>[\/et_pb_text][\/et_pb_column][\/et_pb_row][et_pb_row admin_label=\u00bbenlace PRENSA\u00bb _builder_version=\u00bb4.14.6&#8243; _module_preset=\u00bbdefault\u00bb custom_margin=\u00bb0px||||false|false\u00bb custom_padding=\u00bb0px||||false|false\u00bb global_colors_info=\u00bb{}\u00bb][et_pb_column type=\u00bb4_4&#8243; _builder_version=\u00bb4.14.6&#8243; _module_preset=\u00bbdefault\u00bb global_colors_info=\u00bb{}\u00bb][et_pb_text _builder_version=\u00bb4.14.6&#8243; _module_preset=\u00bbdefault\u00bb global_colors_info=\u00bb{}\u00bb]<a name=\"prensa\"><\/a>[\/et_pb_text][\/et_pb_column][\/et_pb_row][et_pb_row _builder_version=\u00bb4.14.6&#8243; _module_preset=\u00bbdefault\u00bb hover_enabled=\u00bb0&#8243; global_colors_info=\u00bb{}\u00bb sticky_enabled=\u00bb0&#8243;][et_pb_column type=\u00bb4_4&#8243; _builder_version=\u00bb4.14.6&#8243; _module_preset=\u00bbdefault\u00bb global_colors_info=\u00bb{}\u00bb][et_pb_text _builder_version=\u00bb4.14.6&#8243; _module_preset=\u00bbdefault\u00bb background_color=\u00bb#ED5550&#8243; global_colors_info=\u00bb{}\u00bb]<\/p>\n<h3 style=\"text-align: center;\"><span style=\"color: #ffffff;\"><strong>PRENSA Y COMUNICACI\u00d3N<\/strong><\/span><\/h3>\n<p>[\/et_pb_text][\/et_pb_column][\/et_pb_row][et_pb_row column_structure=\u00bb1_2,1_2&#8243; _builder_version=\u00bb4.14.6&#8243; _module_preset=\u00bbdefault\u00bb global_colors_info=\u00bb{}\u00bb][et_pb_column type=\u00bb1_2&#8243; _builder_version=\u00bb4.14.6&#8243; _module_preset=\u00bbdefault\u00bb global_colors_info=\u00bb{}\u00bb][et_pb_image src=\u00bbhttps:\/\/icon.kiobus.org\/edu\/edicion2023\/wp-content\/uploads\/2023\/06\/VIDEO.jpg\u00bb title_text=\u00bbVIDEO\u00bb url=\u00bbhttps:\/\/www.youtube.com\/watch?v=TuCxdcVwpM4&#8243; url_new_window=\u00bbon\u00bb _builder_version=\u00bb4.14.6&#8243; _module_preset=\u00bbdefault\u00bb global_colors_info=\u00bb{}\u00bb][\/et_pb_image][\/et_pb_column][et_pb_column type=\u00bb1_2&#8243; _builder_version=\u00bb4.14.6&#8243; _module_preset=\u00bbdefault\u00bb global_colors_info=\u00bb{}\u00bb][et_pb_text _builder_version=\u00bb4.14.6&#8243; _module_preset=\u00bbdefault\u00bb global_colors_info=\u00bb{}\u00bb]<\/p>\n<p>AYUNTAMIENTO DE LA NUC\u00cdA, <span>02\/06\/2023\u00a0<\/span><\/p>\n<p>V\u00eddeo informativo sobre la jornada del d\u00eda 2 de junio en la Seu Universit\u00e0ria de La Nuc\u00eda \u00a0del\u00a0II International Congress: Education and Knowledge (ICON-EDU 2023) [II Congreso Internacional: Educaci\u00f3n y Conocimiento]<\/p>\n<p><span><a href=\"https:\/\/www.youtube.com\/watch?v=TuCxdcVwpM4\" target=\"_blank\" rel=\"noopener\" title=\"v\u00eddeo\"><strong>\u00a0[VER V\u00cdDEO]<\/strong><\/a><b><\/b><\/span><\/p>\n<p>[\/et_pb_text][\/et_pb_column][\/et_pb_row][et_pb_row _builder_version=\u00bb4.14.6&#8243; _module_preset=\u00bbdefault\u00bb global_colors_info=\u00bb{}\u00bb][et_pb_column type=\u00bb4_4&#8243; _builder_version=\u00bb4.14.6&#8243; _module_preset=\u00bbdefault\u00bb global_colors_info=\u00bb{}\u00bb][et_pb_divider _builder_version=\u00bb4.14.6&#8243; _module_preset=\u00bbdefault\u00bb global_colors_info=\u00bb{}\u00bb][\/et_pb_divider][\/et_pb_column][\/et_pb_row][et_pb_row column_structure=\u00bb1_2,1_2&#8243; _builder_version=\u00bb4.14.6&#8243; _module_preset=\u00bbdefault\u00bb global_colors_info=\u00bb{}\u00bb][et_pb_column type=\u00bb1_2&#8243; _builder_version=\u00bb4.14.6&#8243; _module_preset=\u00bbdefault\u00bb global_colors_info=\u00bb{}\u00bb][et_pb_image src=\u00bbhttps:\/\/icon.kiobus.org\/edu\/edicion2023\/wp-content\/uploads\/2023\/06\/AU.jpg\u00bb title_text=\u00bbAU\u00bb url=\u00bbhttps:\/\/www.elperiodic.com\/lanucia\/acoge-congreso-internacional-educacion-este-viernes_906079&#8243; url_new_window=\u00bbon\u00bb _builder_version=\u00bb4.14.6&#8243; _module_preset=\u00bbdefault\u00bb global_colors_info=\u00bb{}\u00bb][\/et_pb_image][\/et_pb_column][et_pb_column type=\u00bb1_2&#8243; _builder_version=\u00bb4.14.6&#8243; _module_preset=\u00bbdefault\u00bb global_colors_info=\u00bb{}\u00bb][et_pb_text _builder_version=\u00bb4.14.6&#8243; _module_preset=\u00bbdefault\u00bb global_colors_info=\u00bb{}\u00bb]<\/p>\n<p>ACTUALIDAD UNIVERSITARIA,\u00a0Alicante. Martes, 6 de junio de 2023<\/p>\n<p>La Facultad de Educaci\u00f3n y la<span>\u00a0<\/span><a href=\"https:\/\/web.ua.es\/es\/seus\/lanucia\/sede-universitaria-de-la-nucia.html\">Seu Universit\u00e0ria de La Nuc\u00eda<span>\u00a0<\/span><\/a>han albergado el<span>\u00a0<\/span><a href=\"https:\/\/icon.kiobus.org\/edu\/edicion2023\/\">II Congreso Internacional Educaci\u00f3n y Conocimiento ICON-Edu 2023<\/a><span>\u00a0<\/span>de la Universidad de Alicante con gran \u00e9xito de participaci\u00f3n. Un total de 867 profesores y estudiantes de 205 universidades (148 presenciales y 719 online) han participado en las 460 comunicaciones que han integrado el programa.<\/p>\n<p>El II Congreso, explica el comit\u00e9 organizador, naci\u00f3 como \u00e1gora en la que reflexionar, analizar, exponer, debatir y compartir temas de inter\u00e9s sobre la Educaci\u00f3n vinculada a cualquiera de las ramas del conocimiento. El lema de esta edici\u00f3n \u201cLa educaci\u00f3n como elemento transformador en la sociedad\u201d gu\u00eda un encuentro que ha presentado un programa cient\u00edfico completo estructurado en conferencias plenarias, simposios, comunicaciones y p\u00f3steres, tanto de forma virtual como presencial. ICON pretende realizar una aportaci\u00f3n al conocimiento colectivo de nuestra sociedad<\/p>\n<p><a href=\"https:\/\/web.ua.es\/es\/actualidad-universitaria\/2023\/junio2023\/1-9\/la-ua-reune-a-expertos-en-educacion-de-205-universidades.html\" target=\"_blank\" rel=\"noopener\">[LEER M\u00c1S]<\/a><\/p>\n<p>[\/et_pb_text][\/et_pb_column][\/et_pb_row][et_pb_row _builder_version=\u00bb4.14.6&#8243; _module_preset=\u00bbdefault\u00bb global_colors_info=\u00bb{}\u00bb][et_pb_column type=\u00bb4_4&#8243; _builder_version=\u00bb4.14.6&#8243; _module_preset=\u00bbdefault\u00bb global_colors_info=\u00bb{}\u00bb][et_pb_divider _builder_version=\u00bb4.14.6&#8243; _module_preset=\u00bbdefault\u00bb global_colors_info=\u00bb{}\u00bb][\/et_pb_divider][\/et_pb_column][\/et_pb_row][et_pb_row column_structure=\u00bb1_2,1_2&#8243; _builder_version=\u00bb4.14.6&#8243; _module_preset=\u00bbdefault\u00bb global_colors_info=\u00bb{}\u00bb][et_pb_column type=\u00bb1_2&#8243; _builder_version=\u00bb4.14.6&#8243; _module_preset=\u00bbdefault\u00bb global_colors_info=\u00bb{}\u00bb][et_pb_image src=\u00bbhttps:\/\/icon.kiobus.org\/edu\/edicion2023\/wp-content\/uploads\/2023\/06\/dia2.jpg\u00bb title_text=\u00bbdia2&#8243; url=\u00bbhttp:\/\/www.lanucia.es\/Actualidad\/noticia\/28573-II-Congreso-Internacional-Educacion-finaliza-Seu-La-Nucia\u00bb url_new_window=\u00bbon\u00bb _builder_version=\u00bb4.14.6&#8243; _module_preset=\u00bbdefault\u00bb global_colors_info=\u00bb{}\u00bb][\/et_pb_image][\/et_pb_column][et_pb_column type=\u00bb1_2&#8243; _builder_version=\u00bb4.14.6&#8243; _module_preset=\u00bbdefault\u00bb global_colors_info=\u00bb{}\u00bb][et_pb_text _builder_version=\u00bb4.14.6&#8243; _module_preset=\u00bbdefault\u00bb global_colors_info=\u00bb{}\u00bb]<\/p>\n<p>AYUNTAMIENTO DE LA NUC\u00cdA, <span>02\/06\/2023 &#8211; 13:46:00<\/span><\/p>\n<p>Hoy viernes 2 de junio<span>\u00a0<\/span><b>la<span>\u00a0<\/span><a href=\"https:\/\/web.ua.es\/es\/seus\/lanucia\/sede-universitaria-de-la-nucia.html\" target=\"_blank\" rel=\"noopener\">Seu Universit\u00e0ria de La Nuc\u00eda<span>\u00a0<\/span><\/a>acoge la segunda jornada del<span>\u00a0<\/span><a href=\"https:\/\/icon.kiobus.org\/edu\/edicion2023\/\" target=\"_blank\" rel=\"noopener\">II Congreso Internacional Educaci\u00f3n y Conocimiento ICON-Edu 2023<\/a><span>\u00a0<\/span><\/b>de la<span>\u00a0<\/span><b><a href=\"https:\/\/www.ua.es\/\" target=\"_blank\" rel=\"noopener\">Universidad de Alicante.<\/a><\/b><span>\u00a0<\/span>Este congreso cuenta con 867 participantes (148 presenciales y 719 online) y 460 comunicaciones.<span>\u00a0<\/span><b>Entre los participantes en \u201cInnovaci\u00f3n Educativa\u201d habr\u00e1 tres ponencias nucieras a cargo de<a href=\"https:\/\/academiatenisferrer.com\/\" target=\"_blank\" rel=\"noopener\"><span>\u00a0<\/span>Academia Tenis Ferrer La Nuc\u00eda<\/a>,<span>\u00a0<\/span><a href=\"https:\/\/oasisgaming.es\/\" target=\"_blank\" rel=\"noopener\">Oasis Gaming<\/a><span>\u00a0<\/span>y Gabinete Psicopedag\u00f3gico Municipal.<\/b><\/p>\n<p><span> <b>El\u00a0<a href=\"https:\/\/icon.kiobus.org\/edu\/edicion2023\/\" target=\"_blank\" rel=\"noopener\">II International Congress: Education and Knowledge (ICON-EDU 2023)<\/a><\/b>\u00a0[II Congreso Internacional: Educaci\u00f3n y Conocimiento]<b> nace como \u00e1gora en la que reflexionar, analizar, exponer, debatir y compartir temas de inter\u00e9s sobre la Educaci\u00f3n vinculada a cualquiera de las ramas del conocimiento <a href=\"http:\/\/www.lanucia.es\/Actualidad\/noticia\/28573-II-Congreso-Internacional-Educacion-finaliza-Seu-La-Nucia\" target=\"_blank\" rel=\"noopener\">[LEER M\u00c1S]<\/a><\/b><\/span><\/p>\n<p>[\/et_pb_text][\/et_pb_column][\/et_pb_row][et_pb_row _builder_version=\u00bb4.14.6&#8243; _module_preset=\u00bbdefault\u00bb global_colors_info=\u00bb{}\u00bb][et_pb_column type=\u00bb4_4&#8243; _builder_version=\u00bb4.14.6&#8243; _module_preset=\u00bbdefault\u00bb global_colors_info=\u00bb{}\u00bb][et_pb_divider _builder_version=\u00bb4.14.6&#8243; _module_preset=\u00bbdefault\u00bb global_colors_info=\u00bb{}\u00bb][\/et_pb_divider][\/et_pb_column][\/et_pb_row][et_pb_row column_structure=\u00bb1_2,1_2&#8243; _builder_version=\u00bb4.14.6&#8243; _module_preset=\u00bbdefault\u00bb global_colors_info=\u00bb{}\u00bb][et_pb_column type=\u00bb1_2&#8243; _builder_version=\u00bb4.14.6&#8243; _module_preset=\u00bbdefault\u00bb global_colors_info=\u00bb{}\u00bb][et_pb_image src=\u00bbhttps:\/\/icon.kiobus.org\/edu\/edicion2023\/wp-content\/uploads\/2023\/06\/FICA.jpg\u00bb title_text=\u00bbFICA\u00bb url=\u00bbhttps:\/\/dfc.ua.es\/va\/noticies\/2023\/congres-internacional-educacio-i-coneixement-2023.html\u00bb url_new_window=\u00bbon\u00bb _builder_version=\u00bb4.14.6&#8243; _module_preset=\u00bbdefault\u00bb global_colors_info=\u00bb{}\u00bb][\/et_pb_image][\/et_pb_column][et_pb_column type=\u00bb1_2&#8243; _builder_version=\u00bb4.14.6&#8243; _module_preset=\u00bbdefault\u00bb global_colors_info=\u00bb{}\u00bb][et_pb_text _builder_version=\u00bb4.14.6&#8243; _module_preset=\u00bbdefault\u00bb global_colors_info=\u00bb{}\u00bb]<\/p>\n<p>DPT. FILOLOGIA CATALANA, UNIVERSIDAD DE ALICANTE<\/p>\n<p>Els dies 1-2 de juny de 2023 se celebra el<span>\u00a0<\/span><strong><em>Congr\u00e9s Internacional Educaci\u00f3 i Coneixement \/ International Congress Education and Knowledge \/ Congreso Internacional Educaci\u00f3n y Conocimiento 2023<span>\u00a0<\/span><\/em>[ICON-2023].<\/strong><\/p>\n<ul>\n<li><strong>1 de juny, Facultat d\u2019Educaci\u00f3 de la Unviersitat d\u2019Alacant<\/strong><\/li>\n<li><strong>2 de juny, Seu Universit\u00e0ria de la Nucia (UA)<\/strong><\/li>\n<\/ul>\n<p><a href=\"https:\/\/dfc.ua.es\/va\/noticies\/2023\/congres-internacional-educacio-i-coneixement-2023.html\" target=\"_blank\" rel=\"noopener\">[LEER M\u00c1S]<\/a><\/p>\n<p>[\/et_pb_text][\/et_pb_column][\/et_pb_row][et_pb_row _builder_version=\u00bb4.14.6&#8243; _module_preset=\u00bbdefault\u00bb global_colors_info=\u00bb{}\u00bb][et_pb_column type=\u00bb4_4&#8243; _builder_version=\u00bb4.14.6&#8243; _module_preset=\u00bbdefault\u00bb global_colors_info=\u00bb{}\u00bb][et_pb_divider _builder_version=\u00bb4.14.6&#8243; _module_preset=\u00bbdefault\u00bb global_colors_info=\u00bb{}\u00bb][\/et_pb_divider][\/et_pb_column][\/et_pb_row][et_pb_row column_structure=\u00bb1_2,1_2&#8243; _builder_version=\u00bb4.14.6&#8243; _module_preset=\u00bbdefault\u00bb global_colors_info=\u00bb{}\u00bb][et_pb_column type=\u00bb1_2&#8243; _builder_version=\u00bb4.14.6&#8243; _module_preset=\u00bbdefault\u00bb global_colors_info=\u00bb{}\u00bb][et_pb_image src=\u00bbhttps:\/\/icon.kiobus.org\/edu\/edicion2023\/wp-content\/uploads\/2023\/06\/periodic.jpg\u00bb title_text=\u00bbperiodic\u00bb url=\u00bbhttps:\/\/www.elperiodic.com\/lanucia\/congreso-internacional-educacion-finaliza-nucia_906693&#8243; url_new_window=\u00bbon\u00bb _builder_version=\u00bb4.14.6&#8243; _module_preset=\u00bbdefault\u00bb global_colors_info=\u00bb{}\u00bb][\/et_pb_image][\/et_pb_column][et_pb_column type=\u00bb1_2&#8243; _builder_version=\u00bb4.14.6&#8243; _module_preset=\u00bbdefault\u00bb global_colors_info=\u00bb{}\u00bb][et_pb_text _builder_version=\u00bb4.14.6&#8243; _module_preset=\u00bbdefault\u00bb global_colors_info=\u00bb{}\u00bb]<\/p>\n<p>EL PERI\u00d2DIC.COM, <span>02\/06\/2023<\/span><\/p>\n<p>Hoy viernes 2 de junio la Seu Universit\u00e0ria de La Nuc\u00eda acoge la segunda jornada del II Congreso Internacional Educaci\u00f3n y Conocimiento ICON-Edu 2023 de la Universidad de Alicante. Este congreso cuenta con 867 participantes (148 presenciales y 719 online) y 460 comunicaciones. Entre los participantes en \u201cInnovaci\u00f3n Educativa\u201d habr\u00e1 tres ponencias nucieras a cargo de Academia Tenis Ferrer La Nuc\u00eda, Oasis Gaming y Gabinete Psicopedag\u00f3gico Municipal.<\/p>\n<p>El II International Congress: Education and Knowledge (ICON-EDU 2023)&#8230;<\/p>\n<p><a href=\"https:\/\/www.elperiodic.com\/lanucia\/congreso-internacional-educacion-finaliza-nucia_906693\" target=\"_blank\" rel=\"noopener\">[LEER M\u00c1S]<\/a><\/p>\n<p>[\/et_pb_text][\/et_pb_column][\/et_pb_row][et_pb_row _builder_version=\u00bb4.14.6&#8243; _module_preset=\u00bbdefault\u00bb global_colors_info=\u00bb{}\u00bb][et_pb_column type=\u00bb4_4&#8243; _builder_version=\u00bb4.14.6&#8243; _module_preset=\u00bbdefault\u00bb global_colors_info=\u00bb{}\u00bb][et_pb_divider _builder_version=\u00bb4.14.6&#8243; _module_preset=\u00bbdefault\u00bb global_colors_info=\u00bb{}\u00bb][\/et_pb_divider][\/et_pb_column][\/et_pb_row][et_pb_row column_structure=\u00bb1_2,1_2&#8243; _builder_version=\u00bb4.14.6&#8243; _module_preset=\u00bbdefault\u00bb global_colors_info=\u00bb{}\u00bb][et_pb_column type=\u00bb1_2&#8243; _builder_version=\u00bb4.14.6&#8243; _module_preset=\u00bbdefault\u00bb global_colors_info=\u00bb{}\u00bb][et_pb_image src=\u00bbhttps:\/\/icon.kiobus.org\/edu\/edicion2023\/wp-content\/uploads\/2023\/06\/PER.jpg\u00bb title_text=\u00bbPER\u00bb url=\u00bbhttps:\/\/www.elperiodic.com\/lanucia\/acoge-congreso-internacional-educacion-este-viernes_906079&#8243; url_new_window=\u00bbon\u00bb _builder_version=\u00bb4.14.6&#8243; _module_preset=\u00bbdefault\u00bb global_colors_info=\u00bb{}\u00bb][\/et_pb_image][\/et_pb_column][et_pb_column type=\u00bb1_2&#8243; _builder_version=\u00bb4.14.6&#8243; _module_preset=\u00bbdefault\u00bb global_colors_info=\u00bb{}\u00bb][et_pb_text _builder_version=\u00bb4.14.6&#8243; _module_preset=\u00bbdefault\u00bb global_colors_info=\u00bb{}\u00bb]<\/p>\n<p>EL PERI\u00d2DIC.COM, <span>30\/05\/2023<\/span><\/p>\n<p>Este viernes 2 de junio la Seu Universit\u00e0ria de La Nuc\u00eda acoger\u00e1 la segunda jornada del II Congreso Internacional Educaci\u00f3n y Conocimiento ICON-Edu 2023 de la Universidad de Alicante. Este congreso cuenta con 867 participantes (148 presenciales y 719 online) y 460 comunicaciones. Entre los participantes en \u201cInnovaci\u00f3n Educativa\u201d habr\u00e1 tres ponencias nucieras a cargo de Academia Tenis Ferrer La Nuc\u00eda, Oasis Gaming y Gabinete Psicopedag\u00f3gico Municipal.<\/p>\n<p>La entrada para el p\u00fablico estar\u00e1 abierta durante toda la ma\u00f1ana en la Seu Universit\u00e0ria de La Nuc\u00eda, en las diferentes aulas donde se desarrollar\u00e1 este congreso de 10,30 a 1,30 horas.<span>\u00a0<\/span><\/p>\n<p><a href=\"https:\/\/www.elperiodic.com\/lanucia\/acoge-congreso-internacional-educacion-este-viernes_906079\" target=\"_blank\" rel=\"noopener\">[LEER M\u00c1S]<\/a><\/p>\n<p>[\/et_pb_text][\/et_pb_column][\/et_pb_row][et_pb_row _builder_version=\u00bb4.14.6&#8243; _module_preset=\u00bbdefault\u00bb global_colors_info=\u00bb{}\u00bb][et_pb_column type=\u00bb4_4&#8243; _builder_version=\u00bb4.14.6&#8243; _module_preset=\u00bbdefault\u00bb global_colors_info=\u00bb{}\u00bb][et_pb_divider _builder_version=\u00bb4.14.6&#8243; _module_preset=\u00bbdefault\u00bb global_colors_info=\u00bb{}\u00bb][\/et_pb_divider][\/et_pb_column][\/et_pb_row][et_pb_row column_structure=\u00bb1_2,1_2&#8243; _builder_version=\u00bb4.14.6&#8243; _module_preset=\u00bbdefault\u00bb global_colors_info=\u00bb{}\u00bb][et_pb_column type=\u00bb1_2&#8243; _builder_version=\u00bb4.14.6&#8243; _module_preset=\u00bbdefault\u00bb global_colors_info=\u00bb{}\u00bb][et_pb_image src=\u00bbhttps:\/\/icon.kiobus.org\/edu\/edicion2023\/wp-content\/uploads\/2023\/06\/cpN-1.jpg\u00bb title_text=\u00bbcpN\u00bb url=\u00bbhttps:\/\/www.elperiodic.com\/lanucia\/acoge-congreso-internacional-educacion-este-viernes_906079&#8243; url_new_window=\u00bbon\u00bb _builder_version=\u00bb4.14.6&#8243; _module_preset=\u00bbdefault\u00bb global_colors_info=\u00bb{}\u00bb][\/et_pb_image][\/et_pb_column][et_pb_column type=\u00bb1_2&#8243; _builder_version=\u00bb4.14.6&#8243; _module_preset=\u00bbdefault\u00bb global_colors_info=\u00bb{}\u00bb][et_pb_text _builder_version=\u00bb4.14.6&#8243; _module_preset=\u00bbdefault\u00bb global_colors_info=\u00bb{}\u00bb]<\/p>\n<p>CUADERNOS DE PEDAGOG\u00cdA, 5<span>\/05\/2023<\/span><\/p>\n<p>El<span>\u00a0<\/span><b><i><a title=\"enlace\">II International Congress: Education and Knowledge<\/a><\/i><span>\u00a0<\/span>(ICON-edu 2023)<\/b><span>\u00a0<\/span>[II Congreso Internacional: Educaci\u00f3n y Conocimiento] nace como \u00e1gora en la que reflexionar, analizar, exponer, debatir y compartir temas de inter\u00e9s sobre la Educaci\u00f3n vinculada a cualquiera de las ramas del conocimiento.<\/p>\n<p>En consonancia a este Congreso se celebra el<span>\u00a0<\/span><b><i>International Congress: Humanities and Knowledge<\/i><\/b><span>\u00a0<\/span>(la \u00faltima edici\u00f3n ha sido<span>\u00a0<\/span><a title=\"enlace\">ICON-huma 2022<\/a><span>\u00a0<\/span>y el pr\u00f3ximo ser\u00e1 a finales de 2023).<\/p>\n<p><span>Durante el congreso, que se celebrar\u00e1 los d\u00edas 1 y 2 de junio tanto de forma virtual como presencial, se presentar\u00e1 un\u00a0<\/span><a title=\"enlace\">programa cient\u00edfico completo<\/a><span>\u00a0estructurado en Conferencias plenarias, Simposios, Comunicaciones, y p\u00f3steres. Los asistentes recibir\u00e1n un ejemplar de la revista\u00a0<\/span><i><b><a title=\"enlace\">Cuadernos de Pedagog\u00eda<\/a><\/b><\/i><span>\u00a0que patrocina este Congreso.<\/span><\/p>\n<p>[<a href=\"https:\/\/www.cuadernosdepedagogia.com\/Content\/Documento.aspx?params=H4sIAAAAAAAEAMtMSbH1czUwMDAytDQxNTJWK0stKs7Mz7M1MjAyNjA1MFXLy09JDXFxti3NS0lNy8xLTQEpyUyrdMlPDqksSLVNS8wpTlVLTcrPz0YxKR5mAgAu0SMUYwAAAA==WKE\" target=\"_blank\" rel=\"noopener\">LEER M\u00c1S<\/a>]<\/p>\n<p>[\/et_pb_text][\/et_pb_column][\/et_pb_row][et_pb_row _builder_version=\u00bb4.14.6&#8243; _module_preset=\u00bbdefault\u00bb hover_enabled=\u00bb0&#8243; global_colors_info=\u00bb{}\u00bb sticky_enabled=\u00bb0&#8243;][et_pb_column type=\u00bb4_4&#8243; _builder_version=\u00bb4.14.6&#8243; _module_preset=\u00bbdefault\u00bb global_colors_info=\u00bb{}\u00bb][et_pb_text _builder_version=\u00bb4.14.6&#8243; _module_preset=\u00bbdefault\u00bb background_color=\u00bb#ED5550&#8243; hover_enabled=\u00bb0&#8243; global_colors_info=\u00bb{}\u00bb sticky_enabled=\u00bb0&#8243; link_option_url=\u00bbhttps:\/\/www.youtube.com\/@iconcongress6533&#8243; link_option_url_new_window=\u00bbon\u00bb]<\/p>\n<h3 style=\"text-align: center;\"><span style=\"color: #ffffff;\"><strong>CANAL DE YOUTUBE<\/strong><\/span><\/h3>\n<p>[\/et_pb_text][\/et_pb_column][\/et_pb_row][\/et_pb_section]<\/p>\n","protected":false},"excerpt":{"rendered":"<p>POSTCONGRESODOSSIER CIENT\u00cdFICO (PROGRAMA COMPLETO) PROGRAMA COMPLETO \u00a0En este dossier se recogen los aspectos cient\u00edficos de ICON-edu 2023: Comit\u00e9s Conferenciantes Programa de sesiones Listado de ponencias invitadas I+D+i, simposios invitados, comunicaciones y p\u00f3steres presentados. &nbsp;LIBRO DE ACTAS LIBRO DE ACTAS, Editorial Octaedro \u00a0En este libro se recogen las aportaciones de ICON-edu\u00a0en su edici\u00f3n de 2023 que [&hellip;]<\/p>\n","protected":false},"author":1,"featured_media":0,"parent":0,"menu_order":0,"comment_status":"closed","ping_status":"closed","template":"","meta":{"_et_pb_use_builder":"on","_et_pb_old_content":"","_et_gb_content_width":"","_mc_calendar":[]},"_links":{"self":[{"href":"https:\/\/icon.kiobus.org\/edu\/edicion2023\/wp-json\/wp\/v2\/pages\/6144"}],"collection":[{"href":"https:\/\/icon.kiobus.org\/edu\/edicion2023\/wp-json\/wp\/v2\/pages"}],"about":[{"href":"https:\/\/icon.kiobus.org\/edu\/edicion2023\/wp-json\/wp\/v2\/types\/page"}],"author":[{"embeddable":true,"href":"https:\/\/icon.kiobus.org\/edu\/edicion2023\/wp-json\/wp\/v2\/users\/1"}],"replies":[{"embeddable":true,"href":"https:\/\/icon.kiobus.org\/edu\/edicion2023\/wp-json\/wp\/v2\/comments?post=6144"}],"version-history":[{"count":36,"href":"https:\/\/icon.kiobus.org\/edu\/edicion2023\/wp-json\/wp\/v2\/pages\/6144\/revisions"}],"predecessor-version":[{"id":6227,"href":"https:\/\/icon.kiobus.org\/edu\/edicion2023\/wp-json\/wp\/v2\/pages\/6144\/revisions\/6227"}],"wp:attachment":[{"href":"https:\/\/icon.kiobus.org\/edu\/edicion2023\/wp-json\/wp\/v2\/media?parent=6144"}],"curies":[{"name":"wp","href":"https:\/\/api.w.org\/{rel}","templated":true}]}}