{"id":912,"date":"2021-11-10T11:10:24","date_gmt":"2021-11-10T10:10:24","guid":{"rendered":"https:\/\/icon.kiobus.org\/edu\/?page_id=912"},"modified":"2026-04-29T08:30:12","modified_gmt":"2026-04-29T06:30:12","slug":"programa-completo","status":"publish","type":"page","link":"https:\/\/icon.kiobus.org\/edu\/programa-completo\/","title":{"rendered":"Programa completo"},"content":{"rendered":"<p>[et_pb_section fb_built=\u00bb1&#8243; _builder_version=\u00bb4.16&#8243; custom_padding=\u00bb0px||||false|false\u00bb collapsed=\u00bboff\u00bb global_colors_info=\u00bb{}\u00bb][et_pb_row column_structure=\u00bb1_5,1_5,1_5,1_5,1_5&#8243; use_custom_gutter=\u00bbon\u00bb gutter_width=\u00bb2&#8243; _builder_version=\u00bb4.23.3&#8243; _module_preset=\u00bbdefault\u00bb module_alignment=\u00bbcenter\u00bb global_colors_info=\u00bb{}\u00bb][et_pb_column type=\u00bb1_5&#8243; _builder_version=\u00bb4.23.3&#8243; _module_preset=\u00bbdefault\u00bb global_colors_info=\u00bb{}\u00bb][et_pb_button button_url=\u00bb#programa\u00bb button_text=\u00bbPrograma\u00bb button_alignment=\u00bbcenter\u00bb _builder_version=\u00bb4.23.3&#8243; _module_preset=\u00bbdefault\u00bb custom_button=\u00bbon\u00bb button_text_size=\u00bb15px\u00bb button_font=\u00bb|600|||||||\u00bb global_colors_info=\u00bb{}\u00bb][\/et_pb_button][\/et_pb_column][et_pb_column type=\u00bb1_5&#8243; _builder_version=\u00bb4.16&#8243; _module_preset=\u00bbdefault\u00bb global_colors_info=\u00bb{}\u00bb][et_pb_button button_url=\u00bb#conferenciantes\u00bb button_text=\u00bbConferenciantes\/as\u00bb button_alignment=\u00bbcenter\u00bb _builder_version=\u00bb4.23.3&#8243; _module_preset=\u00bbdefault\u00bb custom_button=\u00bbon\u00bb button_text_size=\u00bb15px\u00bb button_font=\u00bb|600|||||||\u00bb global_colors_info=\u00bb{}\u00bb][\/et_pb_button][\/et_pb_column][et_pb_column type=\u00bb1_5&#8243; _builder_version=\u00bb4.16&#8243; _module_preset=\u00bbdefault\u00bb global_colors_info=\u00bb{}\u00bb][et_pb_button button_url=\u00bb#ponentes\u00bb button_text=\u00bbPonentes invitados\/as I+D+i\u00bb button_alignment=\u00bbcenter\u00bb _builder_version=\u00bb4.23.3&#8243; _module_preset=\u00bbdefault\u00bb custom_button=\u00bbon\u00bb button_text_size=\u00bb15px\u00bb button_font=\u00bb|600|||||||\u00bb global_colors_info=\u00bb{}\u00bb][\/et_pb_button][\/et_pb_column][et_pb_column type=\u00bb1_5&#8243; _builder_version=\u00bb4.16&#8243; _module_preset=\u00bbdefault\u00bb global_colors_info=\u00bb{}\u00bb][et_pb_button button_url=\u00bb#simposios\u00bb button_text=\u00bbSimposios invitados\u00bb button_alignment=\u00bbcenter\u00bb _builder_version=\u00bb4.23.3&#8243; _module_preset=\u00bbdefault\u00bb custom_button=\u00bbon\u00bb button_text_size=\u00bb15px\u00bb button_font=\u00bb|600|||||||\u00bb global_colors_info=\u00bb{}\u00bb][\/et_pb_button][\/et_pb_column][et_pb_column type=\u00bb1_5&#8243; _builder_version=\u00bb4.16&#8243; _module_preset=\u00bbdefault\u00bb global_colors_info=\u00bb{}\u00bb][et_pb_button button_url=\u00bb#expertos\u00bb button_text=\u00bbPaneles de expertos\/as\u00bb button_alignment=\u00bbcenter\u00bb _builder_version=\u00bb4.23.3&#8243; _module_preset=\u00bbdefault\u00bb custom_button=\u00bbon\u00bb button_text_size=\u00bb15px\u00bb button_font=\u00bb|600|||||||\u00bb global_colors_info=\u00bb{}\u00bb][\/et_pb_button][\/et_pb_column][\/et_pb_row][et_pb_row _builder_version=\u00bb4.23.3&#8243; _module_preset=\u00bbdefault\u00bb hover_enabled=\u00bb0&#8243; global_colors_info=\u00bb{}\u00bb sticky_enabled=\u00bb0&#8243;][et_pb_column type=\u00bb4_4&#8243; _builder_version=\u00bb4.23.3&#8243; _module_preset=\u00bbdefault\u00bb global_colors_info=\u00bb{}\u00bb][et_pb_toggle title=\u00bb\u00bfC\u00f3mo se desarrolla el congreso? (+ info)\u00bb open_toggle_text_color=\u00bb#CE171A\u00bb closed_toggle_text_color=\u00bb#CE171A\u00bb icon_color=\u00bbRGBA(255,255,255,0)\u00bb _builder_version=\u00bb4.23.3&#8243; _module_preset=\u00bbdefault\u00bb title_text_align=\u00bbcenter\u00bb closed_title_text_align=\u00bbcenter\u00bb body_text_align=\u00bbleft\u00bb text_orientation=\u00bbcenter\u00bb width=\u00bb67%\u00bb width_tablet=\u00bb67%\u00bb width_phone=\u00bb67%\u00bb width_last_edited=\u00bbon|desktop\u00bb module_alignment=\u00bbcenter\u00bb animation_style=\u00bbzoom\u00bb hover_enabled=\u00bb0&#8243; border_color_all=\u00bb#CE171A\u00bb box_shadow_style=\u00bbpreset4&#8243; box_shadow_vertical=\u00bb11px\u00bb global_colors_info=\u00bb{}\u00bb sticky_enabled=\u00bb0&#8243;]<\/p>\n<p>ICON-edu se celebra de forma<span>\u00a0<\/span><strong>virtual<\/strong><span>\u00a0<\/span>y<span>\u00a0<\/span><strong>presencial<\/strong>.<span> Cada participante <\/span>elige una opci\u00f3n u otra, seg\u00fan tarifa de inscripci\u00f3n.<\/p>\n<p><strong>1. PARTICIPANTES MODALIDAD PRESENCIAL:<\/strong><\/p>\n<ul>\n<li>La <a href=\"https:\/\/icon.kiobus.org\/edu\/sede\/\" target=\"_blank\" rel=\"noopener\">sede<\/a> est\u00e1 en el campus de la Universidad de Alicante.<\/li>\n<li>Se asiste, seg\u00fan inter\u00e9s de cada persona, a las diversas sesiones acad\u00e9micas y sociales.<\/li>\n<li>La zona de credenciales y la sala plenaria est\u00e1 en la Sala Multimedia del Edificio de Rectorado. Habr\u00e1 otras salas de comunicaciones pr\u00f3ximas a la misma.<\/li>\n<li>Las sesiones de la sala plenaria se retransmiten en directo y se pueden seguir desde la plataforma del congreso virtual. Tambi\u00e9n se graban y se insertan en dicha plataforma.<\/li>\n<li>Los participantes presenciales (de comunicaciones, simposios, ponencias y paneles de expertos\/as) pueden elegir fecha para presentar, as\u00ed como tipo de sala (que tenga o no tenga retransmisi\u00f3n y grabaci\u00f3n). <span>\u00a0La\u00a0<\/span><strong>duraci\u00f3n<\/strong><span>\u00a0de cada exposici\u00f3n durar\u00e1 en torno a 10 minutos.<\/span><\/li>\n<li>Todas las presentaciones est\u00e1n en el ordenador de la sala correspondiente. Es por ello que deben remitirse previamente al Comit\u00e9 organizador seg\u00fan<span>\u00a0<\/span><a href=\"https:\/\/icon.kiobus.org\/edu\/instrucciones-y-envio\/envio-presentacion\/\" target=\"_blank\" rel=\"noopener\">instrucciones<\/a>.<\/li>\n<li>Los participantes presenciales tambi\u00e9n tienen acceso a la plataforma virtual y sus trabajos tambi\u00e9n se publican en dicha plataforma.<\/li>\n<li>El primer d\u00eda el congreso es virtual para todos\/as.<\/li>\n<li>Los coffee-breaks y degustaci\u00f3n son gratuitos. La comida del segundo d\u00eda debe abonarse, si se desea comer junto al resto de congresistas y comit\u00e9s.<\/li>\n<\/ul>\n<p>2. <strong>PARTICIPANTES MODALIDAD VIRTUAL:<\/strong><\/p>\n<ul>\n<li>El congreso se desarrolla de forma<span>\u00a0<\/span>virtual a trav\u00e9s de la plataforma ICON-edu, exclusiva para participantes.<\/li>\n<li>Las sesiones de comunicaciones, p\u00f3steres, simposios invitados, ponencias invitadas I+D+i y paneles de expertos\/as son<span>\u00a0<\/span><strong>as\u00edncronas<\/strong>: cada autor\/a env\u00eda su presentaci\u00f3n de diapositivas o su v\u00eddeo previamente al congreso\u00a0 <a href=\"https:\/\/icon.kiobus.org\/edu\/instrucciones-y-envio\/envio-presentacion\/\" target=\"_blank\" rel=\"noopener\">seg\u00fan<span style=\"color: #333333;\">\u00a0<\/span><\/a><a href=\"https:\/\/icon.kiobus.org\/edu\/instrucciones-y-envio\/envio-presentacion\/\" target=\"_blank\" rel=\"noopener\">instrucciones<\/a> y en los foros de la plataforma se debate.<\/li>\n<li>Duraci\u00f3n de cada exposici\u00f3n: se indica en\u00a0<a href=\"https:\/\/icon.kiobus.org\/edu\/instrucciones-y-envio\/envio-presentacion\/\" target=\"_blank\" rel=\"noopener\">instrucciones.<\/a> Depende de lo que elija para presentar: <span>diapositivas (m\u00e1ximo 15), v\u00eddeo (<\/span><span>de 5 a 7 minutos), simposio (hasta 30 en conjunto) o el texto completo.<\/span><\/li>\n<li>As\u00ed pues, <strong>los participantes NO deben estar a una hora y d\u00eda determinados para conectarse y exponer<\/strong>.<\/li>\n<li>Cuando un participante accede a la plataforma el primer d\u00eda, puede ver todas las presentaciones organizadas por salas. Es el Comit\u00e9 organizador quien las publica en la plataforma previamente.<\/li>\n<li>Todos los participantes pueden acceder a la<span>\u00a0<\/span>plataforma de ICON-edu desde el primer d\u00eda del congreso, siguiendo las instrucciones recibidas por email d\u00edas antes. Se trata de una plataforma muy intuitiva.<\/li>\n<li>El <strong>debate\/preguntas y respuestas<\/strong> se hace a trav\u00e9s de los <strong>foros<\/strong> que hay en cada sala. Es obligatoria la participaci\u00f3n en los foros para tener los correspondientes certificados, pero cada persona elige fecha y hora para escribir en dichos foros. Todo se explica en los mensajes que se remiten previos al congreso.<\/li>\n<li>En la plataforma est\u00e1n los enlaces para seguir en directo, de forma voluntaria, las sesiones plenarias presenciales del Congreso. Tambi\u00e9n se a\u00f1aden posteriormente los enlaces a las grabaciones.<\/li>\n<li>Se remitir\u00e1 un e-mail previo al congreso donde se explican todos los detalles.<\/li>\n<\/ul>\n<p>Todos los horarios est\u00e1n referidos a hora espa\u00f1ola peninsular. Puede consultar esta web para <a href=\"https:\/\/www.zeitverschiebung.net\/es\/\" target=\"_blank\" rel=\"noopener\">diferencias horarias entre pa\u00edses.<\/a><\/p>\n<p>[\/et_pb_toggle][\/et_pb_column][\/et_pb_row][et_pb_row _builder_version=\u00bb4.23.3&#8243; _module_preset=\u00bbdefault\u00bb background_enable_color=\u00bboff\u00bb global_colors_info=\u00bb{}\u00bb][et_pb_column type=\u00bb4_4&#8243; _builder_version=\u00bb4.16&#8243; _module_preset=\u00bbdefault\u00bb global_colors_info=\u00bb{}\u00bb][et_pb_cta title=\u00bbPROGRAMA\u00bb _builder_version=\u00bb4.23.3&#8243; _module_preset=\u00bbdefault\u00bb custom_padding=\u00bb27px|17px|0px|17px|false|false\u00bb border_radii=\u00bbon|7px|7px|7px|7px\u00bb box_shadow_style=\u00bbpreset3&#8243; global_colors_info=\u00bb{}\u00bb][\/et_pb_cta][\/et_pb_column][\/et_pb_row][et_pb_row _builder_version=\u00bb4.16&#8243; _module_preset=\u00bbdefault\u00bb global_colors_info=\u00bb{}\u00bb][et_pb_column type=\u00bb4_4&#8243; _builder_version=\u00bb4.16&#8243; _module_preset=\u00bbdefault\u00bb global_colors_info=\u00bb{}\u00bb][et_pb_tabs _builder_version=\u00bb4.23.3&#8243; _module_preset=\u00bbdefault\u00bb global_colors_info=\u00bb{}\u00bb][et_pb_tab title=\u00bb10 de JUNIO (virtual)\u00bb _builder_version=\u00bb4.23.3&#8243; _module_preset=\u00bbdefault\u00bb global_colors_info=\u00bb{}\u00bb]<\/p>\n<p>Durante esta jornada solo se desarrollar\u00e1 el congreso de<span>\u00a0forma\u00a0<\/span><strong>virtual<span>\u00a0<\/span><\/strong><span>a trav\u00e9s de la plataforma ICON-edu exclusiva para participantes.\u00a0 No obstante, de forma voluntaria, aquellas personas que lo deseen podr\u00e1n asistir presencialmente a la exposici\u00f3n de comunicaciones que tendr\u00e1 lugar en la <strong>Seu Universitaria de La Nuc\u00eda<\/strong> durante la tarde.<\/span><\/p>\n<p><span>Los asistentes presenciales pueden acceder a la plataforma, pero no deben hacer nada respecto a su aportaci\u00f3n.<\/span><\/p>\n<p><span>Los asistentes virtuales s\u00ed deben intervenir en los foros para presentar sus aportaciones. Estas son <\/span><strong>as\u00edncronas<\/strong><span> y en los foros se debate. As\u00ed pues, los participantes NO deben estar a una hora y d\u00eda determinados para conectarse y exponer.\u00a0<\/span><\/p>\n<p><span>El programa (as\u00edncrono) contempla:<\/span><\/p>\n<p>&#8211; <strong>Conferencias plenarias invitadas<\/strong>:<\/p>\n<p><span><strong>Prof. Dr. Alexander L\u00f3pez Padr\u00f3n (Universidad T\u00e9cnica de Manab\u00ed)<\/strong>: <\/span>\u00ab<span class=\"_aupe copyable-text xkrh14z\">El smartphone en educaci\u00f3n superior desde una perspectiva de sostenibilidad: uso acad\u00e9mico vs uso problem\u00e1tico\u00bb<\/span>.<\/p>\n<p>&nbsp;<\/p>\n<p><strong>Antonio L\u00f3pez Vega, Instituto Tecnol\u00f3gico Aut\u00f3nomo de M\u00e9xico (ITAM)<\/strong>: \u00abInnovaci\u00f3n, sostenibilidad y valores formativos en tiempos de la IA\u00bb.<\/p>\n<p>&nbsp;<\/p>\n<p><strong>Mar\u00eda Fernanda Medina Beltran, Fundaci\u00f3n UNAM (M\u00e9xico)<\/strong><span>: \u00abDerechos humanos y horizontes digitales en la educaci\u00f3n no universitaria ante la realidad de la IA\u00bb.<\/span><\/p>\n<p><span><\/span><\/p>\n<p><span><strong>Julio C\u00e9sar Arboleda, Red Internacional de Educaci\u00f3n y Pedagog\u00eda (REDIPE)<\/strong>: \u201cDel conocimiento a las comprensiones tejedoras de vida pluriversa\u201d.<\/span><\/p>\n<p><span><\/span><\/p>\n<p>Adem\u00e1s, en la plataforma podr\u00e1 consultarse, de forma as\u00edncrona:<\/p>\n<p>&#8211; Todas las <strong>aportaciones<\/strong>:<\/p>\n<ul>\n<li>Comunicaciones orales<\/li>\n<li>p\u00f3steres<\/li>\n<li>Ponencias invitadas I+D+i<\/li>\n<li>Simposios invitados<\/li>\n<li>Paneles de expertos\/as invitados\/as<\/li>\n<\/ul>\n<p>&#8211; <strong>Libro de Actas<\/strong><\/p>\n<p>[\/et_pb_tab][et_pb_tab title=\u00bb11 de JUNIO (presencial y virtual)\u00bb _builder_version=\u00bb4.23.3&#8243; _module_preset=\u00bbdefault\u00bb global_colors_info=\u00bb{}\u00bb]<\/p>\n<h4><span style=\"color: #800000;\"><strong>8:30 hs.\u00a0 <span class=\"KfQeJ\">(CET):<\/span>\u00a0<\/strong><\/span><\/h4>\n<p><strong>&#8211; Apertura registro de participantes y recogida de credenciales (<em>Hall<\/em> Edificio Rectorado de la Universidad de Alicante).<\/strong><\/p>\n<p><strong><\/strong><\/p>\n<p><span style=\"color: #800000;\"><strong>9:30-10:30 hs. <\/strong><\/span><span style=\"color: #800000;\"><strong><span class=\"KfQeJ\">(CET):<\/span>\u00a0<\/strong><\/span><\/p>\n<p><strong>&#8211; Sesiones paralelas de\u00a0<\/strong><strong>comunicaciones, <\/strong><strong>ponencias invitadas I+D+i, simposios invitados y paneles de expertos\/as invitados\/as.<\/strong><\/p>\n<p>&nbsp;<\/p>\n<p><span style=\"color: #800000;\"><strong>10:30-11:00 hs. <\/strong><\/span><span style=\"color: #800000;\"><strong><span class=\"KfQeJ\">(CET):<\/span>\u00a0<\/strong><\/span><\/p>\n<p><strong>&#8211; Coffee-break (gratuito).\u00a0<\/strong><\/p>\n<p><strong>En la misma sala: exposici\u00f3n de p\u00f3steres.<\/strong><\/p>\n<p><strong><\/strong><\/p>\n<p><span style=\"color: #800000;\"><strong>11:00-12:30 hs. <\/strong><\/span><span style=\"color: #800000;\"><strong><span class=\"KfQeJ\">(CET):<\/span>\u00a0<\/strong><\/span><\/p>\n<p><strong>&#8211; Inauguraci\u00f3n <\/strong><strong>del Congreso:<\/strong><\/p>\n<ul>\n<li style=\"list-style-type: none;\">\n<ul>\n<li>Profa. Dra. Amparo Navarro Faure, Rectora, Universidad de Alicante<\/li>\n<li>Profa. Dra. Rosabel Roig Vila, Presidenta ICON-edu, Universidad de Alicante<\/li>\n<li>Prof. Dr. Juan Manuel Cortell Tormo, Decano de la Facultad de Educaci\u00f3n, Universidad de Alicante<\/li>\n<li>Prof. Dr. Vicent Mart\u00ednez P\u00e9rez, Director Seu Universit\u00e0ria La Nucia y miembro directivo de ICON-edu, Universidad de Alicante<\/li>\n<li>Prof. Dr. Jordi Antol\u00ed, Secretario ICON-edu, Universidad de Alicante<\/li>\n<\/ul>\n<\/li>\n<\/ul>\n<p><strong>&#8211; Conferencia plenaria:<\/strong><\/p>\n<p>\u00abMiradas cr\u00edticas sobre g\u00e9nero e interculturalidad en la educaci\u00f3n contempor\u00e1nea\u00bb,<\/p>\n<p><span>Ponentes: Prof. Dr. Massimiliano Fiorucci (Universit\u00e0 degli Studi Roma Tre) &amp; Prof. Dr. Giorgio Crescenza (Universit\u00e0 degli Studi della Tuscia)<\/span><\/p>\n<p><span style=\"color: #800000;\"><strong>12:30-13:30 hs.<\/strong><\/span><\/p>\n<p><strong>&#8211; Sesiones paralelas de comunicaciones, ponencias invitadas I+D+i, simposios invitados y paneles de experots\/as invitados\/as*.<\/strong><strong><\/strong><\/p>\n<p>&nbsp;<\/p>\n<p><span style=\"color: #800000;\"><strong>13:30-15:30 hs.<\/strong><\/span><\/p>\n<p><strong>Descanso<\/strong><\/p>\n<p><strong>Las personas que hayan abonado previamente el almuerzo, se concentrar\u00e1n a las 13:30 en la entrada para dirigirse a la comida.<\/strong><\/p>\n<p><strong><\/strong><\/p>\n<p><span style=\"color: #800000;\"><strong>15:30-17:00 hs.<\/strong><\/span><\/p>\n<p><strong>&#8211; Sesiones paralelas de comunicaciones, ponencias invitadas I+D+i, simposios invitados y paneles de experots\/as invitados\/as*.<\/strong><\/p>\n<p><strong>&#8211; Taller sobre recursos de Inteligencia Artificial para la docencia (<a href=\"https:\/\/catedraunesco.ua.es\/es\/observatorio\/io-eai.html\" target=\"_blank\" rel=\"noopener\">actividad del Observatorio Internacional de Inteligencia Artificial Educativa<\/a>)\u00a0<\/strong><\/p>\n<p>&nbsp;<\/p>\n<p><strong><span style=\"color: #800000;\">17:00-17:30 hs.<\/span><\/strong><\/p>\n<p><strong>Degustaci\u00f3n vinos alicantinos (gratuito) y tertulia.<\/strong><\/p>\n<p><strong><\/strong><\/p>\n<h3><strong><\/strong>PARTICIPANTES VIRTUALES:<\/h3>\n<p>&#8211; Los d\u00edas 11 y 12 contin\u00faa abierta la plataforma para el desarrollo del congreso.\u00a0<\/p>\n<p>Adem\u00e1s, hay <strong>enlaces<\/strong> para seguir el <strong>congreso presencial<\/strong> en directo y grabaci\u00f3n posterior.\u00a0<\/p>\n<p>&nbsp;<\/p>\n<p>[\/et_pb_tab][et_pb_tab title=\u00bb12 DE JUNIO  (presencial y virtual)\u00bb _builder_version=\u00bb4.23.3&#8243; _module_preset=\u00bbdefault\u00bb global_colors_info=\u00bb{}\u00bb]<\/p>\n<p><span style=\"color: #993300;\"><strong><span class=\"KfQeJ\">10:00-11:00 <span style=\"color: #800000;\">hs. (CET):<\/span><\/span><\/strong><\/span><\/p>\n<p><strong>&#8211; Sesiones paralelas de comunicaciones, ponencias invitadas I+D+i, simposios invitados y paneles de experots\/as invitados\/as*.<\/strong><\/p>\n<p><span><strong>&#8211; Sesi\u00f3n de networking\u00a0 \u00a0 \u00a0 \u00a0<\/strong> \u00a0 \u00a0 \u00a0 \u00a0 \u00a0 \u00a0 \u00a0 \u00a0 \u00a0 \u00a0 \u00a0 \u00a0 \u00a0 \u00a0 \u00a0 \u00a0 \u00a0 \u00a0 \u00a0<\/span><\/p>\n<p><strong><span class=\"KfQeJ\"><span style=\"color: #993300;\"><\/span><\/span><\/strong><\/p>\n<p><strong><span class=\"KfQeJ\"><span style=\"color: #993300;\">11:00-11:30 hs. <span style=\"color: #800000;\">(CET): <\/span><\/span><\/span><\/strong><\/p>\n<p><strong><span class=\"KfQeJ\"><span style=\"color: #993300;\"><span style=\"color: #333333;\">&#8211; Coffee-break (gratuito)\u00a0<\/span><\/span><\/span><\/strong><\/p>\n<p><strong><span class=\"KfQeJ\"><span style=\"color: #993300;\"><\/span><\/span><\/strong><\/p>\n<p><strong><span class=\"KfQeJ\"><span style=\"color: #993300;\">11:30 &#8211; 12:30 <\/span><span style=\"color: #800000;\">hs. <span style=\"color: #993300;\">(CET):<\/span><\/span><\/span><\/strong><\/p>\n<p><strong><span class=\"KfQeJ\">Panel Internacional de C\u00e1tedras UNESCO: buenas pr\u00e1cticas y conocimiento al servicio de la sociedad<\/span><\/strong><\/p>\n<p><span class=\"KfQeJ\">con la impartici\u00f3n de la<\/span><strong><span class=\"KfQeJ\"> conferencia plenaria <\/span><\/strong><span class=\"KfQeJ\">a cargo de la <\/span><strong>Profa. Dra. Esther del Moral<\/strong>, Universidad de Oviedo:<\/p>\n<p><strong>\u00abNarrativas transmedia en la Ense\u00f1anza Superior\u00bb<span class=\"KfQeJ\"><\/span><\/strong><\/p>\n<p><span><\/span><\/p>\n<p><span style=\"color: #993300;\"><strong><span class=\"KfQeJ\">12:30-13:30 <span style=\"color: #800000;\">hs. (CET):<\/span><\/span><\/strong><\/span><\/p>\n<p><strong><span class=\"KfQeJ\">\u00a0<\/span><\/strong><strong><span class=\"KfQeJ\">&#8211; Sesiones paralelas de comunicaciones, ponencias invitadas I+D+i, simposios invitados y paneles de experots\/as invitados\/as*.<\/span><\/strong><\/p>\n<p><strong><span class=\"KfQeJ\">&#8211; Sesi\u00f3n formativa \u00abInvestigaci\u00f3n novel\u00bb<\/span><\/strong><\/p>\n<p><strong><span class=\"KfQeJ\"><span style=\"color: #993300;\">13:30 <span style=\"color: #800000;\">hs. (CET):<\/span><\/span><\/span><\/strong><\/p>\n<p><strong><span class=\"KfQeJ\">Clausura de ICON-edu<\/span><\/strong><\/p>\n<ul>\n<li>Profa. Dra. Rosabel Roig Vila, Vicerrectora de Formaci\u00f3n Permanente y Lenguas, Presidenta ICON-edu, Universidad de Alicante<\/li>\n<li>Prof. Dr. Dr. Vicent Martines P\u00e9rez,\u00a0 Presidente ICON-huma, Universidad de Alicante<\/li>\n<li>Prof. Dr. Jordi Antol\u00ed, Secretario ICON-edu, Universidad de Alicante<\/li>\n<\/ul>\n<h3><\/h3>\n<h3>PARTICIPANTES VIRTUALES:<\/h3>\n<p>\u2013 Los d\u00edas 11 y 12 contin\u00faa abierta la plataforma para el desarrollo del congreso.<\/p>\n<p>Adem\u00e1s, hay<span>\u00a0<\/span><strong>enlaces<\/strong><span>\u00a0<\/span>para seguir el<span>\u00a0<\/span><strong>congreso presencial<\/strong><span>\u00a0<\/span>en directo y grabaci\u00f3n posterior.<\/p>\n<p>&#8212;&#8212;&#8212;&#8212;&#8212;&#8212;&#8212;-<\/p>\n<p>*En cuanto a las sesiones con los participantes presenciales (comunicaciones, simposios, ponencias y paneles de expertos\/as), estos pueden elegir fecha para presentar, as\u00ed como tipo de sala (que tenga o no tenga retransmisi\u00f3n y grabaci\u00f3n).<\/p>\n<p>[\/et_pb_tab][\/et_pb_tabs][et_pb_text _builder_version=\u00bb4.16&#8243; _module_preset=\u00bbdefault\u00bb global_colors_info=\u00bb{}\u00bb]<a name=\"conferenciantes\"><\/a>[\/et_pb_text][\/et_pb_column][\/et_pb_row][et_pb_row _builder_version=\u00bb4.16&#8243; _module_preset=\u00bbdefault\u00bb global_colors_info=\u00bb{}\u00bb][et_pb_column type=\u00bb4_4&#8243; _builder_version=\u00bb4.16&#8243; _module_preset=\u00bbdefault\u00bb global_colors_info=\u00bb{}\u00bb][et_pb_divider _builder_version=\u00bb4.16&#8243; _module_preset=\u00bbdefault\u00bb global_colors_info=\u00bb{}\u00bb][\/et_pb_divider][\/et_pb_column][\/et_pb_row][et_pb_row _builder_version=\u00bb4.23.3&#8243; _module_preset=\u00bbdefault\u00bb background_enable_color=\u00bboff\u00bb custom_margin=\u00bb27px||||false|false\u00bb global_colors_info=\u00bb{}\u00bb][et_pb_column type=\u00bb4_4&#8243; _builder_version=\u00bb4.16&#8243; _module_preset=\u00bbdefault\u00bb global_colors_info=\u00bb{}\u00bb][et_pb_cta title=\u00bbCONFERENCIANTES\/AS DEL CONGRESO\u00bb _builder_version=\u00bb4.23.3&#8243; _module_preset=\u00bbdefault\u00bb custom_padding=\u00bb27px|17px|0px|17px|false|false\u00bb border_radii=\u00bbon|7px|7px|7px|7px\u00bb box_shadow_style=\u00bbpreset3&#8243; global_colors_info=\u00bb{}\u00bb][\/et_pb_cta][\/et_pb_column][\/et_pb_row][et_pb_row _builder_version=\u00bb4.16&#8243; _module_preset=\u00bbdefault\u00bb global_colors_info=\u00bb{}\u00bb][et_pb_column type=\u00bb4_4&#8243; _builder_version=\u00bb4.16&#8243; _module_preset=\u00bbdefault\u00bb global_colors_info=\u00bb{}\u00bb][et_pb_text _builder_version=\u00bb4.23.3&#8243; _module_preset=\u00bbdefault\u00bb global_colors_info=\u00bb{}\u00bb]<\/p>\n<h3>GIORGIO CRESCENZA,<span>\u00a0<\/span><span>Universit\u00e0 Degli Studi Della Tuscia<\/span><\/h3>\n<p>[\/et_pb_text][\/et_pb_column][\/et_pb_row][et_pb_row column_structure=\u00bb1_2,1_2&#8243; _builder_version=\u00bb4.16&#8243; _module_preset=\u00bbdefault\u00bb global_colors_info=\u00bb{}\u00bb][et_pb_column type=\u00bb1_2&#8243; _builder_version=\u00bb4.23.3&#8243; _module_preset=\u00bbdefault\u00bb global_colors_info=\u00bb{}\u00bb][et_pb_text _builder_version=\u00bb4.23.3&#8243; _module_preset=\u00bbdefault\u00bb width=\u00bb52.5%\u00bb global_colors_info=\u00bb{}\u00bb]<\/p>\n<p><img loading=\"lazy\" decoding=\"async\" src=\"https:\/\/icon.kiobus.org\/edu\/wp-content\/uploads\/2025\/01\/4ede66df-92f1-43ad-8763-dc9eb40e1fd4-1-210x300.jpg\" width=\"167\" height=\"239\" alt=\"\" class=\"wp-image-8662 alignnone size-medium\" \/><\/p>\n<p>[\/et_pb_text][\/et_pb_column][et_pb_column type=\u00bb1_2&#8243; _builder_version=\u00bb4.16&#8243; _module_preset=\u00bbdefault\u00bb global_colors_info=\u00bb{}\u00bb][et_pb_text _builder_version=\u00bb4.23.3&#8243; _module_preset=\u00bbdefault\u00bb custom_margin=\u00bb|||-313px||\u00bb global_colors_info=\u00bb{}\u00bb]<\/p>\n<p><span>Profesor de Pedagog\u00eda General y Social en la Universit\u00e0 degli Studi della Tuscia (Viterbo). Tambi\u00e9n imparte docencia en la Sapienza Universit\u00e0 di Roma. Coordina el grupo internacional e interuniversitario de investigaci\u00f3n pedag\u00f3gica sobre el discurso del odio, la violencia y la exclusi\u00f3n, y sus principales intereses de investigaci\u00f3n se centran en los cambios sociales, hist\u00f3ricos e institucionales en las escuelas, la formaci\u00f3n del profesorado y las emergencias educativas y pedag\u00f3gicas. <\/span><\/p>\n<p><span>Es autor de varios ensayos, art\u00edculos, monograf\u00edas, y entre sus publicaciones m\u00e1s recientes figuran: <\/span><i>Educare in tempi di odio e violenza. Sfide pedagogiche e istituzionali<\/i><span>\u00a0(Progedit, Bari, 2024);\u00a0<\/span><i>Ritratti di maestri. Suggestioni pedagogiche sulla professione docente<\/i><span>\u00a0(Conoscenza, Roma 2024) y\u00a0<\/span><i>Leggere<\/i><i>\u00a0don Lorenzo Milani,\u00a0<\/i><span>editado con Fabio Bocci y Alessandro Mariani (Pensa Multimedia, Lecce 2024).\u00a0\u00a0<\/span><\/p>\n<p>[\/et_pb_text][\/et_pb_column][\/et_pb_row][et_pb_row _builder_version=\u00bb4.16&#8243; _module_preset=\u00bbdefault\u00bb global_colors_info=\u00bb{}\u00bb][et_pb_column type=\u00bb4_4&#8243; _builder_version=\u00bb4.16&#8243; _module_preset=\u00bbdefault\u00bb global_colors_info=\u00bb{}\u00bb][et_pb_text _builder_version=\u00bb4.23.3&#8243; _module_preset=\u00bbdefault\u00bb global_colors_info=\u00bb{}\u00bb]<\/p>\n<h3>M\u00aa ESTHER DEL MORAL P\u00c9REZ, Universidad de Oviedo<\/h3>\n<p>[\/et_pb_text][\/et_pb_column][\/et_pb_row][et_pb_row column_structure=\u00bb1_2,1_2&#8243; _builder_version=\u00bb4.16&#8243; _module_preset=\u00bbdefault\u00bb global_colors_info=\u00bb{}\u00bb][et_pb_column type=\u00bb1_2&#8243; _builder_version=\u00bb4.23.3&#8243; _module_preset=\u00bbdefault\u00bb global_colors_info=\u00bb{}\u00bb][et_pb_text _builder_version=\u00bb4.23.3&#8243; _module_preset=\u00bbdefault\u00bb width=\u00bb52.5%\u00bb global_colors_info=\u00bb{}\u00bb]<\/p>\n<p><img loading=\"lazy\" decoding=\"async\" src=\"https:\/\/icon.kiobus.org\/edu\/wp-content\/uploads\/2026\/01\/Foto-Esther-2026-218x300.jpg\" width=\"218\" height=\"300\" alt=\"\" class=\"wp-image-10815 alignnone size-medium\" srcset=\"https:\/\/icon.kiobus.org\/edu\/wp-content\/uploads\/2026\/01\/Foto-Esther-2026-218x300.jpg 218w, https:\/\/icon.kiobus.org\/edu\/wp-content\/uploads\/2026\/01\/Foto-Esther-2026.jpg 277w\" sizes=\"auto, (max-width: 218px) 100vw, 218px\" \/><\/p>\n<p>[\/et_pb_text][\/et_pb_column][et_pb_column type=\u00bb1_2&#8243; _builder_version=\u00bb4.16&#8243; _module_preset=\u00bbdefault\u00bb global_colors_info=\u00bb{}\u00bb][et_pb_text _builder_version=\u00bb4.23.3&#8243; _module_preset=\u00bbdefault\u00bb custom_margin=\u00bb|||-313px||\u00bb global_colors_info=\u00bb{}\u00bb]<\/p>\n<p style=\"text-align: justify;\"><span>Catedr\u00e1tica de Tecnolog\u00eda Educativa. Imparte TIC aplicadas a la Educaci\u00f3n en la Facultad de Formaci\u00f3n del Profesorado y Educaci\u00f3n, Universidad de Oviedo (Espa\u00f1a). Tiene cinco sexenios de investigaci\u00f3n reconocidos por la Comisi\u00f3n Nacional Evaluadora de la Actividad Investigadora del Ministerio de Ciencia, Innovaci\u00f3n y Universidades. Coordina el Grupo de Investigaci\u00f3n TECN@: Tecnolog\u00eda y Aprendizaje. Es Investigadora Principal de Proyectos competitivos, autora de art\u00edculos en revistas prestigiosas. Sus \u00e1reas de Investigaci\u00f3n son: alfabetizaci\u00f3n digital, videojuegos, RRSS, digital storytelling, realidad aumentada, app, gamificaci\u00f3n, rob\u00f3tica educativa, etc. Ha realizado estancias de investigaci\u00f3n en: Calgary (Canad\u00e1), Poitiers (Francia), Friburgo (Alemania) e ITD G\u00e9nova (Italia). Ha impartido cursos de formaci\u00f3n del profesorado universitario en universidades iberoamericanas (Argentina, Chile, M\u00e9xico y Per\u00fa). Ha coordinado recientemente la obra: Universos narrativos en entornos digitales, Aula Magna-McGraw Hill (2025). <\/span><span><\/span><\/p>\n<p>[\/et_pb_text][\/et_pb_column][\/et_pb_row][et_pb_row _builder_version=\u00bb4.16&#8243; _module_preset=\u00bbdefault\u00bb global_colors_info=\u00bb{}\u00bb][et_pb_column type=\u00bb4_4&#8243; _builder_version=\u00bb4.16&#8243; _module_preset=\u00bbdefault\u00bb global_colors_info=\u00bb{}\u00bb][et_pb_text _builder_version=\u00bb4.23.3&#8243; _module_preset=\u00bbdefault\u00bb global_colors_info=\u00bb{}\u00bb]<\/p>\n<h3>MASSIMILIANO FIORUCCI, Universit\u00e0 Degli Studi Roma Tre<\/h3>\n<p>[\/et_pb_text][\/et_pb_column][\/et_pb_row][et_pb_row column_structure=\u00bb1_2,1_2&#8243; _builder_version=\u00bb4.16&#8243; _module_preset=\u00bbdefault\u00bb global_colors_info=\u00bb{}\u00bb][et_pb_column type=\u00bb1_2&#8243; _builder_version=\u00bb4.23.3&#8243; _module_preset=\u00bbdefault\u00bb global_colors_info=\u00bb{}\u00bb][et_pb_text _builder_version=\u00bb4.23.3&#8243; _module_preset=\u00bbdefault\u00bb width=\u00bb52.5%\u00bb global_colors_info=\u00bb{}\u00bb]<\/p>\n<p><img loading=\"lazy\" decoding=\"async\" src=\"https:\/\/icon.kiobus.org\/edu\/wp-content\/uploads\/2023\/02\/Fiorucci-300x225.jpg\" width=\"197\" height=\"148\" alt=\"\" class=\"wp-image-4569 alignnone size-medium\" \/><\/p>\n<p>[\/et_pb_text][\/et_pb_column][et_pb_column type=\u00bb1_2&#8243; _builder_version=\u00bb4.16&#8243; _module_preset=\u00bbdefault\u00bb global_colors_info=\u00bb{}\u00bb][et_pb_text _builder_version=\u00bb4.23.3&#8243; _module_preset=\u00bbdefault\u00bb custom_margin=\u00bb|||-313px||\u00bb global_colors_info=\u00bb{}\u00bb]<\/p>\n<p style=\"text-align: justify;\"><span>Rector de la Universit\u00e0 degli Studi Roma Tre. Catedr\u00e1tico de Pedagog\u00eda en el Departamento de Ciencias de la Educaci\u00f3n de la Universidad de Roma Tre especializado en Pedagog\u00eda Social e Intercultural. Particip\u00f3 en la primera ronda (2012) de la Calificaci\u00f3n Cient\u00edfica Nacional y obtuvo, en diciembre de 2013, la calificaci\u00f3n como profesor de primer nivel en el Sector de Competencia 11 \/ D1 \u2013 Pedagog\u00eda e Historia de la Pedagog\u00eda (sector cient\u00edfico-disciplinario M-PED \/ 01 \u2013 Pedagog\u00eda general y social.<\/span><\/p>\n<p style=\"text-align: justify;\"><span>Ha sido coordinador del curso de Licenciatura en Ciencias de la Educaci\u00f3n y director del M\u00e1ster de primer nivel en \u00abEducaci\u00f3n intercultural\u00bb. De 2007 a 2013 fue coordinador del Doctorado en Pedagog\u00eda. Ha ocupado el cargo de Coordinador Cient\u00edfico de CREIFOS (Centro di Ricerca sull\u2019Educazione Interculturale e sulla Formazione allo Sviluppo.\u00a0De 2006 a 2013 fue Secretario de la Sociedad Pedag\u00f3gica Italiana (SIPED) y posteriormente Presidente de la misma. Sus intereses de investigaci\u00f3n se centran principalmente en la pedagog\u00eda intercultural, con especial atenci\u00f3n al tema de la mediaci\u00f3n intercultural, tambi\u00e9n con referencia a la literatura migrante. Tambi\u00e9n se ocupa de la pedagog\u00eda social, la educaci\u00f3n y formaci\u00f3n de adultos, el an\u00e1lisis de las necesidades de formaci\u00f3n, la calidad de la educaci\u00f3n y la formaci\u00f3n en las organizaciones.<\/span><\/p>\n<p>[\/et_pb_text][\/et_pb_column][\/et_pb_row][et_pb_row _builder_version=\u00bb4.16&#8243; _module_preset=\u00bbdefault\u00bb global_colors_info=\u00bb{}\u00bb][et_pb_column type=\u00bb4_4&#8243; _builder_version=\u00bb4.16&#8243; _module_preset=\u00bbdefault\u00bb global_colors_info=\u00bb{}\u00bb][et_pb_text _builder_version=\u00bb4.23.3&#8243; _module_preset=\u00bbdefault\u00bb global_colors_info=\u00bb{}\u00bb]<\/p>\n<h3>ALEXANDER L\u00d3PEZ PADR\u00d3N, Universidad T\u00e9cnica de Manab\u00ed<\/h3>\n<p>[\/et_pb_text][\/et_pb_column][\/et_pb_row][et_pb_row column_structure=\u00bb1_2,1_2&#8243; _builder_version=\u00bb4.16&#8243; _module_preset=\u00bbdefault\u00bb global_colors_info=\u00bb{}\u00bb][et_pb_column type=\u00bb1_2&#8243; _builder_version=\u00bb4.23.3&#8243; _module_preset=\u00bbdefault\u00bb global_colors_info=\u00bb{}\u00bb][et_pb_text _builder_version=\u00bb4.23.3&#8243; _module_preset=\u00bbdefault\u00bb width=\u00bb52.5%\u00bb global_colors_info=\u00bb{}\u00bb]<\/p>\n<p><img loading=\"lazy\" decoding=\"async\" src=\"https:\/\/icon.kiobus.org\/edu\/wp-content\/uploads\/2025\/02\/alexander-242x300.jpeg\" width=\"227\" height=\"281\" alt=\"\" class=\"wp-image-8695 alignnone size-medium\" \/><\/p>\n<p>[\/et_pb_text][\/et_pb_column][et_pb_column type=\u00bb1_2&#8243; _builder_version=\u00bb4.16&#8243; _module_preset=\u00bbdefault\u00bb global_colors_info=\u00bb{}\u00bb][et_pb_text _builder_version=\u00bb4.23.3&#8243; _module_preset=\u00bbdefault\u00bb custom_margin=\u00bb|||-291px||\u00bb global_colors_info=\u00bb{}\u00bb]<\/p>\n<p style=\"text-align: justify;\">Doctor en Ciencias Pedag\u00f3gica (Premio Nacional de la Asociaci\u00f3n de Pedagogos de Cuba) con Estudios de Investigaci\u00f3n Posdoctoral en Teor\u00eda y M\u00e9todos Educativos por la Universidad de Alicante (UA). Actualmente es Profesor Principal, Director de Gesti\u00f3n Acad\u00e9mica y Coordinador de la Maestr\u00eda en Educaci\u00f3n con Menci\u00f3n en Pedagog\u00eda en Entornos Digitales de la Universidad T\u00e9cnica de Manab\u00ed (UTM) en Ecuador, as\u00ed como Miembro del grupo de investigaci\u00f3n en Docencia Universitaria-Educaci\u00f3n y Tecnolog\u00edas de la Informaci\u00f3n y Comunicaci\u00f3n\/Educaci\u00f3n Inclusiva (GIDU-EDUTIC\/IN) y la C\u00e1tedra UNESCO de Educaci\u00f3n, Investigaci\u00f3n e Inclusi\u00f3n Digital de la Universidad de Alicante (UA). Ha publicado m\u00e1s de 60 art\u00edculos, libros y cap\u00edtulos de libro en revistas indexadas como IRRODL, P\u00edxel-Bit y American Journal of Distance Education, y editoriales como IGI Global y Peter Lang. Ha participado en diversos proyectos nacionales e internacionales y formado parte de comit\u00e9s cient\u00edficos internacionales y organizadores de congresos, jornadas y seminarios. Su investigaci\u00f3n se centra en la integraci\u00f3n educativa de las Tecnolog\u00edas Digitales e Innovaci\u00f3n educativa.<\/p>\n<p>[\/et_pb_text][\/et_pb_column][\/et_pb_row][et_pb_row _builder_version=\u00bb4.16&#8243; _module_preset=\u00bbdefault\u00bb global_colors_info=\u00bb{}\u00bb][et_pb_column type=\u00bb4_4&#8243; _builder_version=\u00bb4.16&#8243; _module_preset=\u00bbdefault\u00bb global_colors_info=\u00bb{}\u00bb][et_pb_text _builder_version=\u00bb4.23.3&#8243; _module_preset=\u00bbdefault\u00bb global_colors_info=\u00bb{}\u00bb]<\/p>\n<h3>ANTONIO L\u00d3PEZ VEGA, Instituto Tecnol\u00f3gico Aut\u00f3nomo de M\u00e9xico (ITAM)<\/h3>\n<p>[\/et_pb_text][\/et_pb_column][\/et_pb_row][et_pb_row column_structure=\u00bb1_2,1_2&#8243; _builder_version=\u00bb4.16&#8243; _module_preset=\u00bbdefault\u00bb global_colors_info=\u00bb{}\u00bb][et_pb_column type=\u00bb1_2&#8243; _builder_version=\u00bb4.23.3&#8243; _module_preset=\u00bbdefault\u00bb global_colors_info=\u00bb{}\u00bb][et_pb_text _builder_version=\u00bb4.23.3&#8243; _module_preset=\u00bbdefault\u00bb width=\u00bb52.5%\u00bb global_colors_info=\u00bb{}\u00bb]<\/p>\n<p><img loading=\"lazy\" decoding=\"async\" src=\"https:\/\/icon.kiobus.org\/edu\/wp-content\/uploads\/2025\/05\/lopez--289x300.jpg\" width=\"289\" height=\"300\" alt=\"\" class=\"wp-image-9587 alignnone size-medium\" \/><\/p>\n<p>[\/et_pb_text][\/et_pb_column][et_pb_column type=\u00bb1_2&#8243; _builder_version=\u00bb4.16&#8243; _module_preset=\u00bbdefault\u00bb global_colors_info=\u00bb{}\u00bb][et_pb_text _builder_version=\u00bb4.23.3&#8243; _module_preset=\u00bbdefault\u00bb custom_margin=\u00bb|||-291px||\u00bb global_colors_info=\u00bb{}\u00bb]<\/p>\n<p style=\"font-weight: 400;\">Profesor titular de Historia Contempor\u00e1nea de la Universidad Complutense de Madrid y profesor invitado del Instituto Tecnol\u00f3gico Aut\u00f3nomo de M\u00e9xico (ITAM).\u00a0Profesor visitante en numerosas universidades en Europa y Am\u00e9rica -como, por ejemplo, la brit\u00e1nica de Oxford o la mexicanas de Guadalajara-, L\u00f3pez Vega es especialista en historia de los intelectuales, del liberalismo y de las relaciones cient\u00edficas y culturales entre Espa\u00f1a y Am\u00e9rica, entre sus obras destacan Gregorio Mara\u00f1\u00f3n. Radiograf\u00eda de un liberal (Taurus, 2011 -elegido mejor libro del a\u00f1o de No Ficci\u00f3n por El Cultural), 1914. El a\u00f1o que cambi\u00f3 la historia (Taurus, 2011) o como corresponsable de diferentes proyectos de investigaci\u00f3n, ha editado junto a Juan Pablo Fusi: Di\u00e1logos Atl\u00e1nticos. Cultura y ciencia en Espa\u00f1a y Am\u00e9rica en el siglo XX (Galaxia Gutenberg, 2021) y Miradas. El g\u00e9nero biogr\u00e1fico en espa\u00f1ol (Cinca, 2023).Ha publicado\u00a0decenas de cap\u00edtulos de libro y art\u00edculos en revistas acad\u00e9micas incluidas en \u00edndices de calidad sobresalientes \u2013donde tambi\u00e9n ha dirigido algunos monogr\u00e1ficos- como Peter Lang, Asclepio, Arbor, Revista de Occidente, Porta Linguarum, Octaedro, Cuadernos Hispanoamericanos o el Bolet\u00edn de la Real Academia Nacional de Medicina.\u00a0Premio Extraordinario de Licenciatura y Juli\u00e1n Mar\u00edas de Humanidades de la Comunidad de Madrid en la categor\u00eda de menores de 40 a\u00f1os (2012), ha recibido distinciones como la de profesor honorario de las Universidades Santo Toribio de Mogrovejo y San Mart\u00edn de Porres de Per\u00fa, as\u00ed como miembro de la Sociedad Peruana de la Historia. L\u00f3pez Vega,\u00a0es miembro del Consejo de Redacci\u00f3n Revista CIAN-Revista de Historia de las Universidades (2013-actualidad), del Anuario Mexicano de Asuntos Globales (2022-actualidad), de la Revista de Cuadernos de la Guardia Civil\u00a0y es director de las colecciones biograf\u00eda, pensamiento e historia y Cuadernos de Estudios Latinoamericanos de Ediciones Cinca.\u00a0Tras ser director del Instituto Universitario de Investigaci\u00f3n Ortega-Mara\u00f1\u00f3n (2019-2025), ha sido nombrado director para Am\u00e9rica Latina de la Fundaci\u00f3n Ortega-Mara\u00f1\u00f3n. Tambi\u00e9n funge como presidente del Consejo Internacional en red de la Fundaci\u00f3n Gaspar Casal o como miembro del Consejo Asesor de Puy du Fou-Espa\u00f1a,<span>\u00a0<\/span>secretario del Consejo Asesor de la Fundaci\u00f3n Gaspar Casal y Asesor Cient\u00edfico del Museum Jorge Rando de M\u00e1laga.\u00a0Tambi\u00e9n es miembro de Honor de Honor de EvalUE, Evaluateurs &amp; experts de L\u2019Union Europ\u00e9ene.\u00a0<\/p>\n<p>[\/et_pb_text][\/et_pb_column][\/et_pb_row][et_pb_row _builder_version=\u00bb4.16&#8243; _module_preset=\u00bbdefault\u00bb global_colors_info=\u00bb{}\u00bb][et_pb_column type=\u00bb4_4&#8243; _builder_version=\u00bb4.16&#8243; _module_preset=\u00bbdefault\u00bb global_colors_info=\u00bb{}\u00bb][et_pb_text _builder_version=\u00bb4.23.3&#8243; _module_preset=\u00bbdefault\u00bb global_colors_info=\u00bb{}\u00bb]<\/p>\n<h3><span>MAR\u00cdA FERNANDA MEDINA BELTR\u00c1N, Fundaci\u00f3n UNAM (M\u00e9xico)<\/span><\/h3>\n<p>[\/et_pb_text][\/et_pb_column][\/et_pb_row][et_pb_row column_structure=\u00bb1_2,1_2&#8243; _builder_version=\u00bb4.16&#8243; _module_preset=\u00bbdefault\u00bb global_colors_info=\u00bb{}\u00bb][et_pb_column type=\u00bb1_2&#8243; _builder_version=\u00bb4.23.3&#8243; _module_preset=\u00bbdefault\u00bb global_colors_info=\u00bb{}\u00bb][et_pb_text _builder_version=\u00bb4.23.3&#8243; _module_preset=\u00bbdefault\u00bb width=\u00bb52.5%\u00bb global_colors_info=\u00bb{}\u00bb]<\/p>\n<p><img loading=\"lazy\" decoding=\"async\" src=\"https:\/\/icon.kiobus.org\/edu\/wp-content\/uploads\/2025\/05\/fer-202x300.jpg\" width=\"202\" height=\"300\" alt=\"\" class=\"wp-image-9584 alignnone size-medium\" srcset=\"https:\/\/icon.kiobus.org\/edu\/wp-content\/uploads\/2025\/05\/fer-202x300.jpg 202w, https:\/\/icon.kiobus.org\/edu\/wp-content\/uploads\/2025\/05\/fer.jpg 281w\" sizes=\"auto, (max-width: 202px) 100vw, 202px\" \/><\/p>\n<p>[\/et_pb_text][\/et_pb_column][et_pb_column type=\u00bb1_2&#8243; _builder_version=\u00bb4.16&#8243; _module_preset=\u00bbdefault\u00bb global_colors_info=\u00bb{}\u00bb][et_pb_text _builder_version=\u00bb4.23.3&#8243; _module_preset=\u00bbdefault\u00bb custom_margin=\u00bb|||-291px||\u00bb global_colors_info=\u00bb{}\u00bb]<\/p>\n<p>Licenciada en Relaciones Internacionales y Maestra en Derechos Humanos y Paz por el Instituto Tecnol\u00f3gico de Estudios Superiores de Occidente (ITESO, M\u00e9xico) Y M\u00e1ster en Gesti\u00f3n de la Seguridad, Crisis y Emergencias por el Instituto Universitario de Investigaci\u00f3n Ortega Mara\u00f1\u00f3n (IUIOM) y la Universidad Rey Juan Carlos (URJC).\u00a0 Es miembro del Grupo de Investigaci\u00f3n Interdisciplinar en Docencia Universitaria-Educaci\u00f3n y Tecnolog\u00edas de la Informaci\u00f3n y Comunicaci\u00f3n\/Educaci\u00f3n Inclusiva (GIDU-EDUTIC\/IN) de la Universidad de Alicante. Es experta en derechos humanos, migraciones y educaci\u00f3n para la paz. Ha publicado art\u00edculos y cap\u00edtulos de libro en diversas revistas y editoriales incluidas en \u00edndices de calidad sobresalientes como Peter Lang, Porta Linguarum y Octaedro entre otras.\u00a0Es traductora e int\u00e9rprete jur\u00eddica y acad\u00e9mica y Asesora de Proyectos Internacionales en la Fundaci\u00f3n UNAM en M\u00e9xico.<\/p>\n<p>[\/et_pb_text][et_pb_text _builder_version=\u00bb4.23.3&#8243; _module_preset=\u00bbdefault\u00bb global_colors_info=\u00bb{}\u00bb]<\/p>\n<p><a name=\"ponentes\"><\/a><\/p>\n<p>[\/et_pb_text][\/et_pb_column][\/et_pb_row][et_pb_row _builder_version=\u00bb4.23.3&#8243; _module_preset=\u00bbdefault\u00bb background_enable_color=\u00bboff\u00bb custom_margin=\u00bb27px||||false|false\u00bb global_colors_info=\u00bb{}\u00bb][et_pb_column type=\u00bb4_4&#8243; _builder_version=\u00bb4.16&#8243; _module_preset=\u00bbdefault\u00bb global_colors_info=\u00bb{}\u00bb][et_pb_text _builder_version=\u00bb4.23.3&#8243; _module_preset=\u00bbdefault\u00bb global_colors_info=\u00bb{}\u00bb]<\/p>\n<p><a name=\"simposios\"><\/a><\/p>\n<p>[\/et_pb_text][et_pb_cta title=\u00bbPONENCIAS INVITADAS I+D+i\u00bb _builder_version=\u00bb4.23.3&#8243; _module_preset=\u00bbdefault\u00bb custom_padding=\u00bb27px|17px|0px|17px|false|false\u00bb border_radii=\u00bbon|7px|7px|7px|7px\u00bb box_shadow_style=\u00bbpreset3&#8243; global_colors_info=\u00bb{}\u00bb][\/et_pb_cta][\/et_pb_column][\/et_pb_row][et_pb_row _builder_version=\u00bb4.23.3&#8243; _module_preset=\u00bbdefault\u00bb global_colors_info=\u00bb{}\u00bb][et_pb_column type=\u00bb4_4&#8243; _builder_version=\u00bb4.23.3&#8243; _module_preset=\u00bbdefault\u00bb global_colors_info=\u00bb{}\u00bb][et_pb_text _builder_version=\u00bb4.23.3&#8243; _module_preset=\u00bbdefault\u00bb global_colors_info=\u00bb{}\u00bb]<\/p>\n<p>Pr\u00f3ximamente<\/p>\n<p>[\/et_pb_text][\/et_pb_column][\/et_pb_row][et_pb_row _builder_version=\u00bb4.23.3&#8243; _module_preset=\u00bbdefault\u00bb background_enable_color=\u00bboff\u00bb custom_margin=\u00bb27px||||false|false\u00bb global_colors_info=\u00bb{}\u00bb][et_pb_column type=\u00bb4_4&#8243; _builder_version=\u00bb4.16&#8243; _module_preset=\u00bbdefault\u00bb global_colors_info=\u00bb{}\u00bb][et_pb_text _builder_version=\u00bb4.23.3&#8243; _module_preset=\u00bbdefault\u00bb global_colors_info=\u00bb{}\u00bb]<a name=\"expertos\"><\/a>[\/et_pb_text][et_pb_cta title=\u00bbSIMPOSIOS INVITADOS\u00bb _builder_version=\u00bb4.23.3&#8243; _module_preset=\u00bbdefault\u00bb custom_padding=\u00bb27px|17px|0px|17px|false|false\u00bb border_radii=\u00bbon|7px|7px|7px|7px\u00bb box_shadow_style=\u00bbpreset3&#8243; global_colors_info=\u00bb{}\u00bb][\/et_pb_cta][\/et_pb_column][\/et_pb_row][et_pb_row _builder_version=\u00bb4.23.3&#8243; _module_preset=\u00bbdefault\u00bb global_colors_info=\u00bb{}\u00bb][et_pb_column type=\u00bb4_4&#8243; _builder_version=\u00bb4.23.3&#8243; _module_preset=\u00bbdefault\u00bb global_colors_info=\u00bb{}\u00bb][et_pb_text _builder_version=\u00bb4.23.3&#8243; _module_preset=\u00bbdefault\u00bb global_colors_info=\u00bb{}\u00bb]<\/p>\n<p>Pr\u00f3ximamente<\/p>\n<p>[\/et_pb_text][\/et_pb_column][\/et_pb_row][et_pb_row _builder_version=\u00bb4.23.3&#8243; _module_preset=\u00bbdefault\u00bb background_enable_color=\u00bboff\u00bb custom_margin=\u00bb27px||||false|false\u00bb global_colors_info=\u00bb{}\u00bb][et_pb_column type=\u00bb4_4&#8243; _builder_version=\u00bb4.16&#8243; _module_preset=\u00bbdefault\u00bb global_colors_info=\u00bb{}\u00bb][et_pb_cta title=\u00bbPANELES DE EXPERTOS\/AS INVITADOS\/AS\u00bb _builder_version=\u00bb4.23.3&#8243; _module_preset=\u00bbdefault\u00bb custom_padding=\u00bb27px|17px|0px|17px|false|false\u00bb border_radii=\u00bbon|7px|7px|7px|7px\u00bb box_shadow_style=\u00bbpreset3&#8243; global_colors_info=\u00bb{}\u00bb][\/et_pb_cta][\/et_pb_column][\/et_pb_row][et_pb_row _builder_version=\u00bb4.23.3&#8243; _module_preset=\u00bbdefault\u00bb global_colors_info=\u00bb{}\u00bb][et_pb_column type=\u00bb4_4&#8243; _builder_version=\u00bb4.23.3&#8243; _module_preset=\u00bbdefault\u00bb global_colors_info=\u00bb{}\u00bb][et_pb_text _builder_version=\u00bb4.23.3&#8243; _module_preset=\u00bbdefault\u00bb global_colors_info=\u00bb{}\u00bb]<\/p>\n<p>Pr\u00f3ximamente<\/p>\n<p>[\/et_pb_text][\/et_pb_column][\/et_pb_row][\/et_pb_section]<\/p>\n","protected":false},"excerpt":{"rendered":"<p>ICON-edu se celebra de forma\u00a0virtual\u00a0y\u00a0presencial. Cada participante elige una opci\u00f3n u otra, seg\u00fan tarifa de inscripci\u00f3n. 1. PARTICIPANTES MODALIDAD PRESENCIAL: La sede est\u00e1 en el campus de la Universidad de Alicante. Se asiste, seg\u00fan inter\u00e9s de cada persona, a las diversas sesiones acad\u00e9micas y sociales. La zona de credenciales y la sala plenaria est\u00e1 en [&hellip;]<\/p>\n","protected":false},"author":1,"featured_media":0,"parent":0,"menu_order":0,"comment_status":"closed","ping_status":"closed","template":"","meta":{"_et_pb_use_builder":"on","_et_pb_old_content":"","_et_gb_content_width":"","_mc_calendar":[],"footnotes":""},"class_list":["post-912","page","type-page","status-publish","hentry"],"yoast_head":"<!-- This site is optimized with the Yoast SEO plugin v27.5 - https:\/\/yoast.com\/product\/yoast-seo-wordpress\/ -->\n<title>Programa completo - ICON-EDU 2026 - CONGRESO INTERNACIONAL<\/title>\n<meta name=\"robots\" content=\"index, follow, max-snippet:-1, max-image-preview:large, max-video-preview:-1\" \/>\n<link rel=\"canonical\" href=\"https:\/\/icon.kiobus.org\/edu\/programa-completo\/\" \/>\n<meta property=\"og:locale\" content=\"es_ES\" \/>\n<meta property=\"og:type\" content=\"article\" \/>\n<meta property=\"og:title\" content=\"Programa completo - ICON-EDU 2026 - CONGRESO INTERNACIONAL\" \/>\n<meta property=\"og:description\" content=\"ICON-edu se celebra de forma\u00a0virtual\u00a0y\u00a0presencial. Cada participante elige una opci\u00f3n u otra, seg\u00fan tarifa de inscripci\u00f3n. 1. PARTICIPANTES MODALIDAD PRESENCIAL: La sede est\u00e1 en el campus de la Universidad de Alicante. Se asiste, seg\u00fan inter\u00e9s de cada persona, a las diversas sesiones acad\u00e9micas y sociales. La zona de credenciales y la sala plenaria est\u00e1 en [&hellip;]\" \/>\n<meta property=\"og:url\" content=\"https:\/\/icon.kiobus.org\/edu\/programa-completo\/\" \/>\n<meta property=\"og:site_name\" content=\"ICON-EDU 2026 - CONGRESO INTERNACIONAL\" \/>\n<meta property=\"article:publisher\" content=\"https:\/\/www.facebook.com\/ICON-Congress-100571919228676\" \/>\n<meta property=\"article:modified_time\" content=\"2026-04-29T06:30:12+00:00\" \/>\n<meta property=\"og:image\" content=\"https:\/\/icon.kiobus.org\/edu\/wp-content\/uploads\/2025\/01\/4ede66df-92f1-43ad-8763-dc9eb40e1fd4-1.jpg\" \/>\n\t<meta property=\"og:image:width\" content=\"540\" \/>\n\t<meta property=\"og:image:height\" content=\"771\" \/>\n\t<meta property=\"og:image:type\" content=\"image\/jpeg\" \/>\n<meta name=\"twitter:card\" content=\"summary_large_image\" \/>\n<meta name=\"twitter:site\" content=\"@iconcongress\" \/>\n<meta name=\"twitter:label1\" content=\"Tiempo de lectura\" \/>\n\t<meta name=\"twitter:data1\" content=\"22 minutos\" \/>\n<script type=\"application\/ld+json\" class=\"yoast-schema-graph\">{\"@context\":\"https:\\\/\\\/schema.org\",\"@graph\":[{\"@type\":\"WebPage\",\"@id\":\"https:\\\/\\\/icon.kiobus.org\\\/edu\\\/programa-completo\\\/\",\"url\":\"https:\\\/\\\/icon.kiobus.org\\\/edu\\\/programa-completo\\\/\",\"name\":\"Programa completo - ICON-EDU 2026 - CONGRESO INTERNACIONAL\",\"isPartOf\":{\"@id\":\"https:\\\/\\\/icon.kiobus.org\\\/edu\\\/#website\"},\"primaryImageOfPage\":{\"@id\":\"https:\\\/\\\/icon.kiobus.org\\\/edu\\\/programa-completo\\\/#primaryimage\"},\"image\":{\"@id\":\"https:\\\/\\\/icon.kiobus.org\\\/edu\\\/programa-completo\\\/#primaryimage\"},\"thumbnailUrl\":\"https:\\\/\\\/icon.kiobus.org\\\/edu\\\/wp-content\\\/uploads\\\/2025\\\/01\\\/4ede66df-92f1-43ad-8763-dc9eb40e1fd4-1-210x300.jpg\",\"datePublished\":\"2021-11-10T10:10:24+00:00\",\"dateModified\":\"2026-04-29T06:30:12+00:00\",\"breadcrumb\":{\"@id\":\"https:\\\/\\\/icon.kiobus.org\\\/edu\\\/programa-completo\\\/#breadcrumb\"},\"inLanguage\":\"es\",\"potentialAction\":[{\"@type\":\"ReadAction\",\"target\":[\"https:\\\/\\\/icon.kiobus.org\\\/edu\\\/programa-completo\\\/\"]}]},{\"@type\":\"ImageObject\",\"inLanguage\":\"es\",\"@id\":\"https:\\\/\\\/icon.kiobus.org\\\/edu\\\/programa-completo\\\/#primaryimage\",\"url\":\"https:\\\/\\\/icon.kiobus.org\\\/edu\\\/wp-content\\\/uploads\\\/2025\\\/01\\\/4ede66df-92f1-43ad-8763-dc9eb40e1fd4-1.jpg\",\"contentUrl\":\"https:\\\/\\\/icon.kiobus.org\\\/edu\\\/wp-content\\\/uploads\\\/2025\\\/01\\\/4ede66df-92f1-43ad-8763-dc9eb40e1fd4-1.jpg\",\"width\":540,\"height\":771},{\"@type\":\"BreadcrumbList\",\"@id\":\"https:\\\/\\\/icon.kiobus.org\\\/edu\\\/programa-completo\\\/#breadcrumb\",\"itemListElement\":[{\"@type\":\"ListItem\",\"position\":1,\"name\":\"Portada\",\"item\":\"https:\\\/\\\/icon.kiobus.org\\\/edu\\\/\"},{\"@type\":\"ListItem\",\"position\":2,\"name\":\"Programa completo\"}]},{\"@type\":\"WebSite\",\"@id\":\"https:\\\/\\\/icon.kiobus.org\\\/edu\\\/#website\",\"url\":\"https:\\\/\\\/icon.kiobus.org\\\/edu\\\/\",\"name\":\"ICON-EDU 2026 - CONGRESO INTERNACIONAL\",\"description\":\"CONGRESO INTERNACIONAL EDUCACION Y CONOCIMIENTO\",\"publisher\":{\"@id\":\"https:\\\/\\\/icon.kiobus.org\\\/edu\\\/#organization\"},\"potentialAction\":[{\"@type\":\"SearchAction\",\"target\":{\"@type\":\"EntryPoint\",\"urlTemplate\":\"https:\\\/\\\/icon.kiobus.org\\\/edu\\\/?s={search_term_string}\"},\"query-input\":{\"@type\":\"PropertyValueSpecification\",\"valueRequired\":true,\"valueName\":\"search_term_string\"}}],\"inLanguage\":\"es\"},{\"@type\":\"Organization\",\"@id\":\"https:\\\/\\\/icon.kiobus.org\\\/edu\\\/#organization\",\"name\":\"ICON-EDU 2025 - CONGRESO INTERNACIONAL\",\"url\":\"https:\\\/\\\/icon.kiobus.org\\\/edu\\\/\",\"logo\":{\"@type\":\"ImageObject\",\"inLanguage\":\"es\",\"@id\":\"https:\\\/\\\/icon.kiobus.org\\\/edu\\\/#\\\/schema\\\/logo\\\/image\\\/\",\"url\":\"https:\\\/\\\/icon.kiobus.org\\\/edu\\\/wp-content\\\/uploads\\\/2024\\\/12\\\/favicon.png\",\"contentUrl\":\"https:\\\/\\\/icon.kiobus.org\\\/edu\\\/wp-content\\\/uploads\\\/2024\\\/12\\\/favicon.png\",\"width\":500,\"height\":500,\"caption\":\"ICON-EDU 2025 - CONGRESO INTERNACIONAL\"},\"image\":{\"@id\":\"https:\\\/\\\/icon.kiobus.org\\\/edu\\\/#\\\/schema\\\/logo\\\/image\\\/\"},\"sameAs\":[\"https:\\\/\\\/www.facebook.com\\\/ICON-Congress-100571919228676\",\"https:\\\/\\\/x.com\\\/iconcongress\"]}]}<\/script>\n<!-- \/ Yoast SEO plugin. -->","yoast_head_json":{"title":"Programa completo - ICON-EDU 2026 - CONGRESO INTERNACIONAL","robots":{"index":"index","follow":"follow","max-snippet":"max-snippet:-1","max-image-preview":"max-image-preview:large","max-video-preview":"max-video-preview:-1"},"canonical":"https:\/\/icon.kiobus.org\/edu\/programa-completo\/","og_locale":"es_ES","og_type":"article","og_title":"Programa completo - ICON-EDU 2026 - CONGRESO INTERNACIONAL","og_description":"ICON-edu se celebra de forma\u00a0virtual\u00a0y\u00a0presencial. Cada participante elige una opci\u00f3n u otra, seg\u00fan tarifa de inscripci\u00f3n. 1. PARTICIPANTES MODALIDAD PRESENCIAL: La sede est\u00e1 en el campus de la Universidad de Alicante. Se asiste, seg\u00fan inter\u00e9s de cada persona, a las diversas sesiones acad\u00e9micas y sociales. La zona de credenciales y la sala plenaria est\u00e1 en [&hellip;]","og_url":"https:\/\/icon.kiobus.org\/edu\/programa-completo\/","og_site_name":"ICON-EDU 2026 - CONGRESO INTERNACIONAL","article_publisher":"https:\/\/www.facebook.com\/ICON-Congress-100571919228676","article_modified_time":"2026-04-29T06:30:12+00:00","og_image":[{"width":540,"height":771,"url":"https:\/\/icon.kiobus.org\/edu\/wp-content\/uploads\/2025\/01\/4ede66df-92f1-43ad-8763-dc9eb40e1fd4-1.jpg","type":"image\/jpeg"}],"twitter_card":"summary_large_image","twitter_site":"@iconcongress","twitter_misc":{"Tiempo de lectura":"22 minutos"},"schema":{"@context":"https:\/\/schema.org","@graph":[{"@type":"WebPage","@id":"https:\/\/icon.kiobus.org\/edu\/programa-completo\/","url":"https:\/\/icon.kiobus.org\/edu\/programa-completo\/","name":"Programa completo - ICON-EDU 2026 - CONGRESO INTERNACIONAL","isPartOf":{"@id":"https:\/\/icon.kiobus.org\/edu\/#website"},"primaryImageOfPage":{"@id":"https:\/\/icon.kiobus.org\/edu\/programa-completo\/#primaryimage"},"image":{"@id":"https:\/\/icon.kiobus.org\/edu\/programa-completo\/#primaryimage"},"thumbnailUrl":"https:\/\/icon.kiobus.org\/edu\/wp-content\/uploads\/2025\/01\/4ede66df-92f1-43ad-8763-dc9eb40e1fd4-1-210x300.jpg","datePublished":"2021-11-10T10:10:24+00:00","dateModified":"2026-04-29T06:30:12+00:00","breadcrumb":{"@id":"https:\/\/icon.kiobus.org\/edu\/programa-completo\/#breadcrumb"},"inLanguage":"es","potentialAction":[{"@type":"ReadAction","target":["https:\/\/icon.kiobus.org\/edu\/programa-completo\/"]}]},{"@type":"ImageObject","inLanguage":"es","@id":"https:\/\/icon.kiobus.org\/edu\/programa-completo\/#primaryimage","url":"https:\/\/icon.kiobus.org\/edu\/wp-content\/uploads\/2025\/01\/4ede66df-92f1-43ad-8763-dc9eb40e1fd4-1.jpg","contentUrl":"https:\/\/icon.kiobus.org\/edu\/wp-content\/uploads\/2025\/01\/4ede66df-92f1-43ad-8763-dc9eb40e1fd4-1.jpg","width":540,"height":771},{"@type":"BreadcrumbList","@id":"https:\/\/icon.kiobus.org\/edu\/programa-completo\/#breadcrumb","itemListElement":[{"@type":"ListItem","position":1,"name":"Portada","item":"https:\/\/icon.kiobus.org\/edu\/"},{"@type":"ListItem","position":2,"name":"Programa completo"}]},{"@type":"WebSite","@id":"https:\/\/icon.kiobus.org\/edu\/#website","url":"https:\/\/icon.kiobus.org\/edu\/","name":"ICON-EDU 2026 - CONGRESO INTERNACIONAL","description":"CONGRESO INTERNACIONAL EDUCACION Y CONOCIMIENTO","publisher":{"@id":"https:\/\/icon.kiobus.org\/edu\/#organization"},"potentialAction":[{"@type":"SearchAction","target":{"@type":"EntryPoint","urlTemplate":"https:\/\/icon.kiobus.org\/edu\/?s={search_term_string}"},"query-input":{"@type":"PropertyValueSpecification","valueRequired":true,"valueName":"search_term_string"}}],"inLanguage":"es"},{"@type":"Organization","@id":"https:\/\/icon.kiobus.org\/edu\/#organization","name":"ICON-EDU 2025 - CONGRESO INTERNACIONAL","url":"https:\/\/icon.kiobus.org\/edu\/","logo":{"@type":"ImageObject","inLanguage":"es","@id":"https:\/\/icon.kiobus.org\/edu\/#\/schema\/logo\/image\/","url":"https:\/\/icon.kiobus.org\/edu\/wp-content\/uploads\/2024\/12\/favicon.png","contentUrl":"https:\/\/icon.kiobus.org\/edu\/wp-content\/uploads\/2024\/12\/favicon.png","width":500,"height":500,"caption":"ICON-EDU 2025 - CONGRESO INTERNACIONAL"},"image":{"@id":"https:\/\/icon.kiobus.org\/edu\/#\/schema\/logo\/image\/"},"sameAs":["https:\/\/www.facebook.com\/ICON-Congress-100571919228676","https:\/\/x.com\/iconcongress"]}]}},"_links":{"self":[{"href":"https:\/\/icon.kiobus.org\/edu\/wp-json\/wp\/v2\/pages\/912","targetHints":{"allow":["GET"]}}],"collection":[{"href":"https:\/\/icon.kiobus.org\/edu\/wp-json\/wp\/v2\/pages"}],"about":[{"href":"https:\/\/icon.kiobus.org\/edu\/wp-json\/wp\/v2\/types\/page"}],"author":[{"embeddable":true,"href":"https:\/\/icon.kiobus.org\/edu\/wp-json\/wp\/v2\/users\/1"}],"replies":[{"embeddable":true,"href":"https:\/\/icon.kiobus.org\/edu\/wp-json\/wp\/v2\/comments?post=912"}],"version-history":[{"count":392,"href":"https:\/\/icon.kiobus.org\/edu\/wp-json\/wp\/v2\/pages\/912\/revisions"}],"predecessor-version":[{"id":11807,"href":"https:\/\/icon.kiobus.org\/edu\/wp-json\/wp\/v2\/pages\/912\/revisions\/11807"}],"wp:attachment":[{"href":"https:\/\/icon.kiobus.org\/edu\/wp-json\/wp\/v2\/media?parent=912"}],"curies":[{"name":"wp","href":"https:\/\/api.w.org\/{rel}","templated":true}]}}