{"id":912,"date":"2021-11-10T11:10:24","date_gmt":"2021-11-10T10:10:24","guid":{"rendered":"https:\/\/icon.kiobus.org\/huma\/edicion2024\/?page_id=912"},"modified":"2025-03-14T09:12:36","modified_gmt":"2025-03-14T08:12:36","slug":"programa-completo","status":"publish","type":"page","link":"https:\/\/icon.kiobus.org\/huma\/edicion2024\/programa-completo\/","title":{"rendered":"Programa completo"},"content":{"rendered":"<p>[et_pb_section fb_built=\u00bb1&#8243; _builder_version=\u00bb4.14.6&#8243; custom_margin=\u00bb0px||||false|false\u00bb custom_padding=\u00bb0px||||false|false\u00bb animation_style=\u00bbfade\u00bb collapsed=\u00bboff\u00bb global_colors_info=\u00bb{}\u00bb][et_pb_row _builder_version=\u00bb4.14.6&#8243; _module_preset=\u00bbdefault\u00bb custom_margin=\u00bb0px||||false|false\u00bb custom_padding=\u00bb0px||||false|false\u00bb global_colors_info=\u00bb{}\u00bb][et_pb_column type=\u00bb4_4&#8243; _builder_version=\u00bb4.14.6&#8243; _module_preset=\u00bbdefault\u00bb global_colors_info=\u00bb{}\u00bb][et_pb_text _builder_version=\u00bb4.14.6&#8243; _module_preset=\u00bbdefault\u00bb global_colors_info=\u00bb{}\u00bb]<a name=\"programa\"><\/a>[\/et_pb_text][et_pb_cta title=\u00bbPrograma \u00bb button_text=\u00bbClics\u00bb admin_label=\u00bbLlamada a la acci\u00f3n &#8211; Programa (cronograma)\u00bb _builder_version=\u00bb4.14.6&#8243; _module_preset=\u00bbdefault\u00bb header_font=\u00bb|300|||||||\u00bb header_text_color=\u00bb#4FC1ED\u00bb header_font_size=\u00bb42px\u00bb background_enable_color=\u00bboff\u00bb custom_padding=\u00bb27px||0px||false|false\u00bb border_width_top=\u00bb4px\u00bb border_color_top=\u00bb#4FC1ED\u00bb border_width_bottom=\u00bb4px\u00bb border_color_bottom=\u00bb#4FC1ED\u00bb global_colors_info=\u00bb{}\u00bb][\/et_pb_cta][\/et_pb_column][\/et_pb_row][et_pb_row _builder_version=\u00bb4.14.6&#8243; _module_preset=\u00bbdefault\u00bb global_colors_info=\u00bb{}\u00bb][et_pb_column type=\u00bb4_4&#8243; _builder_version=\u00bb4.14.6&#8243; _module_preset=\u00bbdefault\u00bb global_colors_info=\u00bb{}\u00bb][et_pb_tabs _builder_version=\u00bb4.14.6&#8243; _module_preset=\u00bbdefault\u00bb hover_enabled=\u00bb0&#8243; global_colors_info=\u00bb{}\u00bb sticky_enabled=\u00bb0&#8243;][et_pb_tab title=\u00bb27 de noviembre\u00bb _builder_version=\u00bb4.14.6&#8243; _module_preset=\u00bbdefault\u00bb hover_enabled=\u00bb0&#8243; global_colors_info=\u00bb{}\u00bb sticky_enabled=\u00bb0&#8243;]<\/p>\n<p><span style=\"color: #993300;\"><strong>D\u00cdA 27 DE NOVIEMBRE:<\/strong><\/span><\/p>\n<h4><span style=\"color: #800000;\">&#8211; Desde las 9:00 hs. (CET) inicio del Congreso (virtual)<\/span><\/h4>\n<p>Visita, navegaci\u00f3n por las respectivas Salas para la visualizaci\u00f3n de las aportaciones y participaci\u00f3n en los foros.<\/p>\n<p><a href=\"https:\/\/rooms.icon.kiobus.org\/\" target=\"_blank\" rel=\"noopener\"><img loading=\"lazy\" decoding=\"async\" src=\"https:\/\/icon.kiobus.org\/huma\/edicion2024\/wp-content\/uploads\/2023\/11\/plataforma-300x160.jpg\" width=\"315\" height=\"168\" alt=\"\" class=\"wp-image-7144 alignnone size-medium\" \/><\/a><\/p>\n<h4><span style=\"color: #800000;\">&#8211; De 10:00 hs. a 10:30 hs. Sesi\u00f3n inaugural (presencial y por videostreaming)<\/span><\/h4>\n<ul>\n<li>Profa. Dra. Maribel Beltr\u00e1n Rico, Directora del Secretariado de Estructuras para la Investigaci\u00f3n, Universidad de Alicante<\/li>\n<li>Prof. Dr. Dr. Vicent Martines P\u00e9rez,\u00a0\u00a0Presidente ICON-huma y Director Seu Universit\u00e0ria La Nucia, Universidad de Alicante<\/li>\n<li>Profa. Dra. Rosabel Roig Vila, Directora C\u00e1tedra UNESCO de Educaci\u00f3n, Investigaci\u00f3n e Inclusi\u00f3n Digital, Presidenta ICON-edu, Universidad de Alicante<\/li>\n<li>Prof. Dr. Jordi Antol\u00ed Mart\u00ednez, Secretario ICON-huma, Universidad de Alicante<\/li>\n<\/ul>\n<p><strong><span style=\"color: #800000;\">Localizaci\u00f3n: Aula Magna de la Facultad de Filosof\u00eda y Letras, Campus de la Universidad de Alicante.\u00a0<\/span><\/strong><\/p>\n<p><span style=\"color: #800000;\">Enlace videostreaming en la plataforma<\/span><\/p>\n<h4><span style=\"color: #800000;\">&#8211; De 10:30 hs. a 11:30 hs. Mesa redonda (presencial y por videostreaming)<\/span><\/h4>\n<ul>\n<li style=\"list-style-type: none;\">\n<ul>\n<li>\n<div>(en breve m\u00e1s detalles)<\/div>\n<\/li>\n<\/ul>\n<\/li>\n<\/ul>\n<p><strong><span style=\"color: #800000;\">Localizaci\u00f3n: Aula Magna de la Facultad de Filosof\u00eda y Letras, Campus de la Universidad de Alicante.\u00a0<\/span><\/strong><\/p>\n<p><span style=\"color: #800000;\">Enlace videostreaming en la plataforma<\/span><\/p>\n<p><strong><span style=\"color: #800000;\">&#8211; De 11:30 en adelante el Congreso discurrir\u00e1 de forma as\u00edncrona en la plataforma.<\/span><\/strong><\/p>\n<p>[\/et_pb_tab][et_pb_tab title=\u00bb28 de noviembre\u00bb _builder_version=\u00bb4.14.6&#8243; _module_preset=\u00bbdefault\u00bb hover_enabled=\u00bb0&#8243; global_colors_info=\u00bb{}\u00bb sticky_enabled=\u00bb0&#8243;]<\/p>\n<p><span style=\"color: #993300;\"><strong><span class=\"KfQeJ\">D\u00cdA 28 DE NOVIEMBRE:<\/span><\/strong><\/span><\/p>\n<p><span style=\"color: #993300;\"><strong><span class=\"KfQeJ\">&#8211; Durante todo el d\u00eda, contin\u00faa el Congreso en la Plataforma virtual de forma as\u00edncrona.<\/span><\/strong><\/span><\/p>\n<p><a href=\"https:\/\/rooms.icon.kiobus.org\/\" target=\"_blank\" rel=\"noopener\"> <img loading=\"lazy\" decoding=\"async\" src=\"https:\/\/icon.kiobus.org\/huma\/edicion2024\/wp-content\/uploads\/2023\/11\/plataforma-300x160.jpg\" width=\"313\" height=\"167\" alt=\"\" class=\"wp-image-7144 alignnone size-medium\" \/><\/a><\/p>\n<p>&nbsp;<\/p>\n<p>[\/et_pb_tab][et_pb_tab title=\u00bb\u00bfC\u00f3mo se desarrolla el Congreso?\u00bb _builder_version=\u00bb4.14.6&#8243; _module_preset=\u00bbdefault\u00bb global_colors_info=\u00bb{}\u00bb]<\/p>\n<p><span style=\"color: #800000;\"><strong>Desarrollo del Congreso:<\/strong><\/span><\/p>\n<ul>\n<li>ICON-huma 2024 <strong>se celebra de forma<\/strong><span>\u00a0<\/span><strong>virtual<\/strong><span>\u00a0 a trav\u00e9s de una <\/span>plataforma dise\u00f1ada<span>\u00a0<\/span><em>ad hoc<\/em><span>\u00a0<\/span>para el Congreso.<\/li>\n<li>El enlace a la plataforma es: <a href=\"https:\/\/rooms.icon.kiobus.org\/\" target=\"_blank\" rel=\"noopener\">https:\/\/rooms.icon.kiobus.org\/<\/a><\/li>\n<\/ul>\n<ul>\n<li>Todos los participantes pueden acceder a la<span>\u00a0<\/span>plataforma de ICON-huma desde el primer d\u00eda del congreso, siguiendo las instrucciones recibidas por email d\u00edas antes. Se trata de una plataforma muy intuitiva.<\/li>\n<li>Cuando un participante entra en la plataforma, puede acceder a todas las aportaciones (ponencias invitadas I+D+i, simposios invitados, comunicaciones, p\u00f3steres, etc.) en formato v\u00eddeo, presentaci\u00f3n de diapositivas o texto.<\/li>\n<li>Adem\u00e1s del congreso virtual, la sesi\u00f3n inaugural y de clausura, as\u00ed como otras sesiones, se desarrollan de forma presencial y por videostreaming (ver programa).<\/li>\n<li>Las presentaciones de las aportaciones (ponencias invitadas I+D+i, simposios invitados, comunicaciones y p\u00f3steres) no tienen un horario fijado, es decir, NO se presentan de forma s\u00edncrona. Est\u00e1n desde el principio del congreso en la plataforma ya que previamente deben ser remitidas por el autor de contacto en las fechas se\u00f1aladas:\n<ul>\n<li>V\u00e9ase toda la explicaci\u00f3n para remitir las presentaciones en \u00ab<a href=\"https:\/\/icon.kiobus.org\/huma\/edicion2024\/proceso-de-envio\/\">Proceso de env\u00edo<\/a>\u00bb (apartado 3).<\/li>\n<\/ul>\n<\/li>\n<li>El debate\/preguntas y respuestas se hace a trav\u00e9s de los foros de la plataforma.<\/li>\n<li>Si un participante no puede acceder a la plataforma, debe escribir un email a <a href=\"mailto:icon.congress@ua.es\">icon.huma@ua.es<\/a><\/li>\n<\/ul>\n<p>&nbsp;<\/p>\n<p>[\/et_pb_tab][\/et_pb_tabs][\/et_pb_column][\/et_pb_row][et_pb_row _builder_version=\u00bb4.14.6&#8243; _module_preset=\u00bbdefault\u00bb custom_margin=\u00bb0px||||false|false\u00bb custom_padding=\u00bb0px||||false|false\u00bb global_colors_info=\u00bb{}\u00bb][et_pb_column type=\u00bb4_4&#8243; _builder_version=\u00bb4.14.6&#8243; _module_preset=\u00bbdefault\u00bb global_colors_info=\u00bb{}\u00bb][et_pb_text _builder_version=\u00bb4.14.6&#8243; _module_preset=\u00bbdefault\u00bb global_colors_info=\u00bb{}\u00bb]<a name=\"programa\"><\/a>[\/et_pb_text][et_pb_cta title=\u00bbPonentes\u00bb button_text=\u00bbClics\u00bb admin_label=\u00bbLlamada a la acci\u00f3n &#8211; Programa (cronograma)\u00bb _builder_version=\u00bb4.14.6&#8243; _module_preset=\u00bbdefault\u00bb header_font=\u00bb|300|||||||\u00bb header_text_color=\u00bb#4FC1ED\u00bb header_font_size=\u00bb42px\u00bb background_enable_color=\u00bboff\u00bb custom_padding=\u00bb27px||0px||false|false\u00bb border_width_top=\u00bb4px\u00bb border_color_top=\u00bb#4FC1ED\u00bb border_width_bottom=\u00bb4px\u00bb border_color_bottom=\u00bb#4FC1ED\u00bb global_colors_info=\u00bb{}\u00bb][\/et_pb_cta][\/et_pb_column][\/et_pb_row][et_pb_row _builder_version=\u00bb4.14.6&#8243; _module_preset=\u00bbdefault\u00bb global_colors_info=\u00bb{}\u00bb][et_pb_column type=\u00bb4_4&#8243; _builder_version=\u00bb4.14.6&#8243; _module_preset=\u00bbdefault\u00bb global_colors_info=\u00bb{}\u00bb][et_pb_text _builder_version=\u00bb4.14.6&#8243; _module_preset=\u00bbdefault\u00bb global_colors_info=\u00bb{}\u00bb]<\/p>\n<h3><span>Profa. Dra. Elena Ba\u00f1ares Marivela,\u00a0<\/span><span>Universidad Complutense de Madrid<\/span><\/h3>\n<p>[\/et_pb_text][\/et_pb_column][\/et_pb_row][et_pb_row column_structure=\u00bb1_2,1_2&#8243; _builder_version=\u00bb4.14.6&#8243; _module_preset=\u00bbdefault\u00bb global_colors_info=\u00bb{}\u00bb][et_pb_column type=\u00bb1_2&#8243; _builder_version=\u00bb4.14.6&#8243; _module_preset=\u00bbdefault\u00bb global_colors_info=\u00bb{}\u00bb][et_pb_text _builder_version=\u00bb4.14.6&#8243; _module_preset=\u00bbdefault\u00bb width=\u00bb70.6%\u00bb global_colors_info=\u00bb{}\u00bb]<\/p>\n<p><img loading=\"lazy\" decoding=\"async\" src=\"https:\/\/icon.kiobus.org\/huma\/edicion2024\/wp-content\/uploads\/2024\/06\/Elena-Banares_Marivela-2.jpg\" width=\"250\" height=\"300\" alt=\"\" class=\"wp-image-7238 alignnone size-full\" \/><\/p>\n<p>[\/et_pb_text][\/et_pb_column][et_pb_column type=\u00bb1_2&#8243; _builder_version=\u00bb4.14.6&#8243; _module_preset=\u00bbdefault\u00bb global_colors_info=\u00bb{}\u00bb][et_pb_text _builder_version=\u00bb4.14.6&#8243; _module_preset=\u00bbdefault\u00bb custom_margin=\u00bb|||-195px||\u00bb global_colors_info=\u00bb{}\u00bb]<\/p>\n<p>Licenciada en Filolog\u00eda Inglesa, Experta en Aprendizaje Cooperativo y M\u00e1ster en Tecnolog\u00edas Educativas aplicadas a la ense\u00f1anza del ingl\u00e9s. Doctora en Educaci\u00f3n por la Universidad de Alcal\u00e1 (UAH). De 2009 a 2014, Presidenta de la Junta directiva de TESOL-Spain,\u00a0 y Coordinadora de SIGs (Special Interest Groups) y de la 34\u00aa Convenci\u00f3n nacional. Editora de la revista TESOL-Spain Newsletter. Actualmente, es Profesora Asociada de la Facultad de Educaci\u00f3n UCM y profesora de Educaci\u00f3n Secundaria y Bachillerato. Miembro del grupo de investigaci\u00f3n consolidado DETECESE de la UCM.<\/p>\n<p>[\/et_pb_text][\/et_pb_column][\/et_pb_row][et_pb_row _builder_version=\u00bb4.14.6&#8243; _module_preset=\u00bbdefault\u00bb global_colors_info=\u00bb{}\u00bb][et_pb_column type=\u00bb4_4&#8243; _builder_version=\u00bb4.14.6&#8243; _module_preset=\u00bbdefault\u00bb global_colors_info=\u00bb{}\u00bb][et_pb_text _builder_version=\u00bb4.14.6&#8243; _module_preset=\u00bbdefault\u00bb global_colors_info=\u00bb{}\u00bb]<\/p>\n<h3><span>D. Carlos Barroso Moreno,\u00a0<\/span><span>Universidad Complutense de Madrid<\/span><\/h3>\n<p>[\/et_pb_text][\/et_pb_column][\/et_pb_row][et_pb_row column_structure=\u00bb1_2,1_2&#8243; _builder_version=\u00bb4.14.6&#8243; _module_preset=\u00bbdefault\u00bb global_colors_info=\u00bb{}\u00bb][et_pb_column type=\u00bb1_2&#8243; _builder_version=\u00bb4.14.6&#8243; _module_preset=\u00bbdefault\u00bb global_colors_info=\u00bb{}\u00bb][et_pb_text _builder_version=\u00bb4.14.6&#8243; _module_preset=\u00bbdefault\u00bb width=\u00bb70.6%\u00bb global_colors_info=\u00bb{}\u00bb]<\/p>\n<p><img loading=\"lazy\" decoding=\"async\" src=\"https:\/\/icon.kiobus.org\/huma\/edicion2024\/wp-content\/uploads\/2024\/06\/Autor_Carlos_Barroso_Moreno-274x300.jpg\" width=\"274\" height=\"300\" alt=\"\" class=\"wp-image-7240 alignnone size-medium\" srcset=\"https:\/\/icon.kiobus.org\/huma\/edicion2024\/wp-content\/uploads\/2024\/06\/Autor_Carlos_Barroso_Moreno-274x300.jpg 274w, https:\/\/icon.kiobus.org\/huma\/edicion2024\/wp-content\/uploads\/2024\/06\/Autor_Carlos_Barroso_Moreno.jpg 446w\" sizes=\"(max-width: 274px) 100vw, 274px\" \/><\/p>\n<p>[\/et_pb_text][\/et_pb_column][et_pb_column type=\u00bb1_2&#8243; _builder_version=\u00bb4.14.6&#8243; _module_preset=\u00bbdefault\u00bb global_colors_info=\u00bb{}\u00bb][et_pb_text _builder_version=\u00bb4.14.6&#8243; _module_preset=\u00bbdefault\u00bb custom_margin=\u00bb|||-195px||\u00bb global_colors_info=\u00bb{}\u00bb]<\/p>\n<p>Graduado en Ingenier\u00eda en Sistemas de Telecomunicaci\u00f3n y ADE en la URJC, con formaci\u00f3n en M\u00e1ster del Profesorado por la UEM. Actualmente, Doctorando en Educaci\u00f3n en la Universidad Complutense de Madrid, Espa\u00f1a. Su formaci\u00f3n se origina en el campo de la Ingenier\u00eda de Telecomunicaciones. Se desempe\u00f1a como analista de datos en Telef\u00f3nica, compaginando esta actividad como Personal Laboral Investigador en el Programa de Excelencia del Profesorado universitario (V PRICIT-Comunidad de Madrid). Miembro del consolidado grupo de investigaci\u00f3n de DETECESE de la UCM. Menci\u00f3n de estudiante Excelente en el curso 2020\/2021 URJC, miembro de la Sociedad Espa\u00f1ola De Excelencia Acad\u00e9mica (SEDEA) y galardonado a nivel nacional por el Colegio Oficial de Ingenieros de Telecomunicaci\u00f3n T\u00e9cnico (COITT), galadonado por la URJC (Cadena Ser).<\/p>\n<p>[\/et_pb_text][\/et_pb_column][\/et_pb_row][et_pb_row _builder_version=\u00bb4.14.6&#8243; _module_preset=\u00bbdefault\u00bb global_colors_info=\u00bb{}\u00bb][et_pb_column type=\u00bb4_4&#8243; _builder_version=\u00bb4.14.6&#8243; _module_preset=\u00bbdefault\u00bb global_colors_info=\u00bb{}\u00bb][et_pb_text _builder_version=\u00bb4.14.6&#8243; _module_preset=\u00bbdefault\u00bb global_colors_info=\u00bb{}\u00bb]<\/p>\n<h3><span>Profa. Dra. Ana Mar\u00eda de las Heras Cuenca,\u00a0<\/span><span>Universidad Complutense de Madrid<\/span><\/h3>\n<p>[\/et_pb_text][\/et_pb_column][\/et_pb_row][et_pb_row column_structure=\u00bb1_2,1_2&#8243; _builder_version=\u00bb4.14.6&#8243; _module_preset=\u00bbdefault\u00bb global_colors_info=\u00bb{}\u00bb][et_pb_column type=\u00bb1_2&#8243; _builder_version=\u00bb4.14.6&#8243; _module_preset=\u00bbdefault\u00bb global_colors_info=\u00bb{}\u00bb][et_pb_text _builder_version=\u00bb4.14.6&#8243; _module_preset=\u00bbdefault\u00bb width=\u00bb70.6%\u00bb global_colors_info=\u00bb{}\u00bb]<\/p>\n<p><img loading=\"lazy\" decoding=\"async\" src=\"https:\/\/icon.kiobus.org\/huma\/edicion2024\/wp-content\/uploads\/2024\/06\/Captura-203x300.jpg\" width=\"203\" height=\"300\" alt=\"\" class=\"wp-image-7267 alignnone size-medium\" srcset=\"https:\/\/icon.kiobus.org\/huma\/edicion2024\/wp-content\/uploads\/2024\/06\/Captura-203x300.jpg 203w, https:\/\/icon.kiobus.org\/huma\/edicion2024\/wp-content\/uploads\/2024\/06\/Captura.jpg 411w\" sizes=\"(max-width: 203px) 100vw, 203px\" \/><\/p>\n<p>[\/et_pb_text][\/et_pb_column][et_pb_column type=\u00bb1_2&#8243; _builder_version=\u00bb4.14.6&#8243; _module_preset=\u00bbdefault\u00bb global_colors_info=\u00bb{}\u00bb][et_pb_text _builder_version=\u00bb4.14.6&#8243; _module_preset=\u00bbdefault\u00bb custom_margin=\u00bb|||-195px||\u00bb global_colors_info=\u00bb{}\u00bb]<\/p>\n<p>Profesora Contratada Doctor en la UCM en el \u00e1rea de Did\u00e1ctica y Organizaci\u00f3n Escolar, acreditada para el cuerpo de Profesor Titular de Universidad. Desde el a\u00f1o 2009 es miembro del grupo consolidado de investigaci\u00f3n de la UCM: \u00abDesarrollo tecnol\u00f3gico, exclusi\u00f3n sociocultural y educaci\u00f3n\u00bb. Miembro del equipo de investigaci\u00f3n en diferentes proyectos de investigaci\u00f3n en convocatorias competitivas. Su l\u00ednea de trabajo se centra en la indagaci\u00f3n sobre el uso de los recursos tecnol\u00f3gicos, concretamente de la narraci\u00f3n visual, en la formaci\u00f3n del profesorado desde un enfoque inclusivo. Cuenta con m\u00e1s de 30 publicaciones y participado como ponente en m\u00faltiples Congresos y Conferencias nacionales e internacionales.<\/p>\n<p>[\/et_pb_text][\/et_pb_column][\/et_pb_row][et_pb_row _builder_version=\u00bb4.14.6&#8243; _module_preset=\u00bbdefault\u00bb global_colors_info=\u00bb{}\u00bb][et_pb_column type=\u00bb4_4&#8243; _builder_version=\u00bb4.14.6&#8243; _module_preset=\u00bbdefault\u00bb global_colors_info=\u00bb{}\u00bb][et_pb_text _builder_version=\u00bb4.14.6&#8243; _module_preset=\u00bbdefault\u00bb global_colors_info=\u00bb{}\u00bb]<\/p>\n<h3><span>Prof. Dr. Jos\u00e9 Hern\u00e1ndez Ortega, Universidad Complutense de Madrid<\/span><\/h3>\n<p>[\/et_pb_text][\/et_pb_column][\/et_pb_row][et_pb_row column_structure=\u00bb1_2,1_2&#8243; _builder_version=\u00bb4.14.6&#8243; _module_preset=\u00bbdefault\u00bb global_colors_info=\u00bb{}\u00bb][et_pb_column type=\u00bb1_2&#8243; _builder_version=\u00bb4.14.6&#8243; _module_preset=\u00bbdefault\u00bb global_colors_info=\u00bb{}\u00bb][et_pb_text _builder_version=\u00bb4.14.6&#8243; _module_preset=\u00bbdefault\u00bb width=\u00bb70.6%\u00bb global_colors_info=\u00bb{}\u00bb]<\/p>\n<p><img loading=\"lazy\" decoding=\"async\" src=\"https:\/\/icon.kiobus.org\/huma\/edicion2024\/wp-content\/uploads\/2024\/06\/Aurtor_Jose_Hernandez-Ortega-300x300.png\" width=\"300\" height=\"300\" alt=\"\" class=\"wp-image-7241 alignnone size-medium\" \/><\/p>\n<p>[\/et_pb_text][\/et_pb_column][et_pb_column type=\u00bb1_2&#8243; _builder_version=\u00bb4.14.6&#8243; _module_preset=\u00bbdefault\u00bb global_colors_info=\u00bb{}\u00bb][et_pb_text _builder_version=\u00bb4.14.6&#8243; _module_preset=\u00bbdefault\u00bb custom_margin=\u00bb|||-195px||\u00bb global_colors_info=\u00bb{}\u00bb]<\/p>\n<p>En la actualidad es Profesor Ayudante Doctor en la Facultad de Educaci\u00f3n de la UCM, miembro del grupo de investigaci\u00f3n DETECESE (Desarrollo Tecnol\u00f3gico, Exclusi\u00f3n Sociocultural y Educaci\u00f3n), grupo consolidado de la UCM, validado en julio 2023 por la Agencia Estatal de Investigaci\u00f3n. I Premio de Investigaci\u00f3n del Centro de Estudios Financieros, dotado con 9000\u20ac a la mejor investigaci\u00f3n presentada en 2019, en la categor\u00eda de Educaci\u00f3n y Nuevas Tecnolog\u00edas. Su l\u00ednea de investigaci\u00f3n gira en torno al valor semi\u00f3tico de la multimodalidad en entornos digitales transmedia y la formaci\u00f3n del profesorado.<\/p>\n<p>[\/et_pb_text][\/et_pb_column][\/et_pb_row][et_pb_row _builder_version=\u00bb4.14.6&#8243; _module_preset=\u00bbdefault\u00bb global_colors_info=\u00bb{}\u00bb][et_pb_column type=\u00bb4_4&#8243; _builder_version=\u00bb4.14.6&#8243; _module_preset=\u00bbdefault\u00bb global_colors_info=\u00bb{}\u00bb][et_pb_text _builder_version=\u00bb4.14.6&#8243; _module_preset=\u00bbdefault\u00bb global_colors_info=\u00bb{}\u00bb]<\/p>\n<h3><span>Profa. Dra. Laura Ray\u00f3n Rumayor, Universidad Complutense de Madrid<\/span><\/h3>\n<p>[\/et_pb_text][\/et_pb_column][\/et_pb_row][et_pb_row column_structure=\u00bb1_2,1_2&#8243; _builder_version=\u00bb4.14.6&#8243; _module_preset=\u00bbdefault\u00bb global_colors_info=\u00bb{}\u00bb][et_pb_column type=\u00bb1_2&#8243; _builder_version=\u00bb4.14.6&#8243; _module_preset=\u00bbdefault\u00bb global_colors_info=\u00bb{}\u00bb][et_pb_text _builder_version=\u00bb4.14.6&#8243; _module_preset=\u00bbdefault\u00bb width=\u00bb70.6%\u00bb global_colors_info=\u00bb{}\u00bb]<\/p>\n<p><img loading=\"lazy\" decoding=\"async\" src=\"https:\/\/icon.kiobus.org\/huma\/edicion2024\/wp-content\/uploads\/2024\/06\/Autor_Laura_Rayon_Rumayor-300x300.png\" width=\"300\" height=\"300\" alt=\"\" class=\"wp-image-7239 alignnone size-medium\" srcset=\"https:\/\/icon.kiobus.org\/huma\/edicion2024\/wp-content\/uploads\/2024\/06\/Autor_Laura_Rayon_Rumayor-300x300.png 300w, https:\/\/icon.kiobus.org\/huma\/edicion2024\/wp-content\/uploads\/2024\/06\/Autor_Laura_Rayon_Rumayor-80x80.png 80w, https:\/\/icon.kiobus.org\/huma\/edicion2024\/wp-content\/uploads\/2024\/06\/Autor_Laura_Rayon_Rumayor-100x100.png 100w, https:\/\/icon.kiobus.org\/huma\/edicion2024\/wp-content\/uploads\/2024\/06\/Autor_Laura_Rayon_Rumayor.png 400w\" sizes=\"(max-width: 300px) 100vw, 300px\" \/><\/p>\n<p>[\/et_pb_text][\/et_pb_column][et_pb_column type=\u00bb1_2&#8243; _builder_version=\u00bb4.14.6&#8243; _module_preset=\u00bbdefault\u00bb global_colors_info=\u00bb{}\u00bb][et_pb_text _builder_version=\u00bb4.14.6&#8243; _module_preset=\u00bbdefault\u00bb custom_margin=\u00bb|||-195px||\u00bb global_colors_info=\u00bb{}\u00bb]<\/p>\n<p>Profesora Titular de Universidad (TU) en UAH, hasta octubre de 2020. Obtiene resoluci\u00f3n positiva en el Programa de Movilidad del Profesorado de Excelencia de UCM, en el V Programa Regional de Investigaci\u00f3n, Ciencia y Tecnolog\u00eda (V PRICIT) de la Comunidad de Madrid (L\u00ednea 2: Captaci\u00f3n de Talento para el fortalecimiento de organismos de investigaci\u00f3n), y es nombrada Profesora TU. En la actualidad, dirige como IP el grupo de investigaci\u00f3n consolidado Desarrollo tecnol\u00f3gico, exclusi\u00f3n sociocultural y educaci\u00f3n (Referencia 941445), grupo consolidado, validado en enero 2023 por la Agencia Estatal de Investigaci\u00f3n (convocatoria GR57\/08). Ha desempe\u00f1ado distintos cargos de gesti\u00f3n universitaria, y coordinado el Programa Internacional de J\u00f3venes Maestros (AECID-SEP) en la UAH. En la actualidad es IP del Programa de Excelencia del Profesorado, en la l\u00ednea estrat\u00e9gica en Redes Sociales y<br \/>estructura cognitiva y relacional, desde una perspectiva inclusiva.<\/p>\n<p>[\/et_pb_text][\/et_pb_column][\/et_pb_row][et_pb_row _builder_version=\u00bb4.14.6&#8243; _module_preset=\u00bbdefault\u00bb global_colors_info=\u00bb{}\u00bb][et_pb_column type=\u00bb4_4&#8243; _builder_version=\u00bb4.14.6&#8243; _module_preset=\u00bbdefault\u00bb global_colors_info=\u00bb{}\u00bb][et_pb_text _builder_version=\u00bb4.14.6&#8243; _module_preset=\u00bbdefault\u00bb global_colors_info=\u00bb{}\u00bb]<\/p>\n<h3><span>Prof. Chinyelugo Carol Arinze-Umobi, Nnamdi Azikiwe University (Nigeria)<\/span><\/h3>\n<p>[\/et_pb_text][\/et_pb_column][\/et_pb_row][et_pb_row column_structure=\u00bb1_2,1_2&#8243; _builder_version=\u00bb4.14.6&#8243; _module_preset=\u00bbdefault\u00bb global_colors_info=\u00bb{}\u00bb][et_pb_column type=\u00bb1_2&#8243; _builder_version=\u00bb4.14.6&#8243; _module_preset=\u00bbdefault\u00bb global_colors_info=\u00bb{}\u00bb][et_pb_text _builder_version=\u00bb4.14.6&#8243; _module_preset=\u00bbdefault\u00bb width=\u00bb70.6%\u00bb custom_padding=\u00bb|33px||||\u00bb global_colors_info=\u00bb{}\u00bb]<\/p>\n<p><img loading=\"lazy\" decoding=\"async\" src=\"https:\/\/icon.kiobus.org\/huma\/edicion2024\/wp-content\/uploads\/2024\/09\/Chinyelugo-300x293.jpg\" width=\"300\" height=\"293\" alt=\"\" class=\"wp-image-7488 alignnone size-medium\" srcset=\"https:\/\/icon.kiobus.org\/huma\/edicion2024\/wp-content\/uploads\/2024\/09\/Chinyelugo-300x293.jpg 300w, https:\/\/icon.kiobus.org\/huma\/edicion2024\/wp-content\/uploads\/2024\/09\/Chinyelugo.jpg 304w\" sizes=\"(max-width: 300px) 100vw, 300px\" \/><\/p>\n<p>[\/et_pb_text][\/et_pb_column][et_pb_column type=\u00bb1_2&#8243; _builder_version=\u00bb4.14.6&#8243; _module_preset=\u00bbdefault\u00bb global_colors_info=\u00bb{}\u00bb][et_pb_text _builder_version=\u00bb4.14.6&#8243; _module_preset=\u00bbdefault\u00bb custom_margin=\u00bb|||-195px||\u00bb global_colors_info=\u00bb{}\u00bb]<\/p>\n<p>Catedr\u00e1tica de Derecho de los Derechos Humanos y Vicerrectora en funciones de la Universidad Nnamdi Azikiwe de Awka. Es Doctora en Derecho por la misma universidad. Sus t\u00edtulos acad\u00e9micos incluyen LLB, LLM, PGDE y BA en Artes Teatrales. La profesora Arinze-Umobi es autora de numerosos libros, cap\u00edtulos de libros y art\u00edculos sobre derechos humanos, derecho de familia e igualdad de g\u00e9nero. Ha ocupado diversos cargos administrativos, entre ellos el de Presidenta del Comit\u00e9 Asesor Jur\u00eddico y Directora del Instituto Confucio. Es miembro de varios organismos profesionales y ha participado en conferencias y talleres sobre derechos humanos y legislaci\u00f3n.<\/p>\n<p>[\/et_pb_text][\/et_pb_column][\/et_pb_row][et_pb_row _builder_version=\u00bb4.14.6&#8243; _module_preset=\u00bbdefault\u00bb global_colors_info=\u00bb{}\u00bb][et_pb_column type=\u00bb4_4&#8243; _builder_version=\u00bb4.14.6&#8243; _module_preset=\u00bbdefault\u00bb global_colors_info=\u00bb{}\u00bb][et_pb_text _builder_version=\u00bb4.14.6&#8243; _module_preset=\u00bbdefault\u00bb global_colors_info=\u00bb{}\u00bb]<\/p>\n<h3><span>Prof. <strong>Vivian Ngozi Nwogbo- Nnamdi Azikiwe University<\/strong>\u00a0(Nigeria)<\/span><\/h3>\n<p>[\/et_pb_text][\/et_pb_column][\/et_pb_row][et_pb_row column_structure=\u00bb1_2,1_2&#8243; _builder_version=\u00bb4.14.6&#8243; _module_preset=\u00bbdefault\u00bb global_colors_info=\u00bb{}\u00bb][et_pb_column type=\u00bb1_2&#8243; _builder_version=\u00bb4.14.6&#8243; _module_preset=\u00bbdefault\u00bb global_colors_info=\u00bb{}\u00bb][et_pb_text _builder_version=\u00bb4.14.6&#8243; _module_preset=\u00bbdefault\u00bb width=\u00bb70.6%\u00bb custom_padding=\u00bb|33px||||\u00bb global_colors_info=\u00bb{}\u00bb]<\/p>\n<p><img loading=\"lazy\" decoding=\"async\" src=\"https:\/\/icon.kiobus.org\/huma\/edicion2024\/wp-content\/uploads\/2024\/09\/vivian-272x300.jpg\" width=\"272\" height=\"300\" alt=\"\" class=\"wp-image-7487 alignnone size-medium\" srcset=\"https:\/\/icon.kiobus.org\/huma\/edicion2024\/wp-content\/uploads\/2024\/09\/vivian-272x300.jpg 272w, https:\/\/icon.kiobus.org\/huma\/edicion2024\/wp-content\/uploads\/2024\/09\/vivian.jpg 472w\" sizes=\"(max-width: 272px) 100vw, 272px\" \/><\/p>\n<p>[\/et_pb_text][\/et_pb_column][et_pb_column type=\u00bb1_2&#8243; _builder_version=\u00bb4.14.6&#8243; _module_preset=\u00bbdefault\u00bb global_colors_info=\u00bb{}\u00bb][et_pb_text _builder_version=\u00bb4.14.6&#8243; _module_preset=\u00bbdefault\u00bb custom_margin=\u00bb|||-195px||\u00bb global_colors_info=\u00bb{}\u00bb]<\/p>\n<p>Es una reconocida experta en Gesti\u00f3n Educativa. Posee un doctorado (2005), y ha pasado de asistente de posgrado (1998) a profesora (2014). La profesora Nwogbo tiene m\u00e1s de 70 publicaciones en revistas nacionales e internacionales, 5 cap\u00edtulos de libros y ha supervisado m\u00e1s de 100 proyectos de investigaci\u00f3n y 35 estudiantes de posgrado. Ha ocupado diversos cargos directivos, como decana de la Facultad de Educaci\u00f3n (2022-actualidad), evaluadora externa, miembro del equipo de acreditaci\u00f3n del NCCE y miembro del Instituto Nigeriano de Gesti\u00f3n (Colegiado). Sus premios y reconocimientos ponen de relieve su excelencia acad\u00e9mica y su importante contribuci\u00f3n a la educaci\u00f3n.<\/p>\n<p>[\/et_pb_text][\/et_pb_column][\/et_pb_row][et_pb_row _builder_version=\u00bb4.14.6&#8243; _module_preset=\u00bbdefault\u00bb global_colors_info=\u00bb{}\u00bb][et_pb_column type=\u00bb4_4&#8243; _builder_version=\u00bb4.14.6&#8243; _module_preset=\u00bbdefault\u00bb global_colors_info=\u00bb{}\u00bb][et_pb_text _builder_version=\u00bb4.14.6&#8243; _module_preset=\u00bbdefault\u00bb global_colors_info=\u00bb{}\u00bb]<\/p>\n<h3><span>Prof. <strong>Ngozi Eucharia Anyikwa- Nnamdi Azikiwe University <\/strong>(Nigeria)<\/span><\/h3>\n<p>[\/et_pb_text][\/et_pb_column][\/et_pb_row][et_pb_row column_structure=\u00bb1_2,1_2&#8243; _builder_version=\u00bb4.14.6&#8243; _module_preset=\u00bbdefault\u00bb global_colors_info=\u00bb{}\u00bb][et_pb_column type=\u00bb1_2&#8243; _builder_version=\u00bb4.14.6&#8243; _module_preset=\u00bbdefault\u00bb global_colors_info=\u00bb{}\u00bb][et_pb_text _builder_version=\u00bb4.14.6&#8243; _module_preset=\u00bbdefault\u00bb width=\u00bb70.6%\u00bb custom_padding=\u00bb|33px||||\u00bb global_colors_info=\u00bb{}\u00bb]<\/p>\n<p><img loading=\"lazy\" decoding=\"async\" src=\"https:\/\/icon.kiobus.org\/huma\/edicion2024\/wp-content\/uploads\/2024\/09\/Ngozi-300x265.jpg\" width=\"300\" height=\"265\" alt=\"\" class=\"wp-image-7486 alignnone size-medium\" \/><\/p>\n<p>[\/et_pb_text][\/et_pb_column][et_pb_column type=\u00bb1_2&#8243; _builder_version=\u00bb4.14.6&#8243; _module_preset=\u00bbdefault\u00bb global_colors_info=\u00bb{}\u00bb][et_pb_text _builder_version=\u00bb4.14.6&#8243; _module_preset=\u00bbdefault\u00bb custom_margin=\u00bb|||-195px||\u00bb global_colors_info=\u00bb{}\u00bb]<\/p>\n<p>Es una distinguida acad\u00e9mica y educadora, especializada en Orientaci\u00f3n y Asesoramiento. Es Presidenta Nacional de la Asociaci\u00f3n de Educadores Infantiles de Nigeria y Directora de Instituciones Afiliadas. Entre sus cargos directivos figuran los de Directora del Centro Chike Okoli de Estudios Empresariales, Jefa del Departamento de Educaci\u00f3n Infantil y Primaria, Subdecana de la Facultad de Educaci\u00f3n y Coordinadora del Programa de Diploma de Posgrado. En particular, fue Comisaria de los Ministerios de Planificaci\u00f3n y Desarrollo Econ\u00f3mico y de Servicios P\u00fablicos y Desarrollo Rural del Estado de Imo (Nigeria). Adem\u00e1s, represent\u00f3 al Senado en el 8\u00ba Consejo de Gobierno de la Universidad y trabaj\u00f3 como consultora para la Oficina del Banco Mundial en Abuja (Nigeria). Su experiencia y sus contribuciones a la educaci\u00f3n y el desarrollo social gozan de gran prestigio.<\/p>\n<p>[\/et_pb_text][\/et_pb_column][\/et_pb_row][et_pb_row _builder_version=\u00bb4.14.6&#8243; _module_preset=\u00bbdefault\u00bb global_colors_info=\u00bb{}\u00bb][et_pb_column type=\u00bb4_4&#8243; _builder_version=\u00bb4.14.6&#8243; _module_preset=\u00bbdefault\u00bb global_colors_info=\u00bb{}\u00bb][et_pb_text _builder_version=\u00bb4.14.6&#8243; _module_preset=\u00bbdefault\u00bb global_colors_info=\u00bb{}\u00bb]<\/p>\n<h3><strong>Prof. Kingsley Chinaza Nwosu, Nnamdi Azikiwe University (Nigeria)<\/strong><\/h3>\n<p>[\/et_pb_text][\/et_pb_column][\/et_pb_row][et_pb_row column_structure=\u00bb1_2,1_2&#8243; _builder_version=\u00bb4.14.6&#8243; _module_preset=\u00bbdefault\u00bb global_colors_info=\u00bb{}\u00bb][et_pb_column type=\u00bb1_2&#8243; _builder_version=\u00bb4.14.6&#8243; _module_preset=\u00bbdefault\u00bb global_colors_info=\u00bb{}\u00bb][et_pb_text _builder_version=\u00bb4.14.6&#8243; _module_preset=\u00bbdefault\u00bb width=\u00bb70.6%\u00bb custom_padding=\u00bb|33px||||\u00bb global_colors_info=\u00bb{}\u00bb]<\/p>\n<p><img loading=\"lazy\" decoding=\"async\" src=\"https:\/\/icon.kiobus.org\/huma\/edicion2024\/wp-content\/uploads\/2024\/09\/Kingsley-273x300.jpg\" width=\"273\" height=\"300\" alt=\"\" class=\"wp-image-7485 alignnone size-medium\" srcset=\"https:\/\/icon.kiobus.org\/huma\/edicion2024\/wp-content\/uploads\/2024\/09\/Kingsley-273x300.jpg 273w, https:\/\/icon.kiobus.org\/huma\/edicion2024\/wp-content\/uploads\/2024\/09\/Kingsley.jpg 343w\" sizes=\"(max-width: 273px) 100vw, 273px\" \/><\/p>\n<p>[\/et_pb_text][\/et_pb_column][et_pb_column type=\u00bb1_2&#8243; _builder_version=\u00bb4.14.6&#8243; _module_preset=\u00bbdefault\u00bb global_colors_info=\u00bb{}\u00bb][et_pb_text _builder_version=\u00bb4.14.6&#8243; _module_preset=\u00bbdefault\u00bb custom_margin=\u00bb|||-195px||\u00bb global_colors_info=\u00bb{}\u00bb]<\/p>\n<p>Destacado psic\u00f3logo de la educaci\u00f3n, el Dr. Nwosu es famoso por sus revolucionarias investigaciones sobre la educaci\u00f3n integradora. Desarrolla estrategias para integrar a alumnos diversos en las aulas ordinarias, especialmente en entornos con recursos limitados. Utilizando un marco bioecol\u00f3gico, el Dr. Nwosu examina los factores individuales y contextuales que influyen en la educaci\u00f3n integradora. Sus objetivos son: dilucidar el impacto de los factores bioecol\u00f3gicos en la educaci\u00f3n inclusiva y dise\u00f1ar intervenciones basadas en pruebas para obtener resultados de aprendizaje \u00f3ptimos. Con m\u00e1s de 70 publicaciones en prestigiosas revistas, el Dr. Nwosu consolida su experiencia en educaci\u00f3n inclusiva, mejorando los resultados del aprendizaje de todos los estudiantes a pesar de las limitaciones de recursos.<\/p>\n<p>[\/et_pb_text][\/et_pb_column][\/et_pb_row][et_pb_row _builder_version=\u00bb4.14.6&#8243; _module_preset=\u00bbdefault\u00bb global_colors_info=\u00bb{}\u00bb][et_pb_column type=\u00bb4_4&#8243; _builder_version=\u00bb4.14.6&#8243; _module_preset=\u00bbdefault\u00bb global_colors_info=\u00bb{}\u00bb][et_pb_text _builder_version=\u00bb4.14.6&#8243; _module_preset=\u00bbdefault\u00bb global_colors_info=\u00bb{}\u00bb]<\/p>\n<h3><strong>Prof. Chinenye Blessing Amaonye, Nnamdi Azikiwe University (Nigeria)<\/strong><\/h3>\n<p>[\/et_pb_text][\/et_pb_column][\/et_pb_row][et_pb_row column_structure=\u00bb1_2,1_2&#8243; _builder_version=\u00bb4.14.6&#8243; _module_preset=\u00bbdefault\u00bb global_colors_info=\u00bb{}\u00bb][et_pb_column type=\u00bb1_2&#8243; _builder_version=\u00bb4.14.6&#8243; _module_preset=\u00bbdefault\u00bb global_colors_info=\u00bb{}\u00bb][et_pb_text _builder_version=\u00bb4.14.6&#8243; _module_preset=\u00bbdefault\u00bb width=\u00bb70.6%\u00bb custom_padding=\u00bb|33px||||\u00bb global_colors_info=\u00bb{}\u00bb]<\/p>\n<p><img loading=\"lazy\" decoding=\"async\" src=\"https:\/\/icon.kiobus.org\/huma\/edicion2024\/wp-content\/uploads\/2024\/09\/chinenye-300x297.png\" width=\"300\" height=\"297\" alt=\"\" class=\"wp-image-7484 alignnone size-medium\" \/><\/p>\n<p>[\/et_pb_text][\/et_pb_column][et_pb_column type=\u00bb1_2&#8243; _builder_version=\u00bb4.14.6&#8243; _module_preset=\u00bbdefault\u00bb global_colors_info=\u00bb{}\u00bb][et_pb_text _builder_version=\u00bb4.14.6&#8243; _module_preset=\u00bbdefault\u00bb custom_margin=\u00bb|||-195px||\u00bb global_colors_info=\u00bb{}\u00bb]<\/p>\n<p>Es profesora de Econom\u00eda de la Educaci\u00f3n, en el departamento de Gesti\u00f3n y Pol\u00edtica Educativa. Est\u00e1 certificada por la Universidad de la Paz\/Instituto de Formaci\u00f3n e Investigaci\u00f3n de las Naciones Unidas, ChrisHarris Research y Educational Services. La Dra. Amaonye forma parte del Consejo Editorial de NAEAP Journal y del Consejo Asesor Internacional de la C\u00e1tedra UNESCO (Universidad de Alicante) y es revisora de 3 revistas internacionales. Ha publicado numerosos art\u00edculos en revistas acad\u00e9micas y es autora de numerosas obras literarias. Su experiencia abarca la educaci\u00f3n, la econom\u00eda de la educaci\u00f3n, la investigaci\u00f3n y la educaci\u00f3n tecnol\u00f3gica inclusiva.<\/p>\n<p>[\/et_pb_text][\/et_pb_column][\/et_pb_row][et_pb_row _builder_version=\u00bb4.14.6&#8243; _module_preset=\u00bbdefault\u00bb global_colors_info=\u00bb{}\u00bb][et_pb_column type=\u00bb4_4&#8243; _builder_version=\u00bb4.14.6&#8243; _module_preset=\u00bbdefault\u00bb global_colors_info=\u00bb{}\u00bb][et_pb_text _builder_version=\u00bb4.14.6&#8243; _module_preset=\u00bbdefault\u00bb global_colors_info=\u00bb{}\u00bb]<\/p>\n<h3><strong>Prof. Victor Ugochukwu Ezeonwumelu, Nnamdi Azikiwe University (Nigeria)<\/strong><\/h3>\n<p>[\/et_pb_text][\/et_pb_column][\/et_pb_row][et_pb_row column_structure=\u00bb1_2,1_2&#8243; _builder_version=\u00bb4.14.6&#8243; _module_preset=\u00bbdefault\u00bb global_colors_info=\u00bb{}\u00bb][et_pb_column type=\u00bb1_2&#8243; _builder_version=\u00bb4.14.6&#8243; _module_preset=\u00bbdefault\u00bb global_colors_info=\u00bb{}\u00bb][et_pb_text _builder_version=\u00bb4.14.6&#8243; _module_preset=\u00bbdefault\u00bb width=\u00bb70.6%\u00bb custom_padding=\u00bb|33px||||\u00bb global_colors_info=\u00bb{}\u00bb]<\/p>\n<p><img loading=\"lazy\" decoding=\"async\" src=\"https:\/\/icon.kiobus.org\/huma\/edicion2024\/wp-content\/uploads\/2024\/09\/victor-300x296.png\" width=\"300\" height=\"296\" alt=\"\" class=\"wp-image-7483 alignnone size-medium\" srcset=\"https:\/\/icon.kiobus.org\/huma\/edicion2024\/wp-content\/uploads\/2024\/09\/victor-300x296.png 300w, https:\/\/icon.kiobus.org\/huma\/edicion2024\/wp-content\/uploads\/2024\/09\/victor-80x80.png 80w, https:\/\/icon.kiobus.org\/huma\/edicion2024\/wp-content\/uploads\/2024\/09\/victor-100x100.png 100w, https:\/\/icon.kiobus.org\/huma\/edicion2024\/wp-content\/uploads\/2024\/09\/victor.png 413w\" sizes=\"(max-width: 300px) 100vw, 300px\" \/><\/p>\n<p>[\/et_pb_text][\/et_pb_column][et_pb_column type=\u00bb1_2&#8243; _builder_version=\u00bb4.14.6&#8243; _module_preset=\u00bbdefault\u00bb global_colors_info=\u00bb{}\u00bb][et_pb_text _builder_version=\u00bb4.14.6&#8243; _module_preset=\u00bbdefault\u00bb custom_margin=\u00bb|||-195px||\u00bb global_colors_info=\u00bb{}\u00bb]<\/p>\n<p>Profesor del Departamento de Fundamentos de la Educaci\u00f3n, posee una formaci\u00f3n multidisciplinar en Econom\u00eda, Orientaci\u00f3n y Asesoramiento, y Psicolog\u00eda de la Educaci\u00f3n. Su investigaci\u00f3n se centra en la motivaci\u00f3n, la preparaci\u00f3n de profesores y alumnos, la adolescencia, el comportamiento en los medios sociales y los factores de estr\u00e9s escolar. En la actualidad, investiga el impacto de los factores de estr\u00e9s escolar en la ideaci\u00f3n suicida de los j\u00f3venes estudiantes. Con m\u00e1s de 30 publicaciones en revistas de renombre y numerosas presentaciones en congresos, el Dr. Ezeonwumelu es un distinguido acad\u00e9mico en Psicolog\u00eda Educativa. Su carrera acad\u00e9mica comenz\u00f3 como asistente de investigaci\u00f3n en la Universidad de Uyo, sentando las bases de su experiencia.<\/p>\n<p>[\/et_pb_text][\/et_pb_column][\/et_pb_row][et_pb_row _builder_version=\u00bb4.14.6&#8243; _module_preset=\u00bbdefault\u00bb global_colors_info=\u00bb{}\u00bb][et_pb_column type=\u00bb4_4&#8243; _builder_version=\u00bb4.14.6&#8243; _module_preset=\u00bbdefault\u00bb global_colors_info=\u00bb{}\u00bb][et_pb_text _builder_version=\u00bb4.14.6&#8243; _module_preset=\u00bbdefault\u00bb global_colors_info=\u00bb{}\u00bb]<a name=\"conferenciantes\"><\/a>[\/et_pb_text][et_pb_cta title=\u00bbPonencias I+D+i invitadas\u00bb button_text=\u00bbClics\u00bb admin_label=\u00bbLlamada a la acci\u00f3n &#8211; CONFERENCIANTES\/AS DEL CONGRESO\u00bb _builder_version=\u00bb4.14.6&#8243; _module_preset=\u00bbdefault\u00bb header_font=\u00bb|300|||||||\u00bb header_text_color=\u00bb#4FC1ED\u00bb header_font_size=\u00bb42px\u00bb background_enable_color=\u00bboff\u00bb custom_padding=\u00bb27px||0px||false|false\u00bb border_width_top=\u00bb4px\u00bb border_color_top=\u00bb#4FC1ED\u00bb border_width_bottom=\u00bb4px\u00bb border_color_bottom=\u00bb#4FC1ED\u00bb global_colors_info=\u00bb{}\u00bb][\/et_pb_cta][\/et_pb_column][\/et_pb_row][et_pb_row _builder_version=\u00bb4.14.6&#8243; _module_preset=\u00bbdefault\u00bb global_colors_info=\u00bb{}\u00bb][et_pb_column type=\u00bb4_4&#8243; _builder_version=\u00bb4.14.6&#8243; _module_preset=\u00bbdefault\u00bb global_colors_info=\u00bb{}\u00bb][et_pb_text _builder_version=\u00bb4.14.6&#8243; _module_preset=\u00bbdefault\u00bb global_colors_info=\u00bb{}\u00bb]<a name=\"conferenciantes\"><\/a>[\/et_pb_text][et_pb_text _builder_version=\u00bb4.14.6&#8243; _module_preset=\u00bbdefault\u00bb global_colors_info=\u00bb{}\u00bb]<\/p>\n<p>En breve se completar\u00e1 este apartado<\/p>\n<p>[\/et_pb_text][et_pb_text _builder_version=\u00bb4.14.6&#8243; _module_preset=\u00bbdefault\u00bb global_colors_info=\u00bb{}\u00bb][\/et_pb_text][et_pb_cta title=\u00bbSimposios invitados\u00bb button_text=\u00bbClics\u00bb admin_label=\u00bbLlamada a la acci\u00f3n &#8211; CONFERENCIANTES\/AS DEL CONGRESO\u00bb _builder_version=\u00bb4.14.6&#8243; _module_preset=\u00bbdefault\u00bb header_font=\u00bb|300|||||||\u00bb header_text_color=\u00bb#4FC1ED\u00bb header_font_size=\u00bb42px\u00bb background_enable_color=\u00bboff\u00bb custom_padding=\u00bb27px||0px||false|false\u00bb border_width_top=\u00bb4px\u00bb border_color_top=\u00bb#4FC1ED\u00bb border_width_bottom=\u00bb4px\u00bb border_color_bottom=\u00bb#4FC1ED\u00bb global_colors_info=\u00bb{}\u00bb][\/et_pb_cta][\/et_pb_column][\/et_pb_row][et_pb_row _builder_version=\u00bb4.14.6&#8243; _module_preset=\u00bbdefault\u00bb global_colors_info=\u00bb{}\u00bb][et_pb_column type=\u00bb4_4&#8243; _builder_version=\u00bb4.14.6&#8243; _module_preset=\u00bbdefault\u00bb global_colors_info=\u00bb{}\u00bb][et_pb_accordion _builder_version=\u00bb4.14.6&#8243; _module_preset=\u00bbdefault\u00bb global_colors_info=\u00bb{}\u00bb][et_pb_accordion_item title=\u00bbSimposio: Medicina Gr\u00e1fica; Mompe\u00e1n Mej\u00edas, Mar\u00eda Jos\u00e9 (Universidad de Alicante); Casanova Mart\u00ednez, Fernando (Universidad de Alicante) (Coord.)\u00bb open=\u00bbon\u00bb _builder_version=\u00bb4.14.6&#8243; _module_preset=\u00bbdefault\u00bb global_colors_info=\u00bb{}\u00bb]<\/p>\n<ol>\n<li style=\"font-weight: 400;\" aria-level=\"1\"><span style=\"font-weight: 400;\">Medicina gr\u00e1fica y su aplicaci\u00f3n docente e innovadora en contextos de salud: teor\u00eda y pr\u00e1ctica en el aula de enfermer\u00eda. Casanova Mart\u00ednez, Fernando (Universitat d&#8217;Alacant)<\/span><\/li>\n<li style=\"font-weight: 400;\" aria-level=\"1\"><span style=\"font-weight: 400;\">La Traducci\u00f3n y la Medicina Gr\u00e1fica como herramientas para las Humanidades M\u00e9dicas. Cobos L\u00f3pez, Ingrid (Universidad de C\u00f3rdoba)<\/span><\/li>\n<li style=\"font-weight: 400;\" aria-level=\"1\"><span style=\"font-weight: 400;\">Novelas gr\u00e1ficas como herramientas en la formaci\u00f3n profesional y en la educaci\u00f3n en salud: acciones exitosas en Brasil. Dos Santos Moraes, Vinicius (Universidad de Alcal\u00e1 y Fiocruz)<\/span><\/li>\n<li style=\"font-weight: 400;\" aria-level=\"1\"><span style=\"font-weight: 400;\">Salud e higiene menstrual en Etiop\u00eda: Un proyecto en escuelas de primaria a trav\u00e9s del c\u00f3mic. Guill\u00e9n Dom\u00ednguez, Marisa (Universitat de Val\u00e8ncia)<\/span><\/li>\n<li style=\"font-weight: 400;\" aria-level=\"1\"><span style=\"font-weight: 400;\">Implementaci\u00f3n de la medicina gr\u00e1fica como herramienta educativa y terap\u00e9utica para la comprensi\u00f3n y el tratamiento de los problemas de salud mental. Goodman Casanova, Jessica Marian (Hospital Regional Universitario de M\u00e1laga &#8211; Instituto de Investigaci\u00f3n Biom\u00e9dica de M\u00e1laga y Plataforma en Nanomedicina\u2013IBIMA Plataforma Bionand)<\/span><\/li>\n<li style=\"font-weight: 400;\" aria-level=\"1\"><span style=\"font-weight: 400;\">El uso del arte en la formaci\u00f3n en salud: El c\u00f3mic como herramienta educativa en Enfermer\u00eda de salud mental. Juli\u00e1 Sanch\u00eds, Roc\u00edo (Universitat d&#8217;Alacant)<\/span><\/li>\n<li style=\"font-weight: 400;\" aria-level=\"1\"><span style=\"font-weight: 400;\">Superc\u00f3mic contra el estigma y mejora de la comunicaci\u00f3n: aplicaciones en el aula de enfermer\u00eda. Mompe\u00e1n Mej\u00edas, Mar\u00eda Jos\u00e9 (Universidad de Alicante)<\/span><\/li>\n<li style=\"font-weight: 400;\" aria-level=\"1\"><span style=\"font-weight: 400;\">La realidad sanitaria dibujada: Cuando el periodismo c\u00f3mic y la medicina gr\u00e1fica confluyen. Matos Agudo, Diego (Complejo Asistencial Universitario de Salamanca)<\/span><\/li>\n<li style=\"font-weight: 400;\" aria-level=\"1\"><span style=\"font-weight: 400;\">Club de Lectura de Medicina Gr\u00e1fica: Fomentando Empat\u00eda y Reflexi\u00f3n Multidisciplinar en la Formaci\u00f3n Sanitaria. Olaso Gonz\u00e1lez, Gloria (Universitat de Val\u00e8ncia)<\/span><\/li>\n<li style=\"font-weight: 400;\" aria-level=\"1\"><span style=\"font-weight: 400;\">Ensalada de vi\u00f1etas con aroma de narrativa gr\u00e1fica para aderezar las aulas de ciencias de la salud. Rom\u00e1 Mateo, Carlos (Universitat de Val\u00e8ncia)<\/span><\/li>\n<\/ol>\n<p>[\/et_pb_accordion_item][et_pb_accordion_item title=\u00bbSimposio: Inteligencia Artificial y antropolog\u00eda social para la educaci\u00f3n. Alejaldre Biel, Leyre (Columbia University) (Coord.)\u00bb _builder_version=\u00bb4.14.6&#8243; _module_preset=\u00bbdefault\u00bb global_colors_info=\u00bb{}\u00bb open=\u00bboff\u00bb]<\/p>\n<ol>\n<li style=\"font-weight: 400;\" aria-level=\"1\"><span style=\"font-weight: 400;\">El impacto de la brecha digital en el uso de la inteligencia artificial: una reflexi\u00f3n desde la antropolog\u00eda social educativa. Alejaldre Biel, Leyre (Columbia University)<\/span><\/li>\n<li style=\"font-weight: 400;\" aria-level=\"1\"><span style=\"font-weight: 400;\">La inteligencia artificial en la construcci\u00f3n de un Entorno Personal de Aprendizaje de espa\u00f1ol como lengua adicional. Asensio Pastor, Margarita Isabel (Universidad de Almer\u00eda)<\/span><\/li>\n<li style=\"font-weight: 400;\" aria-level=\"1\"><span style=\"font-weight: 400;\">Redefiniendo el \u00e9xito acad\u00e9mico: c\u00f3mo la IA est\u00e1 cambiando la evaluaci\u00f3n de los estudiantes. Gonz\u00e1lez Garc\u00eda, Paula (University of West Indies)<\/span><\/li>\n<li style=\"font-weight: 400;\" aria-level=\"1\"><span style=\"font-weight: 400;\">An\u00e1lisis de la co-creaci\u00f3n en el dise\u00f1o de robots sociales para su aplicaci\u00f3n en el contexto educativo. Mart\u00ednez Roig, Rosabel (Universidad de Alicante) y Onrubia Mart\u00ednez, Ver\u00f3nica (Universidad de Alicante)<\/span><\/li>\n<li style=\"font-weight: 400;\" aria-level=\"1\"><span style=\"font-weight: 400;\">Las implicaciones de la inteligencia artificial en la personalizaci\u00f3n del aprendizaje ling\u00fc\u00edstico para las primeras etapas educativas. Villarubia Z\u00fa\u00f1iga, Mar\u00eda Soledad (Universidad de Alicante)<\/span><\/li>\n<\/ol>\n<p>[\/et_pb_accordion_item][et_pb_accordion_item title=\u00bbSimposio: Projecte RuTIC: Rutes liter\u00e0ries pel paisatge mediterrani; Bataller Catal\u00e1, Alexander (Universitat de Val\u00e8ncia) \u00bb _builder_version=\u00bb4.14.6&#8243; _module_preset=\u00bbdefault\u00bb global_colors_info=\u00bb{}\u00bb open=\u00bboff\u00bb]<\/p>\n<ol>\n<li style=\"font-weight: 400;\" aria-level=\"1\"><span style=\"font-weight: 400;\">Projecte RuTIC: interdisciplinarietat i tecnologia al servei de les rutes liter\u00e0ries pel paisatge mediterrani. Bataller Catal\u00e1, Alexandre (Universitat de Val\u00e8ncia)<\/span><\/li>\n<li style=\"font-weight: 400;\" aria-level=\"1\"><span style=\"font-weight: 400;\">La ruta liter\u00e0ria RuTIC d\u2019Enric Valor: \u00abCastalla, el castell del cel\u00bb. Borja Sanz, Joan\u00a0 (Universitat de Alacant)<\/span><\/li>\n<li style=\"font-weight: 400;\" aria-level=\"1\"><span style=\"font-weight: 400;\">La ruta liter\u00e0ria RuTIC \u00abBorriana: literatura vora mar\u00bb. Monferrer Palmer, Aina (Universitat de Val\u00e8ncia)<\/span><\/li>\n<li style=\"font-weight: 400;\" aria-level=\"1\"><span style=\"font-weight: 400;\">La ruta liter\u00e0ria RuTIC \u00abRuta de Tarragona. Veus de dona\u00bb. Oriol Carazo, Carmen (Universitat Rovira i Virgili)<\/span><\/li>\n<li style=\"font-weight: 400;\" aria-level=\"1\"><span style=\"font-weight: 400;\">Ruta liter\u00e0ria RuTIC \u201cLa X\u00e0tiva que renaix\u201d: Literatura, educaci\u00f3, turisme i tecnologia. Oviedo Seguer, Jordi (Universitat de Val\u00e8ncia)<\/span><\/li>\n<li style=\"font-weight: 400;\" aria-level=\"1\"><span style=\"font-weight: 400;\">Ruta liter\u00e0ria d&#8217;autor en l&#8217;era digital: una transformaci\u00f3 educativa i tur\u00edstica de l&#8217;itinerari sobre Miquel Mart\u00ed i Pol per a RuTIC. Quer Aigud\u00e9, Pere (Universitat Aut\u00f2noma de Barcelona)<\/span><\/li>\n<li style=\"font-weight: 400;\" aria-level=\"1\"><span style=\"font-weight: 400;\">Literary Tourism, Landscape, and Education: The Necessary Intersection. Quintero Jes\u00fas, Silvia (Universidade do Algarve)<\/span><\/li>\n<\/ol>\n<p>[\/et_pb_accordion_item][et_pb_accordion_item title=\u00bbSimposio: Educaci\u00f3n de calidad en la Educaci\u00f3n Superior: innovaci\u00f3n, retos y perspectivas. Fern\u00e1ndez Herrero, Jorge (Universidad de Alicante) (Coord.)\u00bb _builder_version=\u00bb4.14.6&#8243; _module_preset=\u00bbdefault\u00bb global_colors_info=\u00bb{}\u00bb open=\u00bboff\u00bb]<\/p>\n<ol>\n<li style=\"font-weight: 400;\" aria-level=\"1\"><span style=\"font-weight: 400;\">Cambios necesarios en la ense\u00f1anza-aprendizaje en Educaci\u00f3n Superior ante el uso de la Inteligencia Artificial. \u00c1lvarez Herrero, Juan Francisco (Universitat d&#8217;Alacant)<\/span><\/li>\n<li style=\"font-weight: 400;\" aria-level=\"1\"><span style=\"font-weight: 400;\">Dise\u00f1o preliminar y testeo de material did\u00e1ctico con robots secuenciales de acci\u00f3n y realidad mixta en Educaci\u00f3n Infantil y Primaria. Fern\u00e1ndez Herrero, Jorge (Universitat d&#8217;Alacant)<\/span><\/li>\n<li style=\"font-weight: 400;\" aria-level=\"1\"><span style=\"font-weight: 400;\">La deriva del pensamiento cr\u00edtico: estrategias de aprendizaje con inteligencia artificial en la educaci\u00f3n superior. Gavil\u00e1n Mart\u00edn, Diego (Universitat d&#8217;Alacant)\u00a0<\/span><\/li>\n<li style=\"font-weight: 400;\" aria-level=\"1\"><span style=\"font-weight: 400;\">La prevenci\u00f3n y erradicaci\u00f3n de la violencia de g\u00e9nero: un enfoque desde el marco legal, educativo y de la Agenda 2030 para el Desarrollo Sostenible. Merma Molina, Gladys (Universitat d&#8217;Alacant)<\/span><\/li>\n<li style=\"font-weight: 400;\" aria-level=\"1\"><span style=\"font-weight: 400;\">La formaci\u00f3n del futuro profesorado de Infantil, Primaria y Secundaria para la educaci\u00f3n inclusiva. Urrea Solano, Mayra (Universitat d&#8217;Alacant)<\/span><\/li>\n<\/ol>\n<p>[\/et_pb_accordion_item][et_pb_accordion_item title=\u00bbSimposio: El papel de las Humanidades y los humanistas en tiempos apocal\u00edpticos. Keferstein Caballero, Lutz Alexander (Universidad Aut\u00f3noma de Quer\u00e9taro) (Coord.)\u00bb _builder_version=\u00bb4.14.6&#8243; _module_preset=\u00bbdefault\u00bb global_colors_info=\u00bb{}\u00bb open=\u00bboff\u00bb]<\/p>\n<ol>\n<li style=\"font-weight: 400;\" aria-level=\"1\"><span style=\"font-weight: 400;\">Environmental sin: the use of religious terminology to promote environmental awareness. De la O Sandoval, Diego (Universidad Aut\u00f3noma de Quer\u00e9taro)<\/span><\/li>\n<li style=\"font-weight: 400;\" aria-level=\"1\"><span style=\"font-weight: 400;\">Life in two ways: memory as re-sentiment before forgetting or forgiveness of the unforgivable. Keferstein Caballero, Lutz Alexander (Universidad Aut\u00f3noma de Quer\u00e9taro)<\/span><\/li>\n<li style=\"font-weight: 400;\" aria-level=\"1\"><span style=\"font-weight: 400;\">The pride of eternal youth Fraternity for the vulnerable: challenges of an aging world. Mariscal Ureta, Karla Elizabeth (Universidad Aut\u00f3noma de Quer\u00e9taro)<\/span><\/li>\n<li style=\"font-weight: 400;\" aria-level=\"1\"><span style=\"font-weight: 400;\">The dimensionality of the apocalypse. Mercado Madrigal, Jorge Antonio (Universidad Aut\u00f3noma de Quer\u00e9taro)<\/span><\/li>\n<li style=\"font-weight: 400;\" aria-level=\"1\"><span style=\"font-weight: 400;\">Anamnesis of discarding: The ethical and moral responsibility of humanity in the face of modern anthropocentrism, globalization and technocracy. Rosillo Pantoja, Izarelly (Universidad Aut\u00f3noma de Quer\u00e9taro)<\/span><\/li>\n<li style=\"font-weight: 400;\" aria-level=\"1\"><span style=\"font-weight: 400;\">Ethics and morality in apocalyptic times: tension between reason and rationality;.Trujillo Olmedo, Daniela (Universidad Aut\u00f3noma de Quer\u00e9taro)<\/span><\/li>\n<li style=\"font-weight: 400;\" aria-level=\"1\"><span style=\"font-weight: 400;\">Abstract lies: an analysis of the Kantian response on radical honesty and the principle of abstraction in German legal thought. Montes Benavides, Sof\u00eda (Universidad Aut\u00f3noma de Quer\u00e9taro)<\/span><\/li>\n<\/ol>\n<p>[\/et_pb_accordion_item][et_pb_accordion_item title=\u00bbSimposio: L&#8217;app RuTIC: tecnologia, imatge, paraula i paisatge. Colomer Rubio, Juan Carlos (Universitat de Val\u00e8ncia) (Coord.)\u00bb _builder_version=\u00bb4.14.6&#8243; _module_preset=\u00bbdefault\u00bb global_colors_info=\u00bb{}\u00bb open=\u00bboff\u00bb]<\/p>\n<ol>\n<li style=\"font-weight: 400;\" aria-level=\"1\"><span style=\"font-weight: 400;\">L\u2019app RuTIC: Innovaci\u00f3 tecnol\u00f2gica per a la presentaci\u00f3 de rutes liter\u00e0ries en el paisatge mediterrani mitjan\u00e7ant una experi\u00e8ncia immersiva. Colomer Rubio, Juan Carlos (Universitat de Val\u00e8ncia)<\/span><\/li>\n<li style=\"font-weight: 400;\" aria-level=\"1\"><span style=\"font-weight: 400;\">Una aproximaci\u00f3 al paisatge literari mediterrani mitjan\u00e7ant Realitat Augmentada. Herrera Flores, Roc\u00edo de los Llanos (Universitat Polit\u00e8cnica\u00a0 de Val\u00e8ncia)<\/span><\/li>\n<li style=\"font-weight: 400;\" aria-level=\"1\"><span style=\"font-weight: 400;\">La sin\u00e8rgia de les noves tecnologies de realitat augmentada i intel\u00b7lig\u00e8ncia artificial en rutes liter\u00e0ries. Linares Pellicer, Jordi (Universitat Polit\u00e8cnica\u00a0 de Val\u00e8ncia)<\/span><\/li>\n<li style=\"font-weight: 400;\" aria-level=\"1\"><span style=\"font-weight: 400;\">Innovaci\u00f3 tecnol\u00f2gica aplicada al turisme literari: la ruta Borriana. Literatura vora mar i la integraci\u00f3 de la realitat augmentada amb l\\&#8217;app RuTIC. Monferrer Palmer, Aina (Universitat de Val\u00e8ncia)<\/span><\/li>\n<li style=\"font-weight: 400;\" aria-level=\"1\"><span style=\"font-weight: 400;\">Limitacions i oportunitats de la tecnologia aplicada a les rutes liter\u00e0ries. El cas de la ruta RuTIC sobre El Comte Arnau. Quer Aigud\u00e9, Pere (Universitat de Vic &#8211; Universitat Central de Catalunya)<\/span><\/li>\n<\/ol>\n<p>[\/et_pb_accordion_item][et_pb_accordion_item title=\u00bbSimposio: Did\u00e1ctica del acompa\u00f1amiento tutorial en la investigaci\u00f3n universitaria latinoamericana: transitar del infierno a la academia, desde la calidez. Salas Aular, Franklin (ACVENISPROH Internacional) (Coord.)\u00bb _builder_version=\u00bb4.14.6&#8243; _module_preset=\u00bbdefault\u00bb global_colors_info=\u00bb{}\u00bb open=\u00bboff\u00bb]<\/p>\n<ol>\n<li style=\"font-weight: 400;\" aria-level=\"1\"><span style=\"font-weight: 400;\">Actores y din\u00e1micas del acompa\u00f1amiento tutorial en la construcci\u00f3n de conocimiento. Guanilo Pareces, Carlos Enrique (Universidad Aut\u00f3noma de Ica, Per\u00fa)<\/span><\/li>\n<li style=\"font-weight: 400;\" aria-level=\"1\"><span style=\"font-weight: 400;\">Enfoque metodol\u00f3gico para el estudio comparativo de creencias en la relaci\u00f3n tutor-tutorado: Reflexiones desde la universidad latinoamericana. Gunilo Pareja, Carla Giulina (Universidad Femenina del Sagrado Coraz\u00f3n, Per\u00fa)<\/span><\/li>\n<li style=\"font-weight: 400;\" aria-level=\"1\"><span style=\"font-weight: 400;\">Fundamentos te\u00f3ricos del acompa\u00f1amiento tutorial en la elaboraci\u00f3n de tesis y trabajos finales: Perspectivas para la culminaci\u00f3n del grado universitario. Pareja Pera, Lidia Ysabel (Universidad Femenina del Sagrado Coraz\u00f3n, Per\u00fa)<\/span><\/li>\n<li style=\"font-weight: 400;\" aria-level=\"1\"><span style=\"font-weight: 400;\">Creencias y contextos epist\u00e9micos en el acompa\u00f1amiento tutorial universitario: hallazgos preliminares y perspectivas emergentes. Salas Aular, Franklin (ACVENISPROH Internacional)\u00a0<\/span><\/li>\n<\/ol>\n<p>[\/et_pb_accordion_item][\/et_pb_accordion][\/et_pb_column][\/et_pb_row][\/et_pb_section]<\/p>\n","protected":false},"excerpt":{"rendered":"<p>D\u00cdA 27 DE NOVIEMBRE: &#8211; Desde las 9:00 hs. (CET) inicio del Congreso (virtual) Visita, navegaci\u00f3n por las respectivas Salas para la visualizaci\u00f3n de las aportaciones y participaci\u00f3n en los foros. &#8211; De 10:00 hs. a 10:30 hs. Sesi\u00f3n inaugural (presencial y por videostreaming) Profa. Dra. Maribel Beltr\u00e1n Rico, Directora del Secretariado de Estructuras para [&hellip;]<\/p>\n","protected":false},"author":1,"featured_media":0,"parent":0,"menu_order":0,"comment_status":"closed","ping_status":"closed","template":"","meta":{"_et_pb_use_builder":"on","_et_pb_old_content":"","_et_gb_content_width":"","_mc_calendar":[],"footnotes":""},"_links":{"self":[{"href":"https:\/\/icon.kiobus.org\/huma\/edicion2024\/wp-json\/wp\/v2\/pages\/912"}],"collection":[{"href":"https:\/\/icon.kiobus.org\/huma\/edicion2024\/wp-json\/wp\/v2\/pages"}],"about":[{"href":"https:\/\/icon.kiobus.org\/huma\/edicion2024\/wp-json\/wp\/v2\/types\/page"}],"author":[{"embeddable":true,"href":"https:\/\/icon.kiobus.org\/huma\/edicion2024\/wp-json\/wp\/v2\/users\/1"}],"replies":[{"embeddable":true,"href":"https:\/\/icon.kiobus.org\/huma\/edicion2024\/wp-json\/wp\/v2\/comments?post=912"}],"version-history":[{"count":235,"href":"https:\/\/icon.kiobus.org\/huma\/edicion2024\/wp-json\/wp\/v2\/pages\/912\/revisions"}],"predecessor-version":[{"id":7927,"href":"https:\/\/icon.kiobus.org\/huma\/edicion2024\/wp-json\/wp\/v2\/pages\/912\/revisions\/7927"}],"wp:attachment":[{"href":"https:\/\/icon.kiobus.org\/huma\/edicion2024\/wp-json\/wp\/v2\/media?parent=912"}],"curies":[{"name":"wp","href":"https:\/\/api.w.org\/{rel}","templated":true}]}}